{"id":173832,"date":"2026-01-21T04:40:16","date_gmt":"2026-01-21T04:40:16","guid":{"rendered":"https:\/\/e-framer.ch\/produkt\/ealpin-pro\/"},"modified":"2026-04-27T14:35:20","modified_gmt":"2026-04-27T14:35:20","slug":"ealpin-pro","status":"publish","type":"product","link":"https:\/\/e-framer.ch\/fr\/produkt\/ealpin-pro\/","title":{"rendered":"eAlpin Pro"},"content":{"rendered":"<div class=\"wpb-content-wrapper\"><p>[vc_row row_height_percent=\u00a0\u00bb0&Prime; override_padding=\u00a0\u00bbyes\u00a0\u00bb h_padding=\u00a0\u00bb2&Prime; top_padding=\u00a0\u00bb4&Prime; bottom_padding=\u00a0\u00bb4&Prime; overlay_alpha=\u00a0\u00bb50&Prime; gutter_size=\u00a0\u00bb3&Prime; column_width_percent=\u00a0\u00bb100&Prime; shift_y=\u00a0\u00bb0&Prime; z_index=\u00a0\u00bb0&Prime; bottom_divider=\u00a0\u00bbstep\u00a0\u00bb content_parallax=\u00a0\u00bb0&Prime; uncode_shortcode_id=\u00a0\u00bb484859&Prime;][vc_column column_width_percent=\u00a0\u00bb100&Prime; gutter_size=\u00a0\u00bb3&Prime; overlay_alpha=\u00a0\u00bb50&Prime; shift_x=\u00a0\u00bb0&Prime; shift_y=\u00a0\u00bb0&Prime; shift_y_down=\u00a0\u00bb0&Prime; z_index=\u00a0\u00bb0&Prime; medium_width=\u00a0\u00bb0&Prime; mobile_width=\u00a0\u00bb0&Prime; width=\u00a0\u00bb1\/1&Prime; uncode_shortcode_id=\u00a0\u00bb707588&Prime;][vc_custom_heading css_animation=\u00a0\u00bbperspective\u00a0\u00bb animation_speed=\u00a0\u00bb1000&Prime; uncode_shortcode_id=\u00a0\u00bb110582&Prime;]Tu cherches une puissance maximale pour les trails exigeants, les longues mont\u00e9es et les longues \u00e9tapes d&rsquo;une journ\u00e9e ? Alors le PRO est le bon choix. Le cadre en carbone, \u00e0 la fois l\u00e9ger et extr\u00eamement rigide, assure une maniabilit\u00e9 pr\u00e9cise et une transmission efficace de la puissance \u2013 en mont\u00e9e comme en descente.[\/vc_custom_heading][vc_row_inner row_inner_height_percent=\u00a0\u00bb0&Prime; overlay_alpha=\u00a0\u00bb50&Prime; gutter_size=\u00a0\u00bb4&Prime; shift_y=\u00a0\u00bb0&Prime; z_index=\u00a0\u00bb0&Prime; uncode_shortcode_id=\u00a0\u00bb259047&Prime; limit_content=\u00a0\u00bb\u00a0\u00bb][vc_column_inner column_width_percent=\u00a0\u00bb100&Prime; gutter_size=\u00a0\u00bb3&Prime; overlay_alpha=\u00a0\u00bb50&Prime; shift_x=\u00a0\u00bb0&Prime; shift_y=\u00a0\u00bb0&Prime; shift_y_down=\u00a0\u00bb0&Prime; z_index=\u00a0\u00bb0&Prime; medium_width=\u00a0\u00bb4&Prime; mobile_width=\u00a0\u00bb0&Prime; width=\u00a0\u00bb1\/2&Prime; uncode_shortcode_id=\u00a0\u00bb186179&Prime;][vc_column_text css_animation=\u00a0\u00bbbottom-t-top\u00a0\u00bb uncode_shortcode_id=\u00a0\u00bb263621&Prime;]La suspension int\u00e9grale finement r\u00e9gl\u00e9e permet \u00e0 ton v\u00e9lo de rester calme et contr\u00f4l\u00e9 \u00e0 tout moment, m\u00eame sur des terrains techniques ou \u00e0 des vitesses \u00e9lev\u00e9es. Des composants de haute qualit\u00e9 garantissent une performance fiable, un changement de vitesse pr\u00e9cis et un freinage puissant \u2013 m\u00eame dans les conditions les plus difficiles.[\/vc_column_text][\/vc_column_inner][vc_column_inner column_width_percent=\u00a0\u00bb100&Prime; gutter_size=\u00a0\u00bb3&Prime; overlay_alpha=\u00a0\u00bb50&Prime; shift_x=\u00a0\u00bb0&Prime; shift_y=\u00a0\u00bb0&Prime; shift_y_down=\u00a0\u00bb0&Prime; z_index=\u00a0\u00bb0&Prime; medium_width=\u00a0\u00bb4&Prime; mobile_width=\u00a0\u00bb0&Prime; width=\u00a0\u00bb1\/2&Prime; uncode_shortcode_id=\u00a0\u00bb190347&Prime;][vc_column_text css_animation=\u00a0\u00bbbottom-t-top\u00a0\u00bb uncode_shortcode_id=\u00a0\u00bb190363&Prime;]Le puissant moteur Bosch te soutient souverainement dans toutes les pentes, tandis que la g\u00e9n\u00e9reuse batterie de 800 Wh offre suffisamment de r\u00e9serves pour les longues randonn\u00e9es, les nombreux m\u00e8tres de d\u00e9nivel\u00e9 et les boucles suppl\u00e9mentaires spontan\u00e9es. Qu&rsquo;il soit raide, rugueux ou lointain : ce Fully eMTB est pr\u00eat.[\/vc_column_text][\/vc_column_inner][\/vc_row_inner][vc_empty_space][vc_row_inner row_inner_height_percent=\u00a0\u00bb0&Prime; overlay_alpha=\u00a0\u00bb50&Prime; gutter_size=\u00a0\u00bb3&Prime; shift_y=\u00a0\u00bb0&Prime; z_index=\u00a0\u00bb0&Prime; limit_content=\u00a0\u00bb\u00a0\u00bb uncode_shortcode_id=\u00a0\u00bb117169&Prime;][vc_column_inner column_width_percent=\u00a0\u00bb100&Prime; align_horizontal=\u00a0\u00bbalign_center\u00a0\u00bb gutter_size=\u00a0\u00bb3&Prime; overlay_alpha=\u00a0\u00bb50&Prime; shift_x=\u00a0\u00bb0&Prime; shift_y=\u00a0\u00bb0&Prime; shift_y_down=\u00a0\u00bb0&Prime; z_index=\u00a0\u00bb0&Prime; medium_width=\u00a0\u00bb0&Prime; mobile_width=\u00a0\u00bb0&Prime; width=\u00a0\u00bb1\/1&Prime; uncode_shortcode_id=\u00a0\u00bb705345&Prime;][vc_custom_heading heading_semantic=\u00a0\u00bbh4&Prime; text_size=\u00a0\u00bbh4&Prime; css_animation=\u00a0\u00bbbottom-t-top\u00a0\u00bb uncode_shortcode_id=\u00a0\u00bb160613&Prime;]Pour tous ceux qui ne veulent pas faire de compromis \u2013 ni sur le mat\u00e9riel, ni sur l&rsquo;autonomie, ni sur le plaisir de conduire.[\/vc_custom_heading][\/vc_column_inner][\/vc_row_inner][vc_empty_space][vc_row_inner row_inner_height_percent=\u00a0\u00bb0&Prime; overlay_alpha=\u00a0\u00bb50&Prime; gutter_size=\u00a0\u00bb3&Prime; shift_y=\u00a0\u00bb0&Prime; z_index=\u00a0\u00bb0&Prime; limit_content=\u00a0\u00bb\u00a0\u00bb uncode_shortcode_id=\u00a0\u00bb117169&Prime;][vc_column_inner width=\u00a0\u00bb1\/6&Prime;][vc_icon icon_image=\u00a0\u00bb176853&Prime; media_size=\u00a0\u00bb100&Prime; heading_semantic=\u00a0\u00bbh4&Prime; text_size=\u00a0\u00bbh4&Prime; uncode_shortcode_id=\u00a0\u00bb311323&Prime; title=\u00a0\u00bbUn eMTB pour le tout-terrain par monts et par vaux\u00a0\u00bb][\/vc_icon][vc_progress_bar values=\u00a0\u00bb%5B%7B%22label%22%3A%22Rue%22%2C%22value%22%3A%2270%22%2C%22bar_color_type%22%3A%22uncode-palette%22%2C%22bar_color%22%3A%22color-jevc%22%2C%22bar_color_solid%22%3A%22%23ff0000%22%2C%22back_color_type%22%3A%22uncode-palette%22%2C%22back_color_solid%22%3A%22%23ff0000%22%7D%2C%7B%22label%22%3A%22Sentiers%20en%20for%5Cu00eat%20%26amp%3B%20en%20gravier%22%2C%22value%22%3A%22100%22%2C%22bar_color_type%22%3A%22uncode-palette%22%2C%22bar_color%22%3A%22color-jevc%22%2C%22bar_color_solid%22%3A%22%23ff0000%22%2C%22back_color_type%22%3A%22uncode-palette%22%2C%22back_color_solid%22%3A%22%23ff0000%22%7D%2C%7B%22label%22%3A%22Pistes%5C%2Fterrain%22%2C%22value%22%3A%22100%22%2C%22bar_color_type%22%3A%22uncode-palette%22%2C%22bar_color%22%3A%22color-jevc%22%2C%22bar_color_solid%22%3A%22%23ff0000%22%2C%22back_color_type%22%3A%22uncode-palette%22%2C%22back_color_solid%22%3A%22%23ff0000%22%7D%5D\u00a0\u00bb][\/vc_column_inner][vc_column_inner column_width_percent=\u00a0\u00bb100&Prime; gutter_size=\u00a0\u00bb3&Prime; overlay_alpha=\u00a0\u00bb50&Prime; shift_x=\u00a0\u00bb0&Prime; shift_y=\u00a0\u00bb0&Prime; shift_y_down=\u00a0\u00bb0&Prime; z_index=\u00a0\u00bb0&Prime; medium_width=\u00a0\u00bb0&Prime; mobile_width=\u00a0\u00bb0&Prime; width=\u00a0\u00bb1\/6&Prime; uncode_shortcode_id=\u00a0\u00bb545052&Prime;][vc_icon icon_image=\u00a0\u00bb176829&Prime; media_size=\u00a0\u00bb100&Prime; heading_semantic=\u00a0\u00bbh4&Prime; text_size=\u00a0\u00bbh4&Prime; uncode_shortcode_id=\u00a0\u00bb219249&Prime; title=\u00a0\u00bbJusqu&#039;\u00e0 plus de 200km de port\u00e9e\u00a0\u00bb]Selon le niveau d&rsquo;assistance, le profil de la route, etc., tu peux parcourir plus de 200 km avec une charge. <a href=\"https:\/\/www.bosch-ebike.com\/ch\/service\/reichweiten-assistent\" target=\"_blank\" rel=\"noopener\">Calcule ici ton autonomie.<\/a>[\/vc_icon][\/vc_column_inner][vc_column_inner width=\u00a0\u00bb1\/6&Prime;][vc_icon icon_image=\u00a0\u00bb176833&Prime; media_size=\u00a0\u00bb100&Prime; heading_semantic=\u00a0\u00bbh4&Prime; text_size=\u00a0\u00bbh4&Prime; uncode_shortcode_id=\u00a0\u00bb502453&Prime; title=\u00a0\u00bbMoteur Bosch le plus puissant\u00a0\u00bb]Tu peux mettre ton moteur \u00e0 niveau jusqu&rsquo;\u00e0 100Nm maximum via l&rsquo;application Bosch. Cela te permet de quadrupler ta force de p\u00e9dalage en guise d&rsquo;assistance.[\/vc_icon][\/vc_column_inner][vc_column_inner width=\u00a0\u00bb1\/6&Prime;][vc_icon icon_image=\u00a0\u00bb176825&Prime; media_size=\u00a0\u00bb100&Prime; heading_semantic=\u00a0\u00bbh4&Prime; text_size=\u00a0\u00bbh4&Prime; uncode_shortcode_id=\u00a0\u00bb161415&Prime; title=\u00a0\u00bbDouble la vitesse de chargement\u00a0\u00bb]Chez eFRAMER, le chargeur rapide est fourni en standard. Ainsi, ton temps de chargement est r\u00e9duit de moiti\u00e9.[\/vc_icon][\/vc_column_inner][vc_column_inner width=\u00a0\u00bb1\/6&Prime;][vc_icon icon_image=\u00a0\u00bb176841&Prime; media_size=\u00a0\u00bb100&Prime; heading_semantic=\u00a0\u00bbh4&Prime; text_size=\u00a0\u00bbh4&Prime; uncode_shortcode_id=\u00a0\u00bb471383&Prime; title=\u00a0\u00bbL&#039;application multifonctionnelle\u00a0\u00bb]T\u00e9l\u00e9charge l&rsquo;application gratuite eBike Flow de Bosch et utilise tout le potentiel de ton v\u00e9lo \u00e9lectrique<a href=\"https:\/\/www.bosch-ebike.com\/ch\/produkte\/ebike-flow-app\">(plus d&rsquo;infos<\/a>).[\/vc_icon][\/vc_column_inner][vc_column_inner width=\u00a0\u00bb1\/6&Prime;][vc_icon icon_image=\u00a0\u00bb176865&Prime; media_size=\u00a0\u00bb100&Prime; heading_semantic=\u00a0\u00bbh4&Prime; text_size=\u00a0\u00bbh4&Prime; uncode_shortcode_id=\u00a0\u00bb145357&Prime; title=\u00a0\u00bbPersonnalise ton e-bike\u00a0\u00bb]Commande les accessoires correspondants en m\u00eame temps et transforme ton e-bike en ton eFRAMER.[\/vc_icon][\/vc_column_inner][\/vc_row_inner][\/vc_column][\/vc_row][vc_row unlock_row_content=\u00a0\u00bbyes\u00a0\u00bb row_height_percent=\u00a0\u00bb0&Prime; override_padding=\u00a0\u00bbyes\u00a0\u00bb h_padding=\u00a0\u00bb7&Prime; top_padding=\u00a0\u00bb0&Prime; bottom_padding=\u00a0\u00bb0&Prime; overlay_alpha=\u00a0\u00bb100&Prime; gutter_size=\u00a0\u00bb100&Prime; column_width_percent=\u00a0\u00bb100&Prime; shift_y=\u00a0\u00bb0&Prime; z_index=\u00a0\u00bb0&Prime; top_divider=\u00a0\u00bbgradient\u00a0\u00bb content_parallax=\u00a0\u00bb0&Prime; style=\u00a0\u00bbinherited\u00a0\u00bb uncode_shortcode_id=\u00a0\u00bb559174&Prime;][vc_column column_width_percent=\u00a0\u00bb100&Prime; align_horizontal=\u00a0\u00bbalign_center\u00a0\u00bb gutter_size=\u00a0\u00bb3&Prime; overlay_alpha=\u00a0\u00bb50&Prime; shift_x=\u00a0\u00bb0&Prime; shift_y=\u00a0\u00bb0&Prime; shift_y_down=\u00a0\u00bb0&Prime; z_index=\u00a0\u00bb0&Prime; medium_width=\u00a0\u00bb0&Prime; mobile_width=\u00a0\u00bb0&Prime; css_animation=\u00a0\u00bbzoom-in\u00a0\u00bb zoom_width=\u00a0\u00bb0&Prime; zoom_height=\u00a0\u00bb0&Prime; width=\u00a0\u00bb1\/1&Prime; uncode_shortcode_id=\u00a0\u00bb121177&Prime;][vc_gallery el_id=\u00a0\u00bbgallery-958453445&Prime; type=\u00a0\u00bbcarousel\u00a0\u00bb random=\u00a0\u00bbyes\u00a0\u00bb medias=\u00a0\u00bb173833,173835,173834,173840,173836,173838,173837,173839,173841&Prime; carousel_lg=\u00a0\u00bb3&Prime; carousel_md=\u00a0\u00bb2&Prime; carousel_sm=\u00a0\u00bb1&Prime; thumb_size=\u00a0\u00bbone-one\u00a0\u00bb gutter_size=\u00a0\u00bb3&Prime; media_items=\u00a0\u00bbmedia,icon\u00a0\u00bb carousel_interval=\u00a0\u00bb5000&Prime; carousel_navspeed=\u00a0\u00bb400&Prime; carousel_loop=\u00a0\u00bbyes\u00a0\u00bb carousel_overflow=\u00a0\u00bbyes\u00a0\u00bb carousel_dots=\u00a0\u00bbyes\u00a0\u00bb carousel_dots_mobile=\u00a0\u00bbyes\u00a0\u00bb stage_padding=\u00a0\u00bb0&Prime; single_overlay_opacity=\u00a0\u00bb50&Prime; single_overlay_anim=\u00a0\u00bbno\u00a0\u00bb single_text_anim=\u00a0\u00bbno\u00a0\u00bb single_h_align=\u00a0\u00bbcenter\u00a0\u00bb single_padding=\u00a0\u00bb2&Prime; single_border=\u00a0\u00bbyes\u00a0\u00bb lbox_caption=\u00a0\u00bbyes\u00a0\u00bb no_double_tap=\u00a0\u00bbyes\u00a0\u00bb carousel_rtl=\u00a0\u00bb\u00a0\u00bb single_title_uppercase=\u00a0\u00bb\u00a0\u00bb single_title_bold=\u00a0\u00bb\u00a0\u00bb single_title_serif=\u00a0\u00bb\u00a0\u00bb onclick=\u00a0\u00bblink_image\u00a0\u00bb custom_links_target=\u00a0\u00bb_self\u00a0\u00bb items=\u00a0\u00bbeyI4ODY4X2kiOnsic2luZ2xlX3dpZHRoIjoiNCIsInNpbmdsZV9oZWlnaHQiOiI0In0sIjg4NjJfaSI6eyJzaW5nbGVfd2lkdGgiOiI0Iiwic2luZ2xlX2hlaWdodCI6IjQifSwiODg2MF9pIjp7InNpbmdsZV93aWR0aCI6IjQifX0=\u00a0\u00bb single_half_padding=\u00a0\u00bb\u00a0\u00bb single_no_background=\u00a0\u00bb\u00a0\u00bb uncode_shortcode_id=\u00a0\u00bb110875&Prime;][\/vc_column][\/vc_row][vc_row row_height_percent=\u00a0\u00bb0&Prime; override_padding=\u00a0\u00bbyes\u00a0\u00bb h_padding=\u00a0\u00bb2&Prime; top_padding=\u00a0\u00bb4&Prime; bottom_padding=\u00a0\u00bb0&Prime; overlay_alpha=\u00a0\u00bb50&Prime; gutter_size=\u00a0\u00bb3&Prime; column_width_percent=\u00a0\u00bb100&Prime; shift_y=\u00a0\u00bb0&Prime; z_index=\u00a0\u00bb0&Prime; content_parallax=\u00a0\u00bb0&Prime; uncode_shortcode_id=\u00a0\u00bb173268&Prime;][vc_column column_width_percent=\u00a0\u00bb100&Prime; align_horizontal=\u00a0\u00bbalign_center\u00a0\u00bb gutter_size=\u00a0\u00bb3&Prime; overlay_alpha=\u00a0\u00bb50&Prime; shift_x=\u00a0\u00bb0&Prime; shift_y=\u00a0\u00bb0&Prime; shift_y_down=\u00a0\u00bb0&Prime; z_index=\u00a0\u00bb0&Prime; medium_width=\u00a0\u00bb0&Prime; mobile_width=\u00a0\u00bb0&Prime; width=\u00a0\u00bb1\/1&Prime; uncode_shortcode_id=\u00a0\u00bb159441&Prime;][vc_custom_heading css_animation=\u00a0\u00bbperspective\u00a0\u00bb animation_speed=\u00a0\u00bb1000&Prime; uncode_shortcode_id=\u00a0\u00bb685027&Prime;]Services tout compris[\/vc_custom_heading][uncode_block id=\u00a0\u00bb171806&Prime;][\/vc_column][\/vc_row][vc_row row_height_percent=\u00a0\u00bb0&Prime; override_padding=\u00a0\u00bbyes\u00a0\u00bb h_padding=\u00a0\u00bb2&Prime; top_padding=\u00a0\u00bb4&Prime; bottom_padding=\u00a0\u00bb0&Prime; overlay_alpha=\u00a0\u00bb50&Prime; gutter_size=\u00a0\u00bb3&Prime; column_width_percent=\u00a0\u00bb100&Prime; shift_y=\u00a0\u00bb0&Prime; z_index=\u00a0\u00bb0&Prime; content_parallax=\u00a0\u00bb0&Prime; uncode_shortcode_id=\u00a0\u00bb778058&Prime;][vc_column column_width_percent=\u00a0\u00bb100&Prime; align_horizontal=\u00a0\u00bbalign_center\u00a0\u00bb gutter_size=\u00a0\u00bb3&Prime; overlay_alpha=\u00a0\u00bb50&Prime; shift_x=\u00a0\u00bb0&Prime; shift_y=\u00a0\u00bb0&Prime; shift_y_down=\u00a0\u00bb0&Prime; z_index=\u00a0\u00bb0&Prime; medium_width=\u00a0\u00bb0&Prime; mobile_width=\u00a0\u00bb0&Prime; width=\u00a0\u00bb1\/1&Prime; uncode_shortcode_id=\u00a0\u00bb823993&Prime;][vc_custom_heading separator=\u00a0\u00bbyes\u00a0\u00bb sub_lead=\u00a0\u00bbyes\u00a0\u00bb css_animation=\u00a0\u00bbperspective\u00a0\u00bb animation_speed=\u00a0\u00bb1000&Prime; uncode_shortcode_id=\u00a0\u00bb135160&Prime; subheading=\u00a0\u00bbDans des cas exceptionnels, un composant install\u00e9 peut s&apos;\u00e9carter de la sp\u00e9cification et \u00eatre remplac\u00e9 de mani\u00e8re \u00e9quivalente.\u00a0\u00bb]Sp\u00e9cifications[\/vc_custom_heading][\/vc_column][\/vc_row][vc_row row_height_percent=\u00a0\u00bb0&Prime; override_padding=\u00a0\u00bbyes\u00a0\u00bb h_padding=\u00a0\u00bb2&Prime; top_padding=\u00a0\u00bb3&Prime; bottom_padding=\u00a0\u00bb4&Prime; overlay_alpha=\u00a0\u00bb50&Prime; gutter_size=\u00a0\u00bb4&Prime; column_width_percent=\u00a0\u00bb100&Prime; shift_y=\u00a0\u00bb0&Prime; z_index=\u00a0\u00bb0&Prime; top_divider=\u00a0\u00bbgradient\u00a0\u00bb content_parallax=\u00a0\u00bb0&Prime; uncode_shortcode_id=\u00a0\u00bb188138&Prime;][vc_column column_width_percent=\u00a0\u00bb100&Prime; gutter_size=\u00a0\u00bb2&Prime; overlay_alpha=\u00a0\u00bb50&Prime; shift_x=\u00a0\u00bb0&Prime; shift_y=\u00a0\u00bb0&Prime; shift_y_down=\u00a0\u00bb0&Prime; z_index=\u00a0\u00bb0&Prime; medium_width=\u00a0\u00bb3&Prime; mobile_width=\u00a0\u00bb0&Prime; width=\u00a0\u00bb1\/6&Prime; uncode_shortcode_id=\u00a0\u00bb789106&Prime;][\/vc_column][vc_column column_width_percent=\u00a0\u00bb100&Prime; gutter_size=\u00a0\u00bb3&Prime; overlay_alpha=\u00a0\u00bb50&Prime; shift_x=\u00a0\u00bb0&Prime; shift_y=\u00a0\u00bb0&Prime; shift_y_down=\u00a0\u00bb0&Prime; z_index=\u00a0\u00bb0&Prime; medium_width=\u00a0\u00bb0&Prime; mobile_width=\u00a0\u00bb0&Prime; css_animation=\u00a0\u00bbbottom-t-top\u00a0\u00bb width=\u00a0\u00bb2\/3&Prime; uncode_shortcode_id=\u00a0\u00bb118137&Prime;][vc_accordion sign=\u00a0\u00bbplus\u00a0\u00bb sign_size=\u00a0\u00bbmd\u00a0\u00bb gutter_simple=\u00a0\u00bb0&Prime; uncode_shortcode_id=\u00a0\u00bb169135&Prime; active_tab=\u00a0\u00bb0&Prime;][vc_accordion_tab icon=\u00a0\u00bbfa fa-plug\u00a0\u00bb gutter_size=\u00a0\u00bb2&Prime; column_padding=\u00a0\u00bb2&Prime; title=\u00a0\u00bbEntra\u00eenement\u00a0\u00bb tab_id=\u00a0\u00bb1768974635-1-309&Prime;][vc_column_text uncode_shortcode_id=\u00a0\u00bb207785&Prime;]<\/p>\n<table class=\"table-wide\">\n<thead>\n<tr>\n<th>Moteur<\/th>\n<td>Bosch Performance Line CX 85Nm \u00e0 100Nm<\/td>\n<\/tr>\n<\/thead>\n<tbody>\n<tr>\n<th>Batterie<\/th>\n<td>Bosch 800Wh PowerTube<\/td>\n<\/tr>\n<tr>\n<th>\u00c9cran<\/th>\n<td>Unit\u00e9 de commande Bosch System LED Controller mont\u00e9e sur le guidon, avec \u00e9cran Bosch Purion 400, compatible avec l&rsquo;application eBike Flow<\/td>\n<\/tr>\n<tr>\n<th>Chargeur<\/th>\n<td>Chargeur rapide Bosch 4 Ah<\/td>\n<\/tr>\n<\/tbody>\n<\/table>\n<p>[\/vc_column_text][\/vc_accordion_tab][vc_accordion_tab icon=\u00a0\u00bbfa fa-bicycle\u00a0\u00bb gutter_size=\u00a0\u00bb2&Prime; column_padding=\u00a0\u00bb2&Prime; title=\u00a0\u00bbCadre\u00a0\u00bb tab_id=\u00a0\u00bb1768976657661-1-10&Prime;][vc_column_text uncode_shortcode_id=\u00a0\u00bb141522&Prime;]<\/p>\n<table class=\"table-wide\">\n<thead>\n<tr>\n<th>Cadre<\/th>\n<td>Cadre MTB Fully, batterie int\u00e9gr\u00e9e, routage interne avanc\u00e9 des c\u00e2bles, 100% carbone,<\/td>\n<\/tr>\n<\/thead>\n<tbody>\n<tr>\n<th>Couleurs<\/th>\n<td>Gris briquette semi-mat &amp; noir de s\u00e9curit\u00e9 brillant<\/td>\n<\/tr>\n<tr>\n<th>Tailles<\/th>\n<td>S=40cm \/ M=46cm \/ L=51cm<\/td>\n<\/tr>\n<\/tbody>\n<\/table>\n<p>[\/vc_column_text][\/vc_accordion_tab][vc_accordion_tab icon=\u00a0\u00bbfa fa-text-align-center\u00a0\u00bb gutter_size=\u00a0\u00bb2&Prime; column_padding=\u00a0\u00bb2&Prime; title=\u00a0\u00bbCh\u00e2ssis\u00a0\u00bb tab_id=\u00a0\u00bb1769148383577-2-9&Prime;][vc_column_text uncode_shortcode_id=\u00a0\u00bb131086&Prime;]<\/p>\n<table class=\"table-wide\">\n<thead>\n<tr>\n<th>Fourche<\/th>\n<td>Fourche \u00e0 suspension Rock Shox Psylo Gold RC Tapered, 15x110mm, d\u00e9battement 160mm<\/td>\n<\/tr>\n<\/thead>\n<tbody>\n<tr>\n<th>Amortisseur<\/th>\n<td>Amortisseur Rock Shox Deluxe Select+ 230&#215;62.5mm<\/td>\n<\/tr>\n<\/tbody>\n<\/table>\n<p>[\/vc_column_text][\/vc_accordion_tab][vc_accordion_tab icon=\u00a0\u00bbfa fa-sun-o\u00a0\u00bb gutter_size=\u00a0\u00bb2&Prime; column_padding=\u00a0\u00bb2&Prime; title=\u00a0\u00bbCircuit &amp; freins\u00a0\u00bb tab_id=\u00a0\u00bb1769148399192-3-5&Prime;][vc_column_text uncode_shortcode_id=\u00a0\u00bb460550&Prime;]<\/p>\n<table class=\"table-wide\">\n<thead>\n<tr>\n<th>Bo\u00eete \u00e0 vitesses<\/th>\n<td>Shimano XT 12 vitesses RD-M8100<\/td>\n<\/tr>\n<\/thead>\n<tbody>\n<tr>\n<th>Levier de vitesse<\/th>\n<td>Shimano XT 12 vitesses SL-M8100<\/td>\n<\/tr>\n<tr>\n<th>Cha\u00eene<\/th>\n<td>KMC e12 Turbo<\/td>\n<\/tr>\n<tr>\n<th>Cassette<\/th>\n<td>Shimano XT 12 vitesses CS-M8100 10-51<\/td>\n<\/tr>\n<tr>\n<th>Freins<\/th>\n<td>Shimano XT M8120 4 pistons<\/td>\n<\/tr>\n<tr>\n<th>Disques de frein<\/th>\n<td>Shimano SM-RT66 203\/180mm<\/td>\n<\/tr>\n<\/tbody>\n<\/table>\n<p>[\/vc_column_text][\/vc_accordion_tab][vc_accordion_tab icon=\u00a0\u00bbfa fa-circle-thin\u00a0\u00bb gutter_size=\u00a0\u00bb2&Prime; column_padding=\u00a0\u00bb2&Prime; title=\u00a0\u00bbRoues\u00a0\u00bb tab_id=\u00a0\u00bb1769148445408-4-0&Prime;][vc_column_text uncode_shortcode_id=\u00a0\u00bb212068&Prime;]<\/p>\n<table class=\"table-wide\">\n<thead>\n<tr>\n<th>Pneus<\/th>\n<td>Schwalbe 29&#215;2.40 Nobby Nic HS602<\/td>\n<\/tr>\n<\/thead>\n<\/table>\n<p>[\/vc_column_text][\/vc_accordion_tab][vc_accordion_tab icon=\u00a0\u00bbfa fa-lightbulb-o\u00a0\u00bb gutter_size=\u00a0\u00bb2&Prime; column_padding=\u00a0\u00bb2&Prime; title=\u00a0\u00bb\u00c9clairage\u00a0\u00bb tab_id=\u00a0\u00bb1769148445408-4-08&Prime;][vc_column_text uncode_shortcode_id=\u00a0\u00bb514669&Prime;]<\/p>\n<table class=\"table-wide\">\n<thead>\n<tr>\n<th>Lumi\u00e8re avant<\/th>\n<td>Le v\u00e9lo est \u00e9quip\u00e9 de mani\u00e8re standard sans lumi\u00e8re.<\/td>\n<\/tr>\n<\/thead>\n<tbody>\n<tr>\n<th>Lumi\u00e8re arri\u00e8re<\/th>\n<td>Lors de la commande, tu peux commander une lumi\u00e8re fixe, connect\u00e9e \u00e0 la batterie (voir accessoires).<\/td>\n<\/tr>\n<\/tbody>\n<\/table>\n<p>[\/vc_column_text][\/vc_accordion_tab][vc_accordion_tab icon=\u00a0\u00bbfa fa-shopping-basket\u00a0\u00bb gutter_size=\u00a0\u00bb2&Prime; column_padding=\u00a0\u00bb2&Prime; title=\u00a0\u00bb\u00c9quipement\u00a0\u00bb tab_id=\u00a0\u00bb1769148461174-5-9&Prime;][vc_column_text uncode_shortcode_id=\u00a0\u00bb133742&Prime;]<\/p>\n<table class=\"table-wide\">\n<thead>\n<tr>\n<th>Guidon<\/th>\n<td>Guidon 780mm 31,8mm Rise 20mm 8\u00b0<\/td>\n<\/tr>\n<\/thead>\n<tbody>\n<tr>\n<th>Potence au guidon<\/th>\n<td>Potence de guidon 50mm 6<\/td>\n<\/tr>\n<tr>\n<th>Poign\u00e9es<\/th>\n<td>Poign\u00e9es Velo VLG-975 135mm<\/td>\n<\/tr>\n<tr>\n<th>P\u00e9dales<\/th>\n<td>P\u00e9dales plates FP-203ZP<\/td>\n<\/tr>\n<tr>\n<th>Tige de selle<\/th>\n<td>Tige de selle abaissable Exa Form KSP900 Travel 125mm<\/td>\n<\/tr>\n<\/tbody>\n<\/table>\n<p>[\/vc_column_text][\/vc_accordion_tab][vc_accordion_tab icon=\u00a0\u00bbfa fa-tasks\u00a0\u00bb gutter_size=\u00a0\u00bb2&Prime; column_padding=\u00a0\u00bb2&Prime; title=\u00a0\u00bbMasse\u00a0\u00bb tab_id=\u00a0\u00bb1769148461174-5-93&Prime;][vc_column_text uncode_shortcode_id=\u00a0\u00bb590417&Prime;]<\/p>\n<table class=\"table-wide\">\n<thead>\n<tr>\n<th>Poids e-Bike<\/th>\n<td>23.7kg<\/td>\n<\/tr>\n<\/thead>\n<tbody>\n<tr>\n<th>Poids total autoris\u00e9<\/th>\n<td>120 kg<\/td>\n<\/tr>\n<\/tbody>\n<\/table>\n<p>[\/vc_column_text][\/vc_accordion_tab][vc_accordion_tab icon=\u00a0\u00bbfa fa-file-o\u00a0\u00bb gutter_size=\u00a0\u00bb2&Prime; column_padding=\u00a0\u00bb2&Prime; title=\u00a0\u00bbDocuments\u00a0\u00bb tab_id=\u00a0\u00bb1772123989784-8-10&Prime;][vc_button size=\u00a0\u00bbbtn-link\u00a0\u00bb link=\u00a0\u00bburl:https%3A%2F%2Fe-framer.ch%2Fwp-content%2Fuploads%2F2026%2F02%2FOchsner-Sport-DOC-Pro.pdf|target:_blank|\u00a0\u00bb icon=\u00a0\u00bbfa fa-file-pdf-o\u00a0\u00bb uncode_shortcode_id=\u00a0\u00bb147766&Prime;]D\u00e9claration de conformit\u00e9[\/vc_button][\/vc_accordion_tab][\/vc_accordion][\/vc_column][vc_column width=\u00a0\u00bb1\/6&Prime;][\/vc_column][\/vc_row][vc_row row_height_percent=\u00a0\u00bb0&Prime; override_padding=\u00a0\u00bbyes\u00a0\u00bb h_padding=\u00a0\u00bb2&Prime; top_padding=\u00a0\u00bb4&Prime; bottom_padding=\u00a0\u00bb0&Prime; overlay_alpha=\u00a0\u00bb50&Prime; gutter_size=\u00a0\u00bb3&Prime; column_width_percent=\u00a0\u00bb100&Prime; shift_y=\u00a0\u00bb0&Prime; z_index=\u00a0\u00bb0&Prime; medium_visibility=\u00a0\u00bbyes\u00a0\u00bb mobile_visibility=\u00a0\u00bbyes\u00a0\u00bb content_parallax=\u00a0\u00bb0&Prime; uncode_shortcode_id=\u00a0\u00bb122484&Prime;][vc_column column_width_percent=\u00a0\u00bb100&Prime; align_horizontal=\u00a0\u00bbalign_center\u00a0\u00bb gutter_size=\u00a0\u00bb3&Prime; overlay_alpha=\u00a0\u00bb50&Prime; shift_x=\u00a0\u00bb0&Prime; shift_y=\u00a0\u00bb0&Prime; shift_y_down=\u00a0\u00bb0&Prime; z_index=\u00a0\u00bb0&Prime; medium_width=\u00a0\u00bb0&Prime; mobile_width=\u00a0\u00bb0&Prime; width=\u00a0\u00bb1\/1&Prime; uncode_shortcode_id=\u00a0\u00bb823993&Prime;][vc_custom_heading separator=\u00a0\u00bbyes\u00a0\u00bb sub_lead=\u00a0\u00bbyes\u00a0\u00bb uncode_shortcode_id=\u00a0\u00bb193445&Prime; subheading=\u00a0\u00bbTu choisis tes accessoires directement lors de l&apos;achat. Tout ce que tu commandes est livr\u00e9 mont\u00e9 et pr\u00eat \u00e0 l&apos;emploi. \u00ab\u00a0]Accessoires adapt\u00e9s[\/vc_custom_heading][uncode_index el_id=\u00a0\u00bbindex-pro-654968464&Prime; index_type=\u00a0\u00bbcss_grid\u00a0\u00bb loop=\u00a0\u00bbsize:99|order_by:date|order:ASC|post_type:product|tax_query:169|taxonomy_count:10&Prime; auto_query=\u00a0\u00bbyes\u00a0\u00bb auto_query_type=\u00a0\u00bbrelated\u00a0\u00bb grid_items=\u00a0\u00bb5&Prime; screen_lg_items=\u00a0\u00bb6&Prime; screen_lg_breakpoint=\u00a0\u00bb1000&Prime; screen_md_items=\u00a0\u00bb3&Prime; screen_md_breakpoint=\u00a0\u00bb600&Prime; screen_sm_items=\u00a0\u00bb2&Prime; screen_sm_breakpoint=\u00a0\u00bb480&Prime; gutter_size=\u00a0\u00bb2&Prime; product_items=\u00a0\u00bbtitle|-,media|featured|nolink|original|hide-sale|enhanced-atc|inherit-w-atc|atc-typo-column|hide-atc,text|excerpt,price|default|-\u00a0\u00bb portfolio_items=\u00a0\u00bbtitle,media|featured|onpost|original\u00a0\u00bb single_overlay_opacity=\u00a0\u00bb50&Prime; single_overlay_anim=\u00a0\u00bbno\u00a0\u00bb single_text_anim=\u00a0\u00bbno\u00a0\u00bb single_image_anim=\u00a0\u00bbno\u00a0\u00bb single_secondary=\u00a0\u00bbyes\u00a0\u00bb single_h_align_mobile=\u00a0\u00bbleft\u00a0\u00bb single_padding=\u00a0\u00bb1&Prime; single_title_dimension=\u00a0\u00bbh4&Prime; single_text_lead=\u00a0\u00bbsmall\u00a0\u00bb single_border=\u00a0\u00bbyes\u00a0\u00bb single_css_animation=\u00a0\u00bbbottom-t-top\u00a0\u00bb no_double_tap=\u00a0\u00bbyes\u00a0\u00bb uncode_shortcode_id=\u00a0\u00bb672283&Prime;][\/vc_column][\/vc_row][vc_row row_height_percent=\u00a0\u00bb0&Prime; override_padding=\u00a0\u00bbyes\u00a0\u00bb h_padding=\u00a0\u00bb2&Prime; top_padding=\u00a0\u00bb4&Prime; bottom_padding=\u00a0\u00bb0&Prime; overlay_alpha=\u00a0\u00bb50&Prime; gutter_size=\u00a0\u00bb3&Prime; column_width_percent=\u00a0\u00bb100&Prime; shift_y=\u00a0\u00bb0&Prime; z_index=\u00a0\u00bb0&Prime; desktop_visibility=\u00a0\u00bbyes\u00a0\u00bb content_parallax=\u00a0\u00bb0&Prime; uncode_shortcode_id=\u00a0\u00bb160650&Prime;][vc_column column_width_percent=\u00a0\u00bb100&Prime; align_horizontal=\u00a0\u00bbalign_center\u00a0\u00bb gutter_size=\u00a0\u00bb3&Prime; overlay_alpha=\u00a0\u00bb50&Prime; shift_x=\u00a0\u00bb0&Prime; shift_y=\u00a0\u00bb0&Prime; shift_y_down=\u00a0\u00bb0&Prime; z_index=\u00a0\u00bb0&Prime; medium_width=\u00a0\u00bb0&Prime; mobile_width=\u00a0\u00bb0&Prime; width=\u00a0\u00bb1\/1&Prime; uncode_shortcode_id=\u00a0\u00bb823993&Prime;][vc_custom_heading separator=\u00a0\u00bbyes\u00a0\u00bb sub_lead=\u00a0\u00bbyes\u00a0\u00bb uncode_shortcode_id=\u00a0\u00bb193445&Prime; subheading=\u00a0\u00bbTu choisis tes accessoires directement lors de l&apos;achat. Tout ce que tu commandes est livr\u00e9 mont\u00e9 et pr\u00eat \u00e0 l&apos;emploi. \u00ab\u00a0]Accessoires adapt\u00e9s[\/vc_custom_heading][uncode_index el_id=\u00a0\u00bbindex-794770885&Prime; index_type=\u00a0\u00bbcarousel\u00a0\u00bb loop=\u00a0\u00bbsize:99|order_by:date|order:ASC|post_type:product|tax_query:169|taxonomy_count:10&Prime; auto_query=\u00a0\u00bbyes\u00a0\u00bb auto_query_type=\u00a0\u00bbrelated\u00a0\u00bb carousel_lg=\u00a0\u00bb6&Prime; carousel_md=\u00a0\u00bb4&Prime; carousel_sm=\u00a0\u00bb2&Prime; thumb_size=\u00a0\u00bbone-one\u00a0\u00bb gutter_size=\u00a0\u00bb2&Prime; product_items=\u00a0\u00bbtitle|-,media|featured|nolink|original|hide-sale|enhanced-atc|inherit-w-atc|atc-typo-column|hide-atc,price|default|-\u00a0\u00bb portfolio_items=\u00a0\u00bbtitle,media|featured|onpost|original\u00a0\u00bb carousel_height=\u00a0\u00bbequal\u00a0\u00bb carousel_autoh=\u00a0\u00bbyes\u00a0\u00bb carousel_interval=\u00a0\u00bb0&Prime; carousel_navspeed=\u00a0\u00bb400&Prime; carousel_nav=\u00a0\u00bbyes\u00a0\u00bb carousel_nav_mobile=\u00a0\u00bbyes\u00a0\u00bb carousel_dots=\u00a0\u00bbyes\u00a0\u00bb carousel_dots_mobile=\u00a0\u00bbyes\u00a0\u00bb stage_padding=\u00a0\u00bb0&Prime; single_overlay_opacity=\u00a0\u00bb50&Prime; single_overlay_anim=\u00a0\u00bbno\u00a0\u00bb single_text_anim=\u00a0\u00bbno\u00a0\u00bb single_image_anim=\u00a0\u00bbno\u00a0\u00bb single_secondary=\u00a0\u00bbyes\u00a0\u00bb single_h_align=\u00a0\u00bbcenter\u00a0\u00bb single_padding=\u00a0\u00bb1&Prime; single_title_dimension=\u00a0\u00bbh6&Prime; single_border=\u00a0\u00bbyes\u00a0\u00bb single_css_animation=\u00a0\u00bbbottom-t-top\u00a0\u00bb no_double_tap=\u00a0\u00bbyes\u00a0\u00bb uncode_shortcode_id=\u00a0\u00bb199295&Prime;][\/vc_column][\/vc_row]<\/p>\n<\/div>","protected":false},"excerpt":{"rendered":"<p>Le choix parfait pour les trails exigeants, les longues mont\u00e9es et les longues \u00e9tapes d&rsquo;une journ\u00e9e. Avec une puissance maximale, 100% carbone et les meilleurs composants. <\/p>\n<p><mark>Taille S &amp; L en rupture de stock<\/mark><\/p>\n<p><span style=\"color: #ffffff;\"><mark>Taille M disponible uniquement dans les magasins.  <a style=\"color: #ffffff;\" href=\"https:\/\/e-framer.ch\/fr\/2026\/04\/25\/premiers-modeles-epuises\/\"><u>Plus d\u2019infos<\/u><\/a><\/mark><\/span><\/p>\n","protected":false},"featured_media":173842,"template":"","meta":[],"product_brand":[],"product_cat":[409,449],"product_tag":[],"class_list":{"0":"post-173832","1":"product","2":"type-product","3":"status-publish","4":"has-post-thumbnail","6":"product_cat-accessoires-pro","7":"product_cat-pro","9":"first","10":"outofstock","11":"sale","12":"featured","13":"taxable","14":"shipping-taxable","15":"purchasable","16":"product-type-variable"},"yoast_head":"<!-- This site is optimized with the Yoast SEO Premium plugin v27.4 (Yoast SEO v27.4) - https:\/\/yoast.com\/product\/yoast-seo-premium-wordpress\/ -->\n<title>eAlpin Pro - eFRAMER \u2013 Premium Swiss e-Bikes &amp; Services<\/title>\n<meta name=\"robots\" content=\"index, follow, max-snippet:-1, max-image-preview:large, max-video-preview:-1\" \/>\n<link rel=\"canonical\" href=\"https:\/\/e-framer.ch\/fr\/produkt\/ealpin-pro\/\" \/>\n<meta property=\"og:locale\" content=\"fr_FR\" \/>\n<meta property=\"og:type\" content=\"article\" \/>\n<meta property=\"og:title\" content=\"eAlpin Pro\" \/>\n<meta property=\"og:description\" content=\"Le choix parfait pour les trails exigeants, les longues mont\u00e9es et les longues \u00e9tapes d&#039;une journ\u00e9e. Avec une puissance maximale, 100% carbone et les meilleurs composants.  Taille S &amp; L en rupture de stock Taille M disponible uniquement dans les magasins. Plus d\u2019infos\" \/>\n<meta property=\"og:url\" content=\"https:\/\/e-framer.ch\/fr\/produkt\/ealpin-pro\/\" \/>\n<meta property=\"og:site_name\" content=\"eFRAMER \u2013 Premium Swiss e-Bikes &amp; Services\" \/>\n<meta property=\"article:publisher\" content=\"https:\/\/www.facebook.com\/profile.php?id=100063641028577#\" \/>\n<meta property=\"article:modified_time\" content=\"2026-04-27T14:35:20+00:00\" \/>\n<meta property=\"og:image\" content=\"https:\/\/e-framer.ch\/wp-content\/uploads\/2025\/12\/00b-pro-scaled.png\" \/>\n\t<meta property=\"og:image:width\" content=\"2560\" \/>\n\t<meta property=\"og:image:height\" content=\"2022\" \/>\n\t<meta property=\"og:image:type\" content=\"image\/png\" \/>\n<meta name=\"twitter:card\" content=\"summary_large_image\" \/>\n<meta name=\"twitter:label1\" content=\"Disponibilit\u00e9\" \/>\n\t<meta name=\"twitter:data1\" content=\"Rupture de stock\" \/>\n<script type=\"application\/ld+json\" class=\"yoast-schema-graph\">{\"@context\":\"https:\\\/\\\/schema.org\",\"@graph\":[{\"@type\":\"WebPage\",\"@id\":\"https:\\\/\\\/e-framer.ch\\\/fr\\\/produkt\\\/ealpin-pro\\\/\",\"url\":\"https:\\\/\\\/e-framer.ch\\\/fr\\\/produkt\\\/ealpin-pro\\\/\",\"name\":\"eAlpin Pro - eFRAMER \u2013 Premium Swiss e-Bikes &amp; Services\",\"isPartOf\":{\"@id\":\"https:\\\/\\\/e-framer.ch\\\/fr\\\/#website\"},\"primaryImageOfPage\":{\"@id\":\"https:\\\/\\\/e-framer.ch\\\/fr\\\/produkt\\\/ealpin-pro\\\/#primaryimage\"},\"image\":{\"@id\":\"https:\\\/\\\/e-framer.ch\\\/fr\\\/produkt\\\/ealpin-pro\\\/#primaryimage\"},\"thumbnailUrl\":\"https:\\\/\\\/e-framer.ch\\\/wp-content\\\/uploads\\\/2025\\\/12\\\/00b-pro-scaled.png\",\"datePublished\":\"2026-01-21T04:40:16+00:00\",\"dateModified\":\"2026-04-27T14:35:20+00:00\",\"breadcrumb\":{\"@id\":\"https:\\\/\\\/e-framer.ch\\\/fr\\\/produkt\\\/ealpin-pro\\\/#breadcrumb\"},\"inLanguage\":\"fr-FR\",\"potentialAction\":[{\"@type\":\"ReadAction\",\"target\":[\"https:\\\/\\\/e-framer.ch\\\/fr\\\/produkt\\\/ealpin-pro\\\/\"]}]},{\"@type\":\"ImageObject\",\"inLanguage\":\"fr-FR\",\"@id\":\"https:\\\/\\\/e-framer.ch\\\/fr\\\/produkt\\\/ealpin-pro\\\/#primaryimage\",\"url\":\"https:\\\/\\\/e-framer.ch\\\/wp-content\\\/uploads\\\/2025\\\/12\\\/00b-pro-scaled.png\",\"contentUrl\":\"https:\\\/\\\/e-framer.ch\\\/wp-content\\\/uploads\\\/2025\\\/12\\\/00b-pro-scaled.png\",\"width\":2560,\"height\":2022},{\"@type\":\"BreadcrumbList\",\"@id\":\"https:\\\/\\\/e-framer.ch\\\/fr\\\/produkt\\\/ealpin-pro\\\/#breadcrumb\",\"itemListElement\":[{\"@type\":\"ListItem\",\"position\":1,\"name\":\"Start\",\"item\":\"https:\\\/\\\/e-framer.ch\\\/fr\\\/\"},{\"@type\":\"ListItem\",\"position\":2,\"name\":\"Nos mod\u00e8les &amp; les accessoires\",\"item\":\"https:\\\/\\\/e-framer.ch\\\/shop\\\/\"},{\"@type\":\"ListItem\",\"position\":3,\"name\":\"eAlpin Pro\"}]},{\"@type\":\"WebSite\",\"@id\":\"https:\\\/\\\/e-framer.ch\\\/fr\\\/#website\",\"url\":\"https:\\\/\\\/e-framer.ch\\\/fr\\\/\",\"name\":\"eFRAMER \u2013 Premium Swiss e-Bikes & Services\",\"description\":\"Die Schweizer e-Bike Marke mit hochwertigen e-Bikes und Premium-Services.\",\"publisher\":{\"@id\":\"https:\\\/\\\/e-framer.ch\\\/fr\\\/#organization\"},\"potentialAction\":[{\"@type\":\"SearchAction\",\"target\":{\"@type\":\"EntryPoint\",\"urlTemplate\":\"https:\\\/\\\/e-framer.ch\\\/fr\\\/?s={search_term_string}\"},\"query-input\":{\"@type\":\"PropertyValueSpecification\",\"valueRequired\":true,\"valueName\":\"search_term_string\"}}],\"inLanguage\":\"fr-FR\"},{\"@type\":\"Organization\",\"@id\":\"https:\\\/\\\/e-framer.ch\\\/fr\\\/#organization\",\"name\":\"eFRAMER \u2013 Premium Swiss e-Bikes & Services\",\"url\":\"https:\\\/\\\/e-framer.ch\\\/fr\\\/\",\"logo\":{\"@type\":\"ImageObject\",\"inLanguage\":\"fr-FR\",\"@id\":\"https:\\\/\\\/e-framer.ch\\\/fr\\\/#\\\/schema\\\/logo\\\/image\\\/\",\"url\":\"https:\\\/\\\/e-framer.ch\\\/wp-content\\\/uploads\\\/2026\\\/01\\\/eFRAMER_FIGURATIVE_POS.svg\",\"contentUrl\":\"https:\\\/\\\/e-framer.ch\\\/wp-content\\\/uploads\\\/2026\\\/01\\\/eFRAMER_FIGURATIVE_POS.svg\",\"width\":\"50\",\"height\":\"50\",\"caption\":\"eFRAMER \u2013 Premium Swiss e-Bikes & Services\"},\"image\":{\"@id\":\"https:\\\/\\\/e-framer.ch\\\/fr\\\/#\\\/schema\\\/logo\\\/image\\\/\"},\"sameAs\":[\"https:\\\/\\\/www.facebook.com\\\/profile.php?id=100063641028577#\",\"https:\\\/\\\/www.instagram.com\\\/e_framer.ch\\\/\",\"https:\\\/\\\/www.youtube.com\\\/@eframer\"]}]}<\/script>\n<meta property=\"og:availability\" content=\"out of stock\" \/>\n<meta property=\"product:availability\" content=\"out of stock\" \/>\n<meta property=\"product:retailer_item_id\" content=\"5706106\" \/>\n<meta property=\"product:condition\" content=\"new\" \/>\n<!-- \/ Yoast SEO Premium plugin. -->","yoast_head_json":{"title":"eAlpin Pro - eFRAMER \u2013 Premium Swiss e-Bikes &amp; Services","robots":{"index":"index","follow":"follow","max-snippet":"max-snippet:-1","max-image-preview":"max-image-preview:large","max-video-preview":"max-video-preview:-1"},"canonical":"https:\/\/e-framer.ch\/fr\/produkt\/ealpin-pro\/","og_locale":"fr_FR","og_type":"article","og_title":"eAlpin Pro","og_description":"Le choix parfait pour les trails exigeants, les longues mont\u00e9es et les longues \u00e9tapes d'une journ\u00e9e. Avec une puissance maximale, 100% carbone et les meilleurs composants.  Taille S &amp; L en rupture de stock Taille M disponible uniquement dans les magasins. Plus d\u2019infos","og_url":"https:\/\/e-framer.ch\/fr\/produkt\/ealpin-pro\/","og_site_name":"eFRAMER \u2013 Premium Swiss e-Bikes &amp; Services","article_publisher":"https:\/\/www.facebook.com\/profile.php?id=100063641028577#","article_modified_time":"2026-04-27T14:35:20+00:00","og_image":[{"width":2560,"height":2022,"url":"https:\/\/e-framer.ch\/wp-content\/uploads\/2025\/12\/00b-pro-scaled.png","type":"image\/png"}],"twitter_card":"summary_large_image","twitter_misc":{"Disponibilit\u00e9":"Rupture de stock"},"schema":{"@context":"https:\/\/schema.org","@graph":[{"@type":"WebPage","@id":"https:\/\/e-framer.ch\/fr\/produkt\/ealpin-pro\/","url":"https:\/\/e-framer.ch\/fr\/produkt\/ealpin-pro\/","name":"eAlpin Pro - eFRAMER \u2013 Premium Swiss e-Bikes &amp; Services","isPartOf":{"@id":"https:\/\/e-framer.ch\/fr\/#website"},"primaryImageOfPage":{"@id":"https:\/\/e-framer.ch\/fr\/produkt\/ealpin-pro\/#primaryimage"},"image":{"@id":"https:\/\/e-framer.ch\/fr\/produkt\/ealpin-pro\/#primaryimage"},"thumbnailUrl":"https:\/\/e-framer.ch\/wp-content\/uploads\/2025\/12\/00b-pro-scaled.png","datePublished":"2026-01-21T04:40:16+00:00","dateModified":"2026-04-27T14:35:20+00:00","breadcrumb":{"@id":"https:\/\/e-framer.ch\/fr\/produkt\/ealpin-pro\/#breadcrumb"},"inLanguage":"fr-FR","potentialAction":[{"@type":"ReadAction","target":["https:\/\/e-framer.ch\/fr\/produkt\/ealpin-pro\/"]}]},{"@type":"ImageObject","inLanguage":"fr-FR","@id":"https:\/\/e-framer.ch\/fr\/produkt\/ealpin-pro\/#primaryimage","url":"https:\/\/e-framer.ch\/wp-content\/uploads\/2025\/12\/00b-pro-scaled.png","contentUrl":"https:\/\/e-framer.ch\/wp-content\/uploads\/2025\/12\/00b-pro-scaled.png","width":2560,"height":2022},{"@type":"BreadcrumbList","@id":"https:\/\/e-framer.ch\/fr\/produkt\/ealpin-pro\/#breadcrumb","itemListElement":[{"@type":"ListItem","position":1,"name":"Start","item":"https:\/\/e-framer.ch\/fr\/"},{"@type":"ListItem","position":2,"name":"Nos mod\u00e8les &amp; les accessoires","item":"https:\/\/e-framer.ch\/shop\/"},{"@type":"ListItem","position":3,"name":"eAlpin Pro"}]},{"@type":"WebSite","@id":"https:\/\/e-framer.ch\/fr\/#website","url":"https:\/\/e-framer.ch\/fr\/","name":"eFRAMER \u2013 Premium Swiss e-Bikes & Services","description":"Die Schweizer e-Bike Marke mit hochwertigen e-Bikes und Premium-Services.","publisher":{"@id":"https:\/\/e-framer.ch\/fr\/#organization"},"potentialAction":[{"@type":"SearchAction","target":{"@type":"EntryPoint","urlTemplate":"https:\/\/e-framer.ch\/fr\/?s={search_term_string}"},"query-input":{"@type":"PropertyValueSpecification","valueRequired":true,"valueName":"search_term_string"}}],"inLanguage":"fr-FR"},{"@type":"Organization","@id":"https:\/\/e-framer.ch\/fr\/#organization","name":"eFRAMER \u2013 Premium Swiss e-Bikes & Services","url":"https:\/\/e-framer.ch\/fr\/","logo":{"@type":"ImageObject","inLanguage":"fr-FR","@id":"https:\/\/e-framer.ch\/fr\/#\/schema\/logo\/image\/","url":"https:\/\/e-framer.ch\/wp-content\/uploads\/2026\/01\/eFRAMER_FIGURATIVE_POS.svg","contentUrl":"https:\/\/e-framer.ch\/wp-content\/uploads\/2026\/01\/eFRAMER_FIGURATIVE_POS.svg","width":"50","height":"50","caption":"eFRAMER \u2013 Premium Swiss e-Bikes & Services"},"image":{"@id":"https:\/\/e-framer.ch\/fr\/#\/schema\/logo\/image\/"},"sameAs":["https:\/\/www.facebook.com\/profile.php?id=100063641028577#","https:\/\/www.instagram.com\/e_framer.ch\/","https:\/\/www.youtube.com\/@eframer"]}]},"og_availability":"out of stock","product_availability":"out of stock","product_retailer_item_id":"5706106","product_condition":"new"},"_links":{"self":[{"href":"https:\/\/e-framer.ch\/fr\/wp-json\/wp\/v2\/product\/173832","targetHints":{"allow":["GET"]}}],"collection":[{"href":"https:\/\/e-framer.ch\/fr\/wp-json\/wp\/v2\/product"}],"about":[{"href":"https:\/\/e-framer.ch\/fr\/wp-json\/wp\/v2\/types\/product"}],"wp:featuredmedia":[{"embeddable":true,"href":"https:\/\/e-framer.ch\/fr\/wp-json\/wp\/v2\/media\/173842"}],"wp:attachment":[{"href":"https:\/\/e-framer.ch\/fr\/wp-json\/wp\/v2\/media?parent=173832"}],"wp:term":[{"taxonomy":"product_brand","embeddable":true,"href":"https:\/\/e-framer.ch\/fr\/wp-json\/wp\/v2\/product_brand?post=173832"},{"taxonomy":"product_cat","embeddable":true,"href":"https:\/\/e-framer.ch\/fr\/wp-json\/wp\/v2\/product_cat?post=173832"},{"taxonomy":"product_tag","embeddable":true,"href":"https:\/\/e-framer.ch\/fr\/wp-json\/wp\/v2\/product_tag?post=173832"}],"curies":[{"name":"wp","href":"https:\/\/api.w.org\/{rel}","templated":true}]}}