{"id":173637,"date":"2026-01-28T02:34:17","date_gmt":"2026-01-28T02:34:17","guid":{"rendered":"https:\/\/e-framer.ch\/produkt\/eurban-tour\/"},"modified":"2026-04-25T22:22:30","modified_gmt":"2026-04-25T22:22:30","slug":"eurban-tour","status":"publish","type":"product","link":"https:\/\/e-framer.ch\/fr\/produkt\/eurban-tour\/","title":{"rendered":"eUrban Tour"},"content":{"rendered":"<div class=\"wpb-content-wrapper\"><p>[vc_row row_height_percent=\u00a0\u00bb0&Prime; override_padding=\u00a0\u00bbyes\u00a0\u00bb h_padding=\u00a0\u00bb2&Prime; top_padding=\u00a0\u00bb4&Prime; bottom_padding=\u00a0\u00bb4&Prime; overlay_alpha=\u00a0\u00bb50&Prime; gutter_size=\u00a0\u00bb3&Prime; column_width_percent=\u00a0\u00bb100&Prime; shift_y=\u00a0\u00bb0&Prime; z_index=\u00a0\u00bb0&Prime; bottom_divider=\u00a0\u00bbstep\u00a0\u00bb content_parallax=\u00a0\u00bb0&Prime; uncode_shortcode_id=\u00a0\u00bb484859&Prime;][vc_column column_width_percent=\u00a0\u00bb100&Prime; gutter_size=\u00a0\u00bb3&Prime; overlay_alpha=\u00a0\u00bb50&Prime; shift_x=\u00a0\u00bb0&Prime; shift_y=\u00a0\u00bb0&Prime; shift_y_down=\u00a0\u00bb0&Prime; z_index=\u00a0\u00bb0&Prime; medium_width=\u00a0\u00bb0&Prime; mobile_width=\u00a0\u00bb0&Prime; width=\u00a0\u00bb1\/1&Prime; uncode_shortcode_id=\u00a0\u00bb707588&Prime;][vc_custom_heading css_animation=\u00a0\u00bbperspective\u00a0\u00bb animation_speed=\u00a0\u00bb1000&Prime; uncode_shortcode_id=\u00a0\u00bb535156&Prime;]En plus des trajets quotidiens ou pour aller au travail, tu souhaites aussi faire des randonn\u00e9es sportives et lointaines avec ton e-bike ?<br \/>\nAlors le TOUR est le bon choix. Il combine les caract\u00e9ristiques sportives d&rsquo;un v\u00e9lo \u00e9lectrique de randonn\u00e9e avec un acc\u00e8s l\u00e9g\u00e8rement plus bas pour un confort suppl\u00e9mentaire au quotidien.[\/vc_custom_heading][vc_row_inner row_inner_height_percent=\u00a0\u00bb0&Prime; overlay_alpha=\u00a0\u00bb50&Prime; gutter_size=\u00a0\u00bb4&Prime; shift_y=\u00a0\u00bb0&Prime; z_index=\u00a0\u00bb0&Prime; uncode_shortcode_id=\u00a0\u00bb259047&Prime; limit_content=\u00a0\u00bb\u00a0\u00bb][vc_column_inner column_width_percent=\u00a0\u00bb100&Prime; gutter_size=\u00a0\u00bb3&Prime; overlay_alpha=\u00a0\u00bb50&Prime; shift_x=\u00a0\u00bb0&Prime; shift_y=\u00a0\u00bb0&Prime; shift_y_down=\u00a0\u00bb0&Prime; z_index=\u00a0\u00bb0&Prime; medium_width=\u00a0\u00bb4&Prime; mobile_width=\u00a0\u00bb0&Prime; width=\u00a0\u00bb1\/2&Prime; uncode_shortcode_id=\u00a0\u00bb186179&Prime;][vc_column_text css_animation=\u00a0\u00bbbottom-t-top\u00a0\u00bb uncode_shortcode_id=\u00a0\u00bb314778&Prime;]La position de conduite plut\u00f4t sportive avec un guidon droit donne une sensation de conduite directe et contr\u00f4l\u00e9e. Gr\u00e2ce \u00e0 un nombre de vitesses suffisant et des freins puissants, tu peux ma\u00eetriser les longues mont\u00e9es, les cols et les parcours rapides. L&rsquo;acc\u00e8s l\u00e9g\u00e8rement plus bas facilite la mont\u00e9e et la descente sans compromettre le caract\u00e8re sportif du v\u00e9lo.[\/vc_column_text][\/vc_column_inner][vc_column_inner column_width_percent=\u00a0\u00bb100&Prime; gutter_size=\u00a0\u00bb3&Prime; overlay_alpha=\u00a0\u00bb50&Prime; shift_x=\u00a0\u00bb0&Prime; shift_y=\u00a0\u00bb0&Prime; shift_y_down=\u00a0\u00bb0&Prime; z_index=\u00a0\u00bb0&Prime; medium_width=\u00a0\u00bb4&Prime; mobile_width=\u00a0\u00bb0&Prime; width=\u00a0\u00bb1\/2&Prime; uncode_shortcode_id=\u00a0\u00bb190347&Prime;][vc_column_text css_animation=\u00a0\u00bbbottom-t-top\u00a0\u00bb uncode_shortcode_id=\u00a0\u00bb154063&Prime;]La fourche suspendue et les pneus profil\u00e9s avec protection anti-crevaison int\u00e9gr\u00e9e garantissent confort et s\u00e9curit\u00e9 lors du passage entre les routes asphalt\u00e9es, les chemins de gravier et les sentiers forestiers. Le puissant moteur Bosch te soutient de mani\u00e8re fiable, tandis que la batterie de 800 Wh offre suffisamment d&rsquo;autonomie pour de longues randonn\u00e9es.[\/vc_column_text][\/vc_column_inner][\/vc_row_inner][vc_empty_space][vc_row_inner row_inner_height_percent=\u00a0\u00bb0&Prime; overlay_alpha=\u00a0\u00bb50&Prime; gutter_size=\u00a0\u00bb3&Prime; shift_y=\u00a0\u00bb0&Prime; z_index=\u00a0\u00bb0&Prime; limit_content=\u00a0\u00bb\u00a0\u00bb uncode_shortcode_id=\u00a0\u00bb117169&Prime;][vc_column_inner column_width_percent=\u00a0\u00bb100&Prime; align_horizontal=\u00a0\u00bbalign_center\u00a0\u00bb gutter_size=\u00a0\u00bb3&Prime; overlay_alpha=\u00a0\u00bb50&Prime; shift_x=\u00a0\u00bb0&Prime; shift_y=\u00a0\u00bb0&Prime; shift_y_down=\u00a0\u00bb0&Prime; z_index=\u00a0\u00bb0&Prime; medium_width=\u00a0\u00bb0&Prime; mobile_width=\u00a0\u00bb0&Prime; width=\u00a0\u00bb1\/1&Prime; uncode_shortcode_id=\u00a0\u00bb705345&Prime;][vc_custom_heading heading_semantic=\u00a0\u00bbh4&Prime; text_size=\u00a0\u00bbh4&Prime; css_animation=\u00a0\u00bbbottom-t-top\u00a0\u00bb uncode_shortcode_id=\u00a0\u00bb910476&Prime;]Un v\u00e9lo \u00e9lectrique de trekking pour tous ceux qui veulent combiner intelligemment sportivit\u00e9 et confort \u2013 polyvalent, adapt\u00e9 aux randonn\u00e9es et \u00e9prouv\u00e9 au quotidien.[\/vc_custom_heading][\/vc_column_inner][\/vc_row_inner][vc_empty_space][vc_row_inner row_inner_height_percent=\u00a0\u00bb0&Prime; overlay_alpha=\u00a0\u00bb50&Prime; gutter_size=\u00a0\u00bb3&Prime; shift_y=\u00a0\u00bb0&Prime; z_index=\u00a0\u00bb0&Prime; limit_content=\u00a0\u00bb\u00a0\u00bb uncode_shortcode_id=\u00a0\u00bb117169&Prime;][vc_column_inner width=\u00a0\u00bb1\/6&Prime;][vc_icon icon_image=\u00a0\u00bb176861&Prime; media_size=\u00a0\u00bb100&Prime; heading_semantic=\u00a0\u00bbh4&Prime; text_size=\u00a0\u00bbh4&Prime; uncode_shortcode_id=\u00a0\u00bb157588&Prime; title=\u00a0\u00bbUn v\u00e9lo de trekking \u00e9lectrique pour la route et les chemins de terre\u00a0\u00bb][\/vc_icon][vc_progress_bar values=\u00a0\u00bb%5B%7B%22label%22%3A%22Rue%22%2C%22value%22%3A%22100%22%2C%22bar_color_type%22%3A%22uncode-palette%22%2C%22bar_color%22%3A%22color-jevc%22%2C%22bar_color_solid%22%3A%22%23ff0000%22%2C%22back_color_type%22%3A%22uncode-palette%22%2C%22back_color_solid%22%3A%22%23ff0000%22%7D%2C%7B%22label%22%3A%22Sentiers%20en%20for%5Cu00eat%20%26amp%3B%20en%20gravier%22%2C%22value%22%3A%22100%22%2C%22bar_color_type%22%3A%22uncode-palette%22%2C%22bar_color%22%3A%22color-jevc%22%2C%22bar_color_solid%22%3A%22%23ff0000%22%2C%22back_color_type%22%3A%22uncode-palette%22%2C%22back_color_solid%22%3A%22%23ff0000%22%7D%2C%7B%22label%22%3A%22Pistes%5C%2Fterrain%22%2C%22value%22%3A%2230%22%2C%22bar_color_type%22%3A%22uncode-palette%22%2C%22bar_color%22%3A%22color-jevc%22%2C%22bar_color_solid%22%3A%22%23ff0000%22%2C%22back_color_type%22%3A%22uncode-palette%22%2C%22back_color_solid%22%3A%22%23ff0000%22%7D%5D\u00a0\u00bb][\/vc_column_inner][vc_column_inner column_width_percent=\u00a0\u00bb100&Prime; gutter_size=\u00a0\u00bb3&Prime; overlay_alpha=\u00a0\u00bb50&Prime; shift_x=\u00a0\u00bb0&Prime; shift_y=\u00a0\u00bb0&Prime; shift_y_down=\u00a0\u00bb0&Prime; z_index=\u00a0\u00bb0&Prime; medium_width=\u00a0\u00bb0&Prime; mobile_width=\u00a0\u00bb0&Prime; width=\u00a0\u00bb1\/6&Prime; uncode_shortcode_id=\u00a0\u00bb545052&Prime;][vc_icon icon_image=\u00a0\u00bb176829&Prime; media_size=\u00a0\u00bb100&Prime; heading_semantic=\u00a0\u00bbh4&Prime; text_size=\u00a0\u00bbh4&Prime; uncode_shortcode_id=\u00a0\u00bb219249&Prime; title=\u00a0\u00bbJusqu&#039;\u00e0 plus de 200km de port\u00e9e\u00a0\u00bb]Selon le niveau d&rsquo;assistance, le profil de la route, etc., tu peux parcourir plus de 200 km avec une charge. <a href=\"https:\/\/www.bosch-ebike.com\/ch\/service\/reichweiten-assistent\" target=\"_blank\" rel=\"noopener\">Calcule ici ton autonomie.<\/a>[\/vc_icon][\/vc_column_inner][vc_column_inner width=\u00a0\u00bb1\/6&Prime;][vc_icon icon_image=\u00a0\u00bb176833&Prime; media_size=\u00a0\u00bb100&Prime; heading_semantic=\u00a0\u00bbh4&Prime; text_size=\u00a0\u00bbh4&Prime; uncode_shortcode_id=\u00a0\u00bb162446&Prime; title=\u00a0\u00bbLe moteur le plus puissant de Bosch\u00a0\u00bb]Tu peux mettre ton moteur \u00e0 niveau jusqu&rsquo;\u00e0 100Nm maximum via l&rsquo;application Bosch. Cela te permet de quadrupler ta force de p\u00e9dalage en guise d&rsquo;assistance.[\/vc_icon][\/vc_column_inner][vc_column_inner width=\u00a0\u00bb1\/6&Prime;][vc_icon icon_image=\u00a0\u00bb176825&Prime; media_size=\u00a0\u00bb100&Prime; heading_semantic=\u00a0\u00bbh4&Prime; text_size=\u00a0\u00bbh4&Prime; uncode_shortcode_id=\u00a0\u00bb161415&Prime; title=\u00a0\u00bbDouble la vitesse de chargement\u00a0\u00bb]Chez eFRAMER, le chargeur rapide est fourni en standard. Ainsi, ton temps de chargement est r\u00e9duit de moiti\u00e9.[\/vc_icon][\/vc_column_inner][vc_column_inner width=\u00a0\u00bb1\/6&Prime;][vc_icon icon_image=\u00a0\u00bb176841&Prime; media_size=\u00a0\u00bb100&Prime; heading_semantic=\u00a0\u00bbh4&Prime; text_size=\u00a0\u00bbh4&Prime; uncode_shortcode_id=\u00a0\u00bb471383&Prime; title=\u00a0\u00bbL&#039;application multifonctionnelle\u00a0\u00bb]T\u00e9l\u00e9charge l&rsquo;application gratuite eBike Flow de Bosch et utilise tout le potentiel de ton v\u00e9lo \u00e9lectrique<a href=\"https:\/\/www.bosch-ebike.com\/ch\/produkte\/ebike-flow-app\">(plus d&rsquo;infos<\/a>).[\/vc_icon][\/vc_column_inner][vc_column_inner width=\u00a0\u00bb1\/6&Prime;][vc_icon icon_image=\u00a0\u00bb176865&Prime; media_size=\u00a0\u00bb100&Prime; heading_semantic=\u00a0\u00bbh4&Prime; text_size=\u00a0\u00bbh4&Prime; uncode_shortcode_id=\u00a0\u00bb145357&Prime; title=\u00a0\u00bbPersonnalise ton e-bike\u00a0\u00bb]Commande les accessoires correspondants en m\u00eame temps et transforme ton e-bike en ton eFRAMER.[\/vc_icon][\/vc_column_inner][\/vc_row_inner][\/vc_column][\/vc_row][vc_row unlock_row_content=\u00a0\u00bbyes\u00a0\u00bb row_height_percent=\u00a0\u00bb0&Prime; override_padding=\u00a0\u00bbyes\u00a0\u00bb h_padding=\u00a0\u00bb7&Prime; top_padding=\u00a0\u00bb0&Prime; bottom_padding=\u00a0\u00bb0&Prime; overlay_alpha=\u00a0\u00bb100&Prime; gutter_size=\u00a0\u00bb100&Prime; column_width_percent=\u00a0\u00bb100&Prime; shift_y=\u00a0\u00bb0&Prime; z_index=\u00a0\u00bb0&Prime; top_divider=\u00a0\u00bbgradient\u00a0\u00bb content_parallax=\u00a0\u00bb0&Prime; style=\u00a0\u00bbinherited\u00a0\u00bb uncode_shortcode_id=\u00a0\u00bb559174&Prime;][vc_column column_width_percent=\u00a0\u00bb100&Prime; align_horizontal=\u00a0\u00bbalign_center\u00a0\u00bb gutter_size=\u00a0\u00bb3&Prime; overlay_alpha=\u00a0\u00bb50&Prime; shift_x=\u00a0\u00bb0&Prime; shift_y=\u00a0\u00bb0&Prime; shift_y_down=\u00a0\u00bb0&Prime; z_index=\u00a0\u00bb0&Prime; medium_width=\u00a0\u00bb0&Prime; mobile_width=\u00a0\u00bb0&Prime; css_animation=\u00a0\u00bbzoom-in\u00a0\u00bb zoom_width=\u00a0\u00bb0&Prime; zoom_height=\u00a0\u00bb0&Prime; width=\u00a0\u00bb1\/1&Prime; uncode_shortcode_id=\u00a0\u00bb121177&Prime;][vc_gallery el_id=\u00a0\u00bbgallery-958453445&Prime; type=\u00a0\u00bbcarousel\u00a0\u00bb random=\u00a0\u00bbyes\u00a0\u00bb medias=\u00a0\u00bb173638,173639,173640,173641,173642,173643,173644,173645,173646&Prime; carousel_lg=\u00a0\u00bb3&Prime; carousel_md=\u00a0\u00bb2&Prime; carousel_sm=\u00a0\u00bb1&Prime; thumb_size=\u00a0\u00bbone-one\u00a0\u00bb gutter_size=\u00a0\u00bb3&Prime; media_items=\u00a0\u00bbmedia,icon\u00a0\u00bb carousel_interval=\u00a0\u00bb5000&Prime; carousel_navspeed=\u00a0\u00bb400&Prime; carousel_loop=\u00a0\u00bbyes\u00a0\u00bb carousel_overflow=\u00a0\u00bbyes\u00a0\u00bb carousel_dots=\u00a0\u00bbyes\u00a0\u00bb carousel_dots_mobile=\u00a0\u00bbyes\u00a0\u00bb stage_padding=\u00a0\u00bb0&Prime; single_overlay_opacity=\u00a0\u00bb50&Prime; single_overlay_anim=\u00a0\u00bbno\u00a0\u00bb single_text_anim=\u00a0\u00bbno\u00a0\u00bb single_h_align=\u00a0\u00bbcenter\u00a0\u00bb single_padding=\u00a0\u00bb2&Prime; single_border=\u00a0\u00bbyes\u00a0\u00bb lbox_caption=\u00a0\u00bbyes\u00a0\u00bb no_double_tap=\u00a0\u00bbyes\u00a0\u00bb carousel_rtl=\u00a0\u00bb\u00a0\u00bb single_title_uppercase=\u00a0\u00bb\u00a0\u00bb single_title_bold=\u00a0\u00bb\u00a0\u00bb single_title_serif=\u00a0\u00bb\u00a0\u00bb onclick=\u00a0\u00bblink_image\u00a0\u00bb custom_links_target=\u00a0\u00bb_self\u00a0\u00bb items=\u00a0\u00bbeyI4ODY4X2kiOnsic2luZ2xlX3dpZHRoIjoiNCIsInNpbmdsZV9oZWlnaHQiOiI0In0sIjg4NjJfaSI6eyJzaW5nbGVfd2lkdGgiOiI0Iiwic2luZ2xlX2hlaWdodCI6IjQifSwiODg2MF9pIjp7InNpbmdsZV93aWR0aCI6IjQifX0=\u00a0\u00bb single_half_padding=\u00a0\u00bb\u00a0\u00bb single_no_background=\u00a0\u00bb\u00a0\u00bb uncode_shortcode_id=\u00a0\u00bb532841&Prime;][\/vc_column][\/vc_row][vc_row row_height_percent=\u00a0\u00bb0&Prime; override_padding=\u00a0\u00bbyes\u00a0\u00bb h_padding=\u00a0\u00bb2&Prime; top_padding=\u00a0\u00bb4&Prime; bottom_padding=\u00a0\u00bb0&Prime; overlay_alpha=\u00a0\u00bb50&Prime; gutter_size=\u00a0\u00bb3&Prime; column_width_percent=\u00a0\u00bb100&Prime; shift_y=\u00a0\u00bb0&Prime; z_index=\u00a0\u00bb0&Prime; content_parallax=\u00a0\u00bb0&Prime; uncode_shortcode_id=\u00a0\u00bb173268&Prime;][vc_column column_width_percent=\u00a0\u00bb100&Prime; align_horizontal=\u00a0\u00bbalign_center\u00a0\u00bb gutter_size=\u00a0\u00bb3&Prime; overlay_alpha=\u00a0\u00bb50&Prime; shift_x=\u00a0\u00bb0&Prime; shift_y=\u00a0\u00bb0&Prime; shift_y_down=\u00a0\u00bb0&Prime; z_index=\u00a0\u00bb0&Prime; medium_width=\u00a0\u00bb0&Prime; mobile_width=\u00a0\u00bb0&Prime; width=\u00a0\u00bb1\/1&Prime; uncode_shortcode_id=\u00a0\u00bb159441&Prime;][vc_custom_heading css_animation=\u00a0\u00bbperspective\u00a0\u00bb animation_speed=\u00a0\u00bb1000&Prime; uncode_shortcode_id=\u00a0\u00bb685027&Prime;]Services tout compris[\/vc_custom_heading][uncode_block id=\u00a0\u00bb171806&Prime;][\/vc_column][\/vc_row][vc_row row_height_percent=\u00a0\u00bb0&Prime; override_padding=\u00a0\u00bbyes\u00a0\u00bb h_padding=\u00a0\u00bb2&Prime; top_padding=\u00a0\u00bb4&Prime; bottom_padding=\u00a0\u00bb0&Prime; overlay_alpha=\u00a0\u00bb50&Prime; gutter_size=\u00a0\u00bb3&Prime; column_width_percent=\u00a0\u00bb100&Prime; shift_y=\u00a0\u00bb0&Prime; z_index=\u00a0\u00bb0&Prime; content_parallax=\u00a0\u00bb0&Prime; uncode_shortcode_id=\u00a0\u00bb778058&Prime;][vc_column column_width_percent=\u00a0\u00bb100&Prime; align_horizontal=\u00a0\u00bbalign_center\u00a0\u00bb gutter_size=\u00a0\u00bb3&Prime; overlay_alpha=\u00a0\u00bb50&Prime; shift_x=\u00a0\u00bb0&Prime; shift_y=\u00a0\u00bb0&Prime; shift_y_down=\u00a0\u00bb0&Prime; z_index=\u00a0\u00bb0&Prime; medium_width=\u00a0\u00bb0&Prime; mobile_width=\u00a0\u00bb0&Prime; width=\u00a0\u00bb1\/1&Prime; uncode_shortcode_id=\u00a0\u00bb823993&Prime;][vc_custom_heading separator=\u00a0\u00bbyes\u00a0\u00bb sub_lead=\u00a0\u00bbyes\u00a0\u00bb css_animation=\u00a0\u00bbperspective\u00a0\u00bb animation_speed=\u00a0\u00bb1000&Prime; uncode_shortcode_id=\u00a0\u00bb135160&Prime; subheading=\u00a0\u00bbDans des cas exceptionnels, un composant install\u00e9 peut s&apos;\u00e9carter de la sp\u00e9cification et \u00eatre remplac\u00e9 de mani\u00e8re \u00e9quivalente.\u00a0\u00bb]Sp\u00e9cifications[\/vc_custom_heading][\/vc_column][\/vc_row][vc_row row_height_percent=\u00a0\u00bb0&Prime; override_padding=\u00a0\u00bbyes\u00a0\u00bb h_padding=\u00a0\u00bb2&Prime; top_padding=\u00a0\u00bb3&Prime; bottom_padding=\u00a0\u00bb4&Prime; overlay_alpha=\u00a0\u00bb50&Prime; gutter_size=\u00a0\u00bb4&Prime; column_width_percent=\u00a0\u00bb100&Prime; shift_y=\u00a0\u00bb0&Prime; z_index=\u00a0\u00bb0&Prime; top_divider=\u00a0\u00bbgradient\u00a0\u00bb content_parallax=\u00a0\u00bb0&Prime; uncode_shortcode_id=\u00a0\u00bb188138&Prime;][vc_column column_width_percent=\u00a0\u00bb100&Prime; gutter_size=\u00a0\u00bb2&Prime; overlay_alpha=\u00a0\u00bb50&Prime; shift_x=\u00a0\u00bb0&Prime; shift_y=\u00a0\u00bb0&Prime; shift_y_down=\u00a0\u00bb0&Prime; z_index=\u00a0\u00bb0&Prime; medium_width=\u00a0\u00bb3&Prime; mobile_width=\u00a0\u00bb0&Prime; width=\u00a0\u00bb1\/6&Prime; uncode_shortcode_id=\u00a0\u00bb789106&Prime;][\/vc_column][vc_column column_width_percent=\u00a0\u00bb100&Prime; gutter_size=\u00a0\u00bb3&Prime; overlay_alpha=\u00a0\u00bb50&Prime; shift_x=\u00a0\u00bb0&Prime; shift_y=\u00a0\u00bb0&Prime; shift_y_down=\u00a0\u00bb0&Prime; z_index=\u00a0\u00bb0&Prime; medium_width=\u00a0\u00bb0&Prime; mobile_width=\u00a0\u00bb0&Prime; css_animation=\u00a0\u00bbbottom-t-top\u00a0\u00bb width=\u00a0\u00bb2\/3&Prime; uncode_shortcode_id=\u00a0\u00bb118137&Prime;][vc_accordion sign=\u00a0\u00bbplus\u00a0\u00bb sign_size=\u00a0\u00bbmd\u00a0\u00bb gutter_simple=\u00a0\u00bb0&Prime; uncode_shortcode_id=\u00a0\u00bb169135&Prime; active_tab=\u00a0\u00bb0&Prime;][vc_accordion_tab icon=\u00a0\u00bbfa fa-plug\u00a0\u00bb gutter_size=\u00a0\u00bb2&Prime; column_padding=\u00a0\u00bb2&Prime; title=\u00a0\u00bbEntra\u00eenement\u00a0\u00bb tab_id=\u00a0\u00bb1768974635-1-309&Prime;][vc_column_text uncode_shortcode_id=\u00a0\u00bb201987&Prime;]<\/p>\n<table class=\"table-wide\">\n<thead>\n<tr>\n<th>Moteur<\/th>\n<td>Bosch Performance Line CX 85Nm \u00e0 100Nm<\/td>\n<\/tr>\n<\/thead>\n<tbody>\n<tr>\n<th>Batterie<\/th>\n<td>Bosch 800Wh PowerTube<\/td>\n<\/tr>\n<tr>\n<th>\u00c9cran<\/th>\n<td>Unit\u00e9 de commande Bosch System LED Controller mont\u00e9e sur le guidon, avec \u00e9cran Bosch Kiox 300, compatible avec l&rsquo;application eBike Flow<\/td>\n<\/tr>\n<tr>\n<th>Chargeur<\/th>\n<td>Chargeur rapide Bosch 4 Ah<\/td>\n<\/tr>\n<\/tbody>\n<\/table>\n<p>[\/vc_column_text][\/vc_accordion_tab][vc_accordion_tab icon=\u00a0\u00bbfa fa-bicycle\u00a0\u00bb gutter_size=\u00a0\u00bb2&Prime; column_padding=\u00a0\u00bb2&Prime; title=\u00a0\u00bbCadre\u00a0\u00bb tab_id=\u00a0\u00bb1768976657661-1-10&Prime;][vc_column_text uncode_shortcode_id=\u00a0\u00bb145534&Prime;]<\/p>\n<table class=\"table-wide\">\n<thead>\n<tr>\n<th>Cadre<\/th>\n<td>Aluminium, g\u00e9om\u00e9trie Comfort Ride, tube de t\u00eate conique, Premium Comfort And Safety, porte-bagages semi-int\u00e9gr\u00e9, batterie enti\u00e8rement int\u00e9gr\u00e9e<\/td>\n<\/tr>\n<\/thead>\n<tbody>\n<tr>\n<th>Couleurs<\/th>\n<td>RAL 820-5 semi-mat &amp; RAL 820-4 semi-mat<\/td>\n<\/tr>\n<tr>\n<th>Tailles<\/th>\n<td>S=50cm \/ M=55cm \/ L=60cm<\/td>\n<\/tr>\n<\/tbody>\n<\/table>\n<p>[\/vc_column_text][\/vc_accordion_tab][vc_accordion_tab icon=\u00a0\u00bbfa fa-text-align-center\u00a0\u00bb gutter_size=\u00a0\u00bb2&Prime; column_padding=\u00a0\u00bb2&Prime; title=\u00a0\u00bbCh\u00e2ssis\u00a0\u00bb tab_id=\u00a0\u00bb1769148383577-2-9&Prime;][vc_column_text uncode_shortcode_id=\u00a0\u00bb879710&Prime;]<\/p>\n<table class=\"table-wide\">\n<thead>\n<tr>\n<th>Fourche<\/th>\n<td>Fourche \u00e0 suspension SR Suntour Mobie A32 Tapered, 15x100mm, d\u00e9battement 100mm<\/td>\n<\/tr>\n<\/thead>\n<\/table>\n<p>[\/vc_column_text][\/vc_accordion_tab][vc_accordion_tab icon=\u00a0\u00bbfa fa-sun-o\u00a0\u00bb gutter_size=\u00a0\u00bb2&Prime; column_padding=\u00a0\u00bb2&Prime; title=\u00a0\u00bbCircuit &amp; freins\u00a0\u00bb tab_id=\u00a0\u00bb1769148399192-3-5&Prime;][vc_column_text uncode_shortcode_id=\u00a0\u00bb101363&Prime;]<\/p>\n<table class=\"table-wide\">\n<thead>\n<tr>\n<th>Bo\u00eete \u00e0 vitesses<\/th>\n<td>Shimano XT 12 vitesses RD-M8100<\/td>\n<\/tr>\n<\/thead>\n<tbody>\n<tr>\n<th>Levier de vitesse<\/th>\n<td>Shimano 12 vitesses SL-M6100<\/td>\n<\/tr>\n<tr>\n<th>Cha\u00eene<\/th>\n<td>KMC e12 Turbo<\/td>\n<\/tr>\n<tr>\n<th>Cassette<\/th>\n<td>Shimano 12 vitesses CS-M6100 10-51<\/td>\n<\/tr>\n<tr>\n<th>Freins<\/th>\n<td>Shimano MT200 \u00e0 2 pistons<\/td>\n<\/tr>\n<tr>\n<th>Disques de frein<\/th>\n<td>Shimano SM-RT30 180\/160mm<\/td>\n<\/tr>\n<\/tbody>\n<\/table>\n<p>[\/vc_column_text][\/vc_accordion_tab][vc_accordion_tab icon=\u00a0\u00bbfa fa-circle-thin\u00a0\u00bb gutter_size=\u00a0\u00bb2&Prime; column_padding=\u00a0\u00bb2&Prime; title=\u00a0\u00bbRoues\u00a0\u00bb tab_id=\u00a0\u00bb1769148445408-4-0&Prime;][vc_column_text uncode_shortcode_id=\u00a0\u00bb204196&Prime;]<\/p>\n<table class=\"table-wide\">\n<thead>\n<tr>\n<th>Pneus<\/th>\n<td>Schwalbe Energizer Plus 700x50C<\/td>\n<\/tr>\n<\/thead>\n<\/table>\n<p>[\/vc_column_text][\/vc_accordion_tab][vc_accordion_tab icon=\u00a0\u00bbfa fa-lightbulb-o\u00a0\u00bb gutter_size=\u00a0\u00bb2&Prime; column_padding=\u00a0\u00bb2&Prime; title=\u00a0\u00bb\u00c9clairage\u00a0\u00bb tab_id=\u00a0\u00bb1769148461174-5-9&Prime;][vc_column_text uncode_shortcode_id=\u00a0\u00bb368784&Prime;]<\/p>\n<table class=\"table-wide\">\n<thead>\n<tr>\n<th>Lumi\u00e8re frontale<\/th>\n<td>Spanninga Kendo+ 120 lumens<\/td>\n<\/tr>\n<\/thead>\n<tbody>\n<tr>\n<th>Feu arri\u00e8re<\/th>\n<td>Spanninga Glow<\/td>\n<\/tr>\n<\/tbody>\n<\/table>\n<p>[\/vc_column_text][\/vc_accordion_tab][vc_accordion_tab icon=\u00a0\u00bbfa fa-shopping-basket\u00a0\u00bb gutter_size=\u00a0\u00bb2&Prime; column_padding=\u00a0\u00bb2&Prime; title=\u00a0\u00bb\u00c9quipement\u00a0\u00bb tab_id=\u00a0\u00bb1769148461174-5-95&Prime;][vc_column_text uncode_shortcode_id=\u00a0\u00bb176328&Prime;]<\/p>\n<table class=\"table-wide\">\n<thead>\n<tr>\n<th>Guidon<\/th>\n<td>Guidon 680mm 31,8mm Rise 20mm 8\u00b0<\/td>\n<\/tr>\n<\/thead>\n<tbody>\n<tr>\n<th>Potence de guidon<\/th>\n<td>Potence de guidon r\u00e9glable 0-90<\/td>\n<\/tr>\n<tr>\n<th>Poign\u00e9es<\/th>\n<td>Poign\u00e9es Velo VLG-1266 135mm<\/td>\n<\/tr>\n<tr>\n<th>P\u00e9dales<\/th>\n<td>FP-872ZU<\/td>\n<\/tr>\n<\/tbody>\n<\/table>\n<p>[\/vc_column_text][\/vc_accordion_tab][vc_accordion_tab icon=\u00a0\u00bbfa fa-tasks\u00a0\u00bb gutter_size=\u00a0\u00bb2&Prime; column_padding=\u00a0\u00bb2&Prime; title=\u00a0\u00bbMasse\u00a0\u00bb tab_id=\u00a0\u00bb1769148461174-5-93&Prime;][vc_column_text uncode_shortcode_id=\u00a0\u00bb178890&Prime;]<\/p>\n<table class=\"table-wide\">\n<thead>\n<tr>\n<th>Poids e-Bike<\/th>\n<td>29kg<\/td>\n<\/tr>\n<\/thead>\n<tbody>\n<tr>\n<th>Poids total autoris\u00e9<\/th>\n<td>120 kg<\/td>\n<\/tr>\n<\/tbody>\n<\/table>\n<p>[\/vc_column_text][\/vc_accordion_tab][vc_accordion_tab icon=\u00a0\u00bbfa fa-file-o\u00a0\u00bb gutter_size=\u00a0\u00bb2&Prime; column_padding=\u00a0\u00bb2&Prime; title=\u00a0\u00bbDocuments\u00a0\u00bb tab_id=\u00a0\u00bb1772120539077-8-1&Prime;][vc_button size=\u00a0\u00bbbtn-link\u00a0\u00bb link=\u00a0\u00bburl:https%3A%2F%2Fe-framer.ch%2Fwp-content%2Fuploads%2F2026%2F02%2FOchsner-Sport-DOC-Tour.pdf|target:_blank|\u00a0\u00bb icon=\u00a0\u00bbfa fa-file-pdf-o\u00a0\u00bb uncode_shortcode_id=\u00a0\u00bb117298&Prime;]D\u00e9claration de conformit\u00e9[\/vc_button][\/vc_accordion_tab][\/vc_accordion][\/vc_column][vc_column width=\u00a0\u00bb1\/6&Prime;][\/vc_column][\/vc_row][vc_row row_height_percent=\u00a0\u00bb0&Prime; override_padding=\u00a0\u00bbyes\u00a0\u00bb h_padding=\u00a0\u00bb2&Prime; top_padding=\u00a0\u00bb4&Prime; bottom_padding=\u00a0\u00bb0&Prime; overlay_alpha=\u00a0\u00bb50&Prime; gutter_size=\u00a0\u00bb3&Prime; column_width_percent=\u00a0\u00bb100&Prime; shift_y=\u00a0\u00bb0&Prime; z_index=\u00a0\u00bb0&Prime; medium_visibility=\u00a0\u00bbyes\u00a0\u00bb mobile_visibility=\u00a0\u00bbyes\u00a0\u00bb content_parallax=\u00a0\u00bb0&Prime; uncode_shortcode_id=\u00a0\u00bb122484&Prime;][vc_column column_width_percent=\u00a0\u00bb100&Prime; align_horizontal=\u00a0\u00bbalign_center\u00a0\u00bb gutter_size=\u00a0\u00bb3&Prime; overlay_alpha=\u00a0\u00bb50&Prime; shift_x=\u00a0\u00bb0&Prime; shift_y=\u00a0\u00bb0&Prime; shift_y_down=\u00a0\u00bb0&Prime; z_index=\u00a0\u00bb0&Prime; medium_width=\u00a0\u00bb0&Prime; mobile_width=\u00a0\u00bb0&Prime; width=\u00a0\u00bb1\/1&Prime; uncode_shortcode_id=\u00a0\u00bb823993&Prime;][vc_custom_heading separator=\u00a0\u00bbyes\u00a0\u00bb sub_lead=\u00a0\u00bbyes\u00a0\u00bb uncode_shortcode_id=\u00a0\u00bb193445&Prime; subheading=\u00a0\u00bbTu choisis tes accessoires directement lors de l&apos;achat. Tout ce que tu commandes est livr\u00e9 mont\u00e9 et pr\u00eat \u00e0 l&apos;emploi. \u00ab\u00a0]Accessoires adapt\u00e9s[\/vc_custom_heading][uncode_index el_id=\u00a0\u00bbindex-tour-794770885&Prime; index_type=\u00a0\u00bbcss_grid\u00a0\u00bb loop=\u00a0\u00bbsize:99|order_by:date|order:ASC|post_type:product|tax_query:206|taxonomy_count:10&Prime; auto_query=\u00a0\u00bbyes\u00a0\u00bb auto_query_type=\u00a0\u00bbrelated\u00a0\u00bb grid_items=\u00a0\u00bb5&Prime; screen_lg_items=\u00a0\u00bb5&Prime; screen_lg_breakpoint=\u00a0\u00bb1000&Prime; screen_md_items=\u00a0\u00bb3&Prime; screen_md_breakpoint=\u00a0\u00bb600&Prime; screen_sm_items=\u00a0\u00bb2&Prime; screen_sm_breakpoint=\u00a0\u00bb480&Prime; gutter_size=\u00a0\u00bb2&Prime; product_items=\u00a0\u00bbtitle|-,media|featured|nolink|original|hide-sale|enhanced-atc|inherit-w-atc|atc-typo-column|hide-atc,text|excerpt,price|default|-\u00a0\u00bb portfolio_items=\u00a0\u00bbtitle,media|featured|onpost|original\u00a0\u00bb single_overlay_opacity=\u00a0\u00bb50&Prime; single_overlay_anim=\u00a0\u00bbno\u00a0\u00bb single_text_anim=\u00a0\u00bbno\u00a0\u00bb single_image_anim=\u00a0\u00bbno\u00a0\u00bb single_secondary=\u00a0\u00bbyes\u00a0\u00bb single_h_align_mobile=\u00a0\u00bbleft\u00a0\u00bb single_padding=\u00a0\u00bb1&Prime; single_title_dimension=\u00a0\u00bbh4&Prime; single_text_lead=\u00a0\u00bbsmall\u00a0\u00bb single_border=\u00a0\u00bbyes\u00a0\u00bb single_css_animation=\u00a0\u00bbbottom-t-top\u00a0\u00bb no_double_tap=\u00a0\u00bbyes\u00a0\u00bb uncode_shortcode_id=\u00a0\u00bb333089&Prime;][\/vc_column][\/vc_row][vc_row row_height_percent=\u00a0\u00bb0&Prime; override_padding=\u00a0\u00bbyes\u00a0\u00bb h_padding=\u00a0\u00bb2&Prime; top_padding=\u00a0\u00bb4&Prime; bottom_padding=\u00a0\u00bb0&Prime; overlay_alpha=\u00a0\u00bb50&Prime; gutter_size=\u00a0\u00bb3&Prime; column_width_percent=\u00a0\u00bb100&Prime; shift_y=\u00a0\u00bb0&Prime; z_index=\u00a0\u00bb0&Prime; desktop_visibility=\u00a0\u00bbyes\u00a0\u00bb content_parallax=\u00a0\u00bb0&Prime; uncode_shortcode_id=\u00a0\u00bb768354&Prime;][vc_column column_width_percent=\u00a0\u00bb100&Prime; align_horizontal=\u00a0\u00bbalign_center\u00a0\u00bb gutter_size=\u00a0\u00bb3&Prime; overlay_alpha=\u00a0\u00bb50&Prime; shift_x=\u00a0\u00bb0&Prime; shift_y=\u00a0\u00bb0&Prime; shift_y_down=\u00a0\u00bb0&Prime; z_index=\u00a0\u00bb0&Prime; medium_width=\u00a0\u00bb0&Prime; mobile_width=\u00a0\u00bb0&Prime; width=\u00a0\u00bb1\/1&Prime; uncode_shortcode_id=\u00a0\u00bb823993&Prime;][vc_custom_heading separator=\u00a0\u00bbyes\u00a0\u00bb sub_lead=\u00a0\u00bbyes\u00a0\u00bb uncode_shortcode_id=\u00a0\u00bb193445&Prime; subheading=\u00a0\u00bbTu choisis tes accessoires directement lors de l&apos;achat. Tout ce que tu commandes est livr\u00e9 mont\u00e9 et pr\u00eat \u00e0 l&apos;emploi. \u00ab\u00a0]Accessoires adapt\u00e9s[\/vc_custom_heading][uncode_index el_id=\u00a0\u00bbindex-7947708854&Prime; index_type=\u00a0\u00bbcarousel\u00a0\u00bb loop=\u00a0\u00bbsize:99|order_by:date|order:ASC|post_type:product|tax_query:206|taxonomy_count:10&Prime; auto_query=\u00a0\u00bbyes\u00a0\u00bb auto_query_type=\u00a0\u00bbrelated\u00a0\u00bb carousel_lg=\u00a0\u00bb6&Prime; carousel_md=\u00a0\u00bb4&Prime; carousel_sm=\u00a0\u00bb2&Prime; thumb_size=\u00a0\u00bbone-one\u00a0\u00bb gutter_size=\u00a0\u00bb2&Prime; product_items=\u00a0\u00bbtitle|-,media|featured|nolink|original|hide-sale|enhanced-atc|inherit-w-atc|atc-typo-column|hide-atc,price|default|-\u00a0\u00bb portfolio_items=\u00a0\u00bbtitle,media|featured|onpost|original\u00a0\u00bb carousel_height=\u00a0\u00bbequal\u00a0\u00bb carousel_autoh=\u00a0\u00bbyes\u00a0\u00bb carousel_interval=\u00a0\u00bb0&Prime; carousel_navspeed=\u00a0\u00bb400&Prime; carousel_nav=\u00a0\u00bbyes\u00a0\u00bb carousel_nav_mobile=\u00a0\u00bbyes\u00a0\u00bb carousel_dots=\u00a0\u00bbyes\u00a0\u00bb carousel_dots_mobile=\u00a0\u00bbyes\u00a0\u00bb stage_padding=\u00a0\u00bb0&Prime; single_overlay_opacity=\u00a0\u00bb50&Prime; single_overlay_anim=\u00a0\u00bbno\u00a0\u00bb single_text_anim=\u00a0\u00bbno\u00a0\u00bb single_image_anim=\u00a0\u00bbno\u00a0\u00bb single_secondary=\u00a0\u00bbyes\u00a0\u00bb single_h_align=\u00a0\u00bbcenter\u00a0\u00bb single_padding=\u00a0\u00bb1&Prime; single_title_dimension=\u00a0\u00bbh6&Prime; single_border=\u00a0\u00bbyes\u00a0\u00bb single_css_animation=\u00a0\u00bbbottom-t-top\u00a0\u00bb no_double_tap=\u00a0\u00bbyes\u00a0\u00bb uncode_shortcode_id=\u00a0\u00bb174613&Prime;][\/vc_column][\/vc_row]<\/p>\n<\/div>","protected":false},"excerpt":{"rendered":"<p>Un v\u00e9lo \u00e9lectrique de trekking pour tous ceux qui veulent combiner intelligemment sportivit\u00e9 et confort \u2013 polyvalent, adapt\u00e9 aux randonn\u00e9es et \u00e9prouv\u00e9 au quotidien.<\/p>\n","protected":false},"featured_media":173647,"template":"","meta":[],"product_brand":[],"product_cat":[424,423],"product_tag":[],"class_list":{"0":"post-173637","1":"product","2":"type-product","3":"status-publish","4":"has-post-thumbnail","6":"product_cat-accessoires-tour","7":"product_cat-tour","9":"first","10":"instock","11":"sale","12":"featured","13":"taxable","14":"shipping-taxable","15":"purchasable","16":"product-type-variable"},"yoast_head":"<!-- This site is optimized with the Yoast SEO Premium plugin v27.4 (Yoast SEO v27.4) - https:\/\/yoast.com\/product\/yoast-seo-premium-wordpress\/ -->\n<title>eUrban Tour - eFRAMER \u2013 Premium Swiss e-Bikes &amp; Services<\/title>\n<meta name=\"robots\" content=\"index, follow, max-snippet:-1, max-image-preview:large, max-video-preview:-1\" \/>\n<link rel=\"canonical\" href=\"https:\/\/e-framer.ch\/fr\/produkt\/eurban-tour\/\" \/>\n<meta property=\"og:locale\" content=\"fr_FR\" \/>\n<meta property=\"og:type\" content=\"article\" \/>\n<meta property=\"og:title\" content=\"eUrban Tour\" \/>\n<meta property=\"og:description\" content=\"Un v\u00e9lo \u00e9lectrique de trekking pour tous ceux qui veulent combiner intelligemment sportivit\u00e9 et confort - polyvalent, adapt\u00e9 aux randonn\u00e9es et \u00e9prouv\u00e9 au quotidien.\" \/>\n<meta property=\"og:url\" content=\"https:\/\/e-framer.ch\/fr\/produkt\/eurban-tour\/\" \/>\n<meta property=\"og:site_name\" content=\"eFRAMER \u2013 Premium Swiss e-Bikes &amp; Services\" \/>\n<meta property=\"article:publisher\" content=\"https:\/\/www.facebook.com\/profile.php?id=100063641028577#\" \/>\n<meta property=\"article:modified_time\" content=\"2026-04-25T22:22:30+00:00\" \/>\n<meta property=\"og:image\" content=\"https:\/\/e-framer.ch\/wp-content\/uploads\/2025\/12\/00b-tour.png\" \/>\n\t<meta property=\"og:image:width\" content=\"2561\" \/>\n\t<meta property=\"og:image:height\" content=\"2218\" \/>\n\t<meta property=\"og:image:type\" content=\"image\/png\" \/>\n<meta name=\"twitter:card\" content=\"summary_large_image\" \/>\n<meta name=\"twitter:label1\" content=\"Disponibilit\u00e9\" \/>\n\t<meta name=\"twitter:data1\" content=\"En stock\" \/>\n<script type=\"application\/ld+json\" class=\"yoast-schema-graph\">{\"@context\":\"https:\\\/\\\/schema.org\",\"@graph\":[{\"@type\":\"WebPage\",\"@id\":\"https:\\\/\\\/e-framer.ch\\\/fr\\\/produkt\\\/eurban-tour\\\/\",\"url\":\"https:\\\/\\\/e-framer.ch\\\/fr\\\/produkt\\\/eurban-tour\\\/\",\"name\":\"eUrban Tour - eFRAMER \u2013 Premium Swiss e-Bikes &amp; Services\",\"isPartOf\":{\"@id\":\"https:\\\/\\\/e-framer.ch\\\/fr\\\/#website\"},\"primaryImageOfPage\":{\"@id\":\"https:\\\/\\\/e-framer.ch\\\/fr\\\/produkt\\\/eurban-tour\\\/#primaryimage\"},\"image\":{\"@id\":\"https:\\\/\\\/e-framer.ch\\\/fr\\\/produkt\\\/eurban-tour\\\/#primaryimage\"},\"thumbnailUrl\":\"https:\\\/\\\/e-framer.ch\\\/wp-content\\\/uploads\\\/2025\\\/12\\\/00b-tour.png\",\"datePublished\":\"2026-01-28T02:34:17+00:00\",\"dateModified\":\"2026-04-25T22:22:30+00:00\",\"breadcrumb\":{\"@id\":\"https:\\\/\\\/e-framer.ch\\\/fr\\\/produkt\\\/eurban-tour\\\/#breadcrumb\"},\"inLanguage\":\"fr-FR\",\"potentialAction\":[{\"@type\":\"ReadAction\",\"target\":[\"https:\\\/\\\/e-framer.ch\\\/fr\\\/produkt\\\/eurban-tour\\\/\"]}]},{\"@type\":\"ImageObject\",\"inLanguage\":\"fr-FR\",\"@id\":\"https:\\\/\\\/e-framer.ch\\\/fr\\\/produkt\\\/eurban-tour\\\/#primaryimage\",\"url\":\"https:\\\/\\\/e-framer.ch\\\/wp-content\\\/uploads\\\/2025\\\/12\\\/00b-tour.png\",\"contentUrl\":\"https:\\\/\\\/e-framer.ch\\\/wp-content\\\/uploads\\\/2025\\\/12\\\/00b-tour.png\",\"width\":2561,\"height\":2218},{\"@type\":\"BreadcrumbList\",\"@id\":\"https:\\\/\\\/e-framer.ch\\\/fr\\\/produkt\\\/eurban-tour\\\/#breadcrumb\",\"itemListElement\":[{\"@type\":\"ListItem\",\"position\":1,\"name\":\"Start\",\"item\":\"https:\\\/\\\/e-framer.ch\\\/fr\\\/\"},{\"@type\":\"ListItem\",\"position\":2,\"name\":\"Nos mod\u00e8les &amp; les accessoires\",\"item\":\"https:\\\/\\\/e-framer.ch\\\/shop\\\/\"},{\"@type\":\"ListItem\",\"position\":3,\"name\":\"eUrban Tour\"}]},{\"@type\":\"WebSite\",\"@id\":\"https:\\\/\\\/e-framer.ch\\\/fr\\\/#website\",\"url\":\"https:\\\/\\\/e-framer.ch\\\/fr\\\/\",\"name\":\"eFRAMER \u2013 Premium Swiss e-Bikes & Services\",\"description\":\"Die Schweizer e-Bike Marke mit hochwertigen e-Bikes und Premium-Services.\",\"publisher\":{\"@id\":\"https:\\\/\\\/e-framer.ch\\\/fr\\\/#organization\"},\"potentialAction\":[{\"@type\":\"SearchAction\",\"target\":{\"@type\":\"EntryPoint\",\"urlTemplate\":\"https:\\\/\\\/e-framer.ch\\\/fr\\\/?s={search_term_string}\"},\"query-input\":{\"@type\":\"PropertyValueSpecification\",\"valueRequired\":true,\"valueName\":\"search_term_string\"}}],\"inLanguage\":\"fr-FR\"},{\"@type\":\"Organization\",\"@id\":\"https:\\\/\\\/e-framer.ch\\\/fr\\\/#organization\",\"name\":\"eFRAMER \u2013 Premium Swiss e-Bikes & Services\",\"url\":\"https:\\\/\\\/e-framer.ch\\\/fr\\\/\",\"logo\":{\"@type\":\"ImageObject\",\"inLanguage\":\"fr-FR\",\"@id\":\"https:\\\/\\\/e-framer.ch\\\/fr\\\/#\\\/schema\\\/logo\\\/image\\\/\",\"url\":\"https:\\\/\\\/e-framer.ch\\\/wp-content\\\/uploads\\\/2026\\\/01\\\/eFRAMER_FIGURATIVE_POS.svg\",\"contentUrl\":\"https:\\\/\\\/e-framer.ch\\\/wp-content\\\/uploads\\\/2026\\\/01\\\/eFRAMER_FIGURATIVE_POS.svg\",\"width\":\"50\",\"height\":\"50\",\"caption\":\"eFRAMER \u2013 Premium Swiss e-Bikes & Services\"},\"image\":{\"@id\":\"https:\\\/\\\/e-framer.ch\\\/fr\\\/#\\\/schema\\\/logo\\\/image\\\/\"},\"sameAs\":[\"https:\\\/\\\/www.facebook.com\\\/profile.php?id=100063641028577#\",\"https:\\\/\\\/www.instagram.com\\\/e_framer.ch\\\/\",\"https:\\\/\\\/www.youtube.com\\\/@eframer\"]}]}<\/script>\n<meta property=\"og:availability\" content=\"instock\" \/>\n<meta property=\"product:availability\" content=\"instock\" \/>\n<meta property=\"product:retailer_item_id\" content=\"57090134\" \/>\n<meta property=\"product:condition\" content=\"new\" \/>\n<!-- \/ Yoast SEO Premium plugin. -->","yoast_head_json":{"title":"eUrban Tour - eFRAMER \u2013 Premium Swiss e-Bikes &amp; Services","robots":{"index":"index","follow":"follow","max-snippet":"max-snippet:-1","max-image-preview":"max-image-preview:large","max-video-preview":"max-video-preview:-1"},"canonical":"https:\/\/e-framer.ch\/fr\/produkt\/eurban-tour\/","og_locale":"fr_FR","og_type":"article","og_title":"eUrban Tour","og_description":"Un v\u00e9lo \u00e9lectrique de trekking pour tous ceux qui veulent combiner intelligemment sportivit\u00e9 et confort - polyvalent, adapt\u00e9 aux randonn\u00e9es et \u00e9prouv\u00e9 au quotidien.","og_url":"https:\/\/e-framer.ch\/fr\/produkt\/eurban-tour\/","og_site_name":"eFRAMER \u2013 Premium Swiss e-Bikes &amp; Services","article_publisher":"https:\/\/www.facebook.com\/profile.php?id=100063641028577#","article_modified_time":"2026-04-25T22:22:30+00:00","og_image":[{"width":2561,"height":2218,"url":"https:\/\/e-framer.ch\/wp-content\/uploads\/2025\/12\/00b-tour.png","type":"image\/png"}],"twitter_card":"summary_large_image","twitter_misc":{"Disponibilit\u00e9":"En stock"},"schema":{"@context":"https:\/\/schema.org","@graph":[{"@type":"WebPage","@id":"https:\/\/e-framer.ch\/fr\/produkt\/eurban-tour\/","url":"https:\/\/e-framer.ch\/fr\/produkt\/eurban-tour\/","name":"eUrban Tour - eFRAMER \u2013 Premium Swiss e-Bikes &amp; Services","isPartOf":{"@id":"https:\/\/e-framer.ch\/fr\/#website"},"primaryImageOfPage":{"@id":"https:\/\/e-framer.ch\/fr\/produkt\/eurban-tour\/#primaryimage"},"image":{"@id":"https:\/\/e-framer.ch\/fr\/produkt\/eurban-tour\/#primaryimage"},"thumbnailUrl":"https:\/\/e-framer.ch\/wp-content\/uploads\/2025\/12\/00b-tour.png","datePublished":"2026-01-28T02:34:17+00:00","dateModified":"2026-04-25T22:22:30+00:00","breadcrumb":{"@id":"https:\/\/e-framer.ch\/fr\/produkt\/eurban-tour\/#breadcrumb"},"inLanguage":"fr-FR","potentialAction":[{"@type":"ReadAction","target":["https:\/\/e-framer.ch\/fr\/produkt\/eurban-tour\/"]}]},{"@type":"ImageObject","inLanguage":"fr-FR","@id":"https:\/\/e-framer.ch\/fr\/produkt\/eurban-tour\/#primaryimage","url":"https:\/\/e-framer.ch\/wp-content\/uploads\/2025\/12\/00b-tour.png","contentUrl":"https:\/\/e-framer.ch\/wp-content\/uploads\/2025\/12\/00b-tour.png","width":2561,"height":2218},{"@type":"BreadcrumbList","@id":"https:\/\/e-framer.ch\/fr\/produkt\/eurban-tour\/#breadcrumb","itemListElement":[{"@type":"ListItem","position":1,"name":"Start","item":"https:\/\/e-framer.ch\/fr\/"},{"@type":"ListItem","position":2,"name":"Nos mod\u00e8les &amp; les accessoires","item":"https:\/\/e-framer.ch\/shop\/"},{"@type":"ListItem","position":3,"name":"eUrban Tour"}]},{"@type":"WebSite","@id":"https:\/\/e-framer.ch\/fr\/#website","url":"https:\/\/e-framer.ch\/fr\/","name":"eFRAMER \u2013 Premium Swiss e-Bikes & Services","description":"Die Schweizer e-Bike Marke mit hochwertigen e-Bikes und Premium-Services.","publisher":{"@id":"https:\/\/e-framer.ch\/fr\/#organization"},"potentialAction":[{"@type":"SearchAction","target":{"@type":"EntryPoint","urlTemplate":"https:\/\/e-framer.ch\/fr\/?s={search_term_string}"},"query-input":{"@type":"PropertyValueSpecification","valueRequired":true,"valueName":"search_term_string"}}],"inLanguage":"fr-FR"},{"@type":"Organization","@id":"https:\/\/e-framer.ch\/fr\/#organization","name":"eFRAMER \u2013 Premium Swiss e-Bikes & Services","url":"https:\/\/e-framer.ch\/fr\/","logo":{"@type":"ImageObject","inLanguage":"fr-FR","@id":"https:\/\/e-framer.ch\/fr\/#\/schema\/logo\/image\/","url":"https:\/\/e-framer.ch\/wp-content\/uploads\/2026\/01\/eFRAMER_FIGURATIVE_POS.svg","contentUrl":"https:\/\/e-framer.ch\/wp-content\/uploads\/2026\/01\/eFRAMER_FIGURATIVE_POS.svg","width":"50","height":"50","caption":"eFRAMER \u2013 Premium Swiss e-Bikes & Services"},"image":{"@id":"https:\/\/e-framer.ch\/fr\/#\/schema\/logo\/image\/"},"sameAs":["https:\/\/www.facebook.com\/profile.php?id=100063641028577#","https:\/\/www.instagram.com\/e_framer.ch\/","https:\/\/www.youtube.com\/@eframer"]}]},"og_availability":"instock","product_availability":"instock","product_retailer_item_id":"57090134","product_condition":"new"},"_links":{"self":[{"href":"https:\/\/e-framer.ch\/fr\/wp-json\/wp\/v2\/product\/173637","targetHints":{"allow":["GET"]}}],"collection":[{"href":"https:\/\/e-framer.ch\/fr\/wp-json\/wp\/v2\/product"}],"about":[{"href":"https:\/\/e-framer.ch\/fr\/wp-json\/wp\/v2\/types\/product"}],"wp:featuredmedia":[{"embeddable":true,"href":"https:\/\/e-framer.ch\/fr\/wp-json\/wp\/v2\/media\/173647"}],"wp:attachment":[{"href":"https:\/\/e-framer.ch\/fr\/wp-json\/wp\/v2\/media?parent=173637"}],"wp:term":[{"taxonomy":"product_brand","embeddable":true,"href":"https:\/\/e-framer.ch\/fr\/wp-json\/wp\/v2\/product_brand?post=173637"},{"taxonomy":"product_cat","embeddable":true,"href":"https:\/\/e-framer.ch\/fr\/wp-json\/wp\/v2\/product_cat?post=173637"},{"taxonomy":"product_tag","embeddable":true,"href":"https:\/\/e-framer.ch\/fr\/wp-json\/wp\/v2\/product_tag?post=173637"}],"curies":[{"name":"wp","href":"https:\/\/api.w.org\/{rel}","templated":true}]}}