{"id":173604,"date":"2026-01-28T02:47:03","date_gmt":"2026-01-28T02:47:03","guid":{"rendered":"https:\/\/e-framer.ch\/produkt\/eurban-belt\/"},"modified":"2026-04-25T22:21:45","modified_gmt":"2026-04-25T22:21:45","slug":"eurban-belt","status":"publish","type":"product","link":"https:\/\/e-framer.ch\/fr\/produkt\/eurban-belt\/","title":{"rendered":"eUrban Belt"},"content":{"rendered":"<div class=\"wpb-content-wrapper\"><p>[vc_row row_height_percent=\u00a0\u00bb0&Prime; override_padding=\u00a0\u00bbyes\u00a0\u00bb h_padding=\u00a0\u00bb2&Prime; top_padding=\u00a0\u00bb4&Prime; bottom_padding=\u00a0\u00bb4&Prime; overlay_alpha=\u00a0\u00bb50&Prime; gutter_size=\u00a0\u00bb3&Prime; column_width_percent=\u00a0\u00bb100&Prime; shift_y=\u00a0\u00bb0&Prime; z_index=\u00a0\u00bb0&Prime; bottom_divider=\u00a0\u00bbstep\u00a0\u00bb content_parallax=\u00a0\u00bb0&Prime; uncode_shortcode_id=\u00a0\u00bb484859&Prime;][vc_column column_width_percent=\u00a0\u00bb100&Prime; gutter_size=\u00a0\u00bb3&Prime; overlay_alpha=\u00a0\u00bb50&Prime; shift_x=\u00a0\u00bb0&Prime; shift_y=\u00a0\u00bb0&Prime; shift_y_down=\u00a0\u00bb0&Prime; z_index=\u00a0\u00bb0&Prime; medium_width=\u00a0\u00bb0&Prime; mobile_width=\u00a0\u00bb0&Prime; width=\u00a0\u00bb1\/1&Prime; uncode_shortcode_id=\u00a0\u00bb707588&Prime;][vc_custom_heading css_animation=\u00a0\u00bbperspective\u00a0\u00bb animation_speed=\u00a0\u00bb1000&Prime; uncode_shortcode_id=\u00a0\u00bb126192&Prime;]Tu cherches un e-bike pour tous les jours \u2013 confortable, s\u00fbr et sans complication ?<br \/>\nAlors un v\u00e9lo eCity est exactement ce qu&rsquo;il te faut. Il est fait pour les trajets quotidiens en ville, les trajets d\u00e9tendus au travail ou les courtes excursions pendant les loisirs.[\/vc_custom_heading][vc_row_inner row_inner_height_percent=\u00a0\u00bb0&Prime; overlay_alpha=\u00a0\u00bb50&Prime; gutter_size=\u00a0\u00bb4&Prime; shift_y=\u00a0\u00bb0&Prime; z_index=\u00a0\u00bb0&Prime; uncode_shortcode_id=\u00a0\u00bb259047&Prime; limit_content=\u00a0\u00bb\u00a0\u00bb][vc_column_inner column_width_percent=\u00a0\u00bb100&Prime; gutter_size=\u00a0\u00bb3&Prime; overlay_alpha=\u00a0\u00bb50&Prime; shift_x=\u00a0\u00bb0&Prime; shift_y=\u00a0\u00bb0&Prime; shift_y_down=\u00a0\u00bb0&Prime; z_index=\u00a0\u00bb0&Prime; medium_width=\u00a0\u00bb4&Prime; mobile_width=\u00a0\u00bb0&Prime; width=\u00a0\u00bb1\/2&Prime; uncode_shortcode_id=\u00a0\u00bb186179&Prime;][vc_column_text css_animation=\u00a0\u00bbbottom-t-top\u00a0\u00bb uncode_shortcode_id=\u00a0\u00bb148622&Prime;]La position assise droite assure une vue d&rsquo;ensemble dans la circulation et soulage le dos et les poignets. Le caract\u00e8re rectiligne et calme de la conduite donne une impression de s\u00e9curit\u00e9 \u2013 m\u00eame en cas de stop-and-go, aux carrefours ou sur les routes \u00e9troites. Le moteur Bosch t&rsquo;assiste de mani\u00e8re r\u00e9guli\u00e8re et agr\u00e9able, tandis que la batterie g\u00e9n\u00e9reuse de 800 Wh offre une autonomie suffisante pour plusieurs jours de circulation en ville.[\/vc_column_text][\/vc_column_inner][vc_column_inner column_width_percent=\u00a0\u00bb100&Prime; gutter_size=\u00a0\u00bb3&Prime; overlay_alpha=\u00a0\u00bb50&Prime; shift_x=\u00a0\u00bb0&Prime; shift_y=\u00a0\u00bb0&Prime; shift_y_down=\u00a0\u00bb0&Prime; z_index=\u00a0\u00bb0&Prime; medium_width=\u00a0\u00bb4&Prime; mobile_width=\u00a0\u00bb0&Prime; width=\u00a0\u00bb1\/2&Prime; uncode_shortcode_id=\u00a0\u00bb190347&Prime;][vc_column_text css_animation=\u00a0\u00bbbottom-t-top\u00a0\u00bb uncode_shortcode_id=\u00a0\u00bb938251&Prime;]Enti\u00e8rement \u00e9quip\u00e9 d&rsquo;un syst\u00e8me d&rsquo;\u00e9clairage, de garde-boue, d&rsquo;un porte-bagages et d&rsquo;une b\u00e9quille, le v\u00e9lo eCity est toujours pr\u00eat \u00e0 l&#8217;emploi. Des composants confortables et des pneus anti-crevaison rendent chaque trajet relaxant \u2013 par tous les temps.[\/vc_column_text][\/vc_column_inner][\/vc_row_inner][vc_empty_space][vc_row_inner row_inner_height_percent=\u00a0\u00bb0&Prime; overlay_alpha=\u00a0\u00bb50&Prime; gutter_size=\u00a0\u00bb3&Prime; shift_y=\u00a0\u00bb0&Prime; z_index=\u00a0\u00bb0&Prime; limit_content=\u00a0\u00bb\u00a0\u00bb uncode_shortcode_id=\u00a0\u00bb117169&Prime;][vc_column_inner column_width_percent=\u00a0\u00bb100&Prime; align_horizontal=\u00a0\u00bbalign_center\u00a0\u00bb gutter_size=\u00a0\u00bb3&Prime; overlay_alpha=\u00a0\u00bb50&Prime; shift_x=\u00a0\u00bb0&Prime; shift_y=\u00a0\u00bb0&Prime; shift_y_down=\u00a0\u00bb0&Prime; z_index=\u00a0\u00bb0&Prime; medium_width=\u00a0\u00bb0&Prime; mobile_width=\u00a0\u00bb0&Prime; width=\u00a0\u00bb1\/1&Prime; uncode_shortcode_id=\u00a0\u00bb705345&Prime;][vc_custom_heading heading_semantic=\u00a0\u00bbh4&Prime; text_size=\u00a0\u00bbh4&Prime; css_animation=\u00a0\u00bbbottom-t-top\u00a0\u00bb uncode_shortcode_id=\u00a0\u00bb165394&Prime;]Un e-bike pour tous ceux qui veulent traverser le quotidien sans stress, confortablement et de mani\u00e8re fiable.[\/vc_custom_heading][\/vc_column_inner][\/vc_row_inner][vc_empty_space][vc_row_inner row_inner_height_percent=\u00a0\u00bb0&Prime; overlay_alpha=\u00a0\u00bb50&Prime; gutter_size=\u00a0\u00bb3&Prime; shift_y=\u00a0\u00bb0&Prime; z_index=\u00a0\u00bb0&Prime; limit_content=\u00a0\u00bb\u00a0\u00bb uncode_shortcode_id=\u00a0\u00bb117169&Prime;][vc_column_inner width=\u00a0\u00bb1\/6&Prime;][vc_icon icon_image=\u00a0\u00bb176861&Prime; media_size=\u00a0\u00bb100&Prime; heading_semantic=\u00a0\u00bbh4&Prime; text_size=\u00a0\u00bbh4&Prime; uncode_shortcode_id=\u00a0\u00bb190712&Prime; title=\u00a0\u00bbUn e-citybike pour la route et les chemins de terre\u00a0\u00bb][\/vc_icon][vc_progress_bar values=\u00a0\u00bb%5B%7B%22label%22%3A%22Rue%22%2C%22value%22%3A%22100%22%2C%22bar_color_type%22%3A%22uncode-palette%22%2C%22bar_color%22%3A%22color-jevc%22%2C%22bar_color_solid%22%3A%22%23ff0000%22%2C%22back_color_type%22%3A%22uncode-palette%22%2C%22back_color_solid%22%3A%22%23ff0000%22%7D%2C%7B%22label%22%3A%22Sentiers%20en%20for%5Cu00eat%20%26amp%3B%20en%20gravier%22%2C%22value%22%3A%22100%22%2C%22bar_color_type%22%3A%22uncode-palette%22%2C%22bar_color%22%3A%22color-jevc%22%2C%22bar_color_solid%22%3A%22%23ff0000%22%2C%22back_color_type%22%3A%22uncode-palette%22%2C%22back_color_solid%22%3A%22%23ff0000%22%7D%2C%7B%22label%22%3A%22Pistes%5C%2Fterrain%22%2C%22value%22%3A%2220%22%2C%22bar_color_type%22%3A%22uncode-palette%22%2C%22bar_color%22%3A%22color-jevc%22%2C%22bar_color_solid%22%3A%22%23ff0000%22%2C%22back_color_type%22%3A%22uncode-palette%22%2C%22back_color_solid%22%3A%22%23ff0000%22%7D%5D\u00a0\u00bb][\/vc_column_inner][vc_column_inner column_width_percent=\u00a0\u00bb100&Prime; gutter_size=\u00a0\u00bb3&Prime; overlay_alpha=\u00a0\u00bb50&Prime; shift_x=\u00a0\u00bb0&Prime; shift_y=\u00a0\u00bb0&Prime; shift_y_down=\u00a0\u00bb0&Prime; z_index=\u00a0\u00bb0&Prime; medium_width=\u00a0\u00bb0&Prime; mobile_width=\u00a0\u00bb0&Prime; width=\u00a0\u00bb1\/6&Prime; uncode_shortcode_id=\u00a0\u00bb545052&Prime;][vc_icon icon_image=\u00a0\u00bb176829&Prime; media_size=\u00a0\u00bb100&Prime; heading_semantic=\u00a0\u00bbh4&Prime; text_size=\u00a0\u00bbh4&Prime; uncode_shortcode_id=\u00a0\u00bb219249&Prime; title=\u00a0\u00bbJusqu&#039;\u00e0 plus de 200km de port\u00e9e\u00a0\u00bb]Selon le niveau d&rsquo;assistance, le profil de la route, etc., tu peux parcourir plus de 200 km avec une charge. <a href=\"https:\/\/www.bosch-ebike.com\/ch\/service\/reichweiten-assistent\" target=\"_blank\" rel=\"noopener\">Calcule ici ton autonomie.<\/a>[\/vc_icon][\/vc_column_inner][vc_column_inner width=\u00a0\u00bb1\/6&Prime;][vc_icon icon_image=\u00a0\u00bb176833&Prime; media_size=\u00a0\u00bb100&Prime; heading_semantic=\u00a0\u00bbh4&Prime; text_size=\u00a0\u00bbh4&Prime; uncode_shortcode_id=\u00a0\u00bb621760&Prime; title=\u00a0\u00bbLe moteur le plus puissant de Bosch\u00a0\u00bb]Compact mais puissant, avec jusqu&rsquo;\u00e0 85Nm. Et avec un soutien jusqu&rsquo;\u00e0 quatre fois sup\u00e9rieur \u00e0 ta force de p\u00e9dalage.[\/vc_icon][\/vc_column_inner][vc_column_inner width=\u00a0\u00bb1\/6&Prime;][vc_icon icon_image=\u00a0\u00bb176825&Prime; media_size=\u00a0\u00bb100&Prime; heading_semantic=\u00a0\u00bbh4&Prime; text_size=\u00a0\u00bbh4&Prime; uncode_shortcode_id=\u00a0\u00bb161415&Prime; title=\u00a0\u00bbDouble la vitesse de chargement\u00a0\u00bb]Chez eFRAMER, le chargeur rapide est fourni en standard. Ainsi, ton temps de chargement est r\u00e9duit de moiti\u00e9.[\/vc_icon][\/vc_column_inner][vc_column_inner width=\u00a0\u00bb1\/6&Prime;][vc_icon icon_image=\u00a0\u00bb176841&Prime; media_size=\u00a0\u00bb100&Prime; heading_semantic=\u00a0\u00bbh4&Prime; text_size=\u00a0\u00bbh4&Prime; uncode_shortcode_id=\u00a0\u00bb471383&Prime; title=\u00a0\u00bbL&#039;application multifonctionnelle\u00a0\u00bb]T\u00e9l\u00e9charge l&rsquo;application gratuite eBike Flow de Bosch et utilise tout le potentiel de ton v\u00e9lo \u00e9lectrique<a href=\"https:\/\/www.bosch-ebike.com\/ch\/produkte\/ebike-flow-app\">(plus d&rsquo;infos<\/a>).[\/vc_icon][\/vc_column_inner][vc_column_inner width=\u00a0\u00bb1\/6&Prime;][vc_icon icon_image=\u00a0\u00bb176865&Prime; media_size=\u00a0\u00bb100&Prime; heading_semantic=\u00a0\u00bbh4&Prime; text_size=\u00a0\u00bbh4&Prime; uncode_shortcode_id=\u00a0\u00bb145357&Prime; title=\u00a0\u00bbPersonnalise ton e-bike\u00a0\u00bb]Commande les accessoires correspondants en m\u00eame temps et transforme ton e-bike en ton eFRAMER.[\/vc_icon][\/vc_column_inner][\/vc_row_inner][\/vc_column][\/vc_row][vc_row unlock_row_content=\u00a0\u00bbyes\u00a0\u00bb row_height_percent=\u00a0\u00bb0&Prime; override_padding=\u00a0\u00bbyes\u00a0\u00bb h_padding=\u00a0\u00bb7&Prime; top_padding=\u00a0\u00bb0&Prime; bottom_padding=\u00a0\u00bb0&Prime; overlay_alpha=\u00a0\u00bb100&Prime; gutter_size=\u00a0\u00bb100&Prime; column_width_percent=\u00a0\u00bb100&Prime; shift_y=\u00a0\u00bb0&Prime; z_index=\u00a0\u00bb0&Prime; top_divider=\u00a0\u00bbgradient\u00a0\u00bb content_parallax=\u00a0\u00bb0&Prime; style=\u00a0\u00bbinherited\u00a0\u00bb uncode_shortcode_id=\u00a0\u00bb559174&Prime;][vc_column column_width_percent=\u00a0\u00bb100&Prime; align_horizontal=\u00a0\u00bbalign_center\u00a0\u00bb gutter_size=\u00a0\u00bb3&Prime; overlay_alpha=\u00a0\u00bb50&Prime; shift_x=\u00a0\u00bb0&Prime; shift_y=\u00a0\u00bb0&Prime; shift_y_down=\u00a0\u00bb0&Prime; z_index=\u00a0\u00bb0&Prime; medium_width=\u00a0\u00bb0&Prime; mobile_width=\u00a0\u00bb0&Prime; css_animation=\u00a0\u00bbzoom-in\u00a0\u00bb zoom_width=\u00a0\u00bb0&Prime; zoom_height=\u00a0\u00bb0&Prime; width=\u00a0\u00bb1\/1&Prime; uncode_shortcode_id=\u00a0\u00bb121177&Prime;][vc_gallery el_id=\u00a0\u00bbgallery-958453445&Prime; type=\u00a0\u00bbcarousel\u00a0\u00bb random=\u00a0\u00bbyes\u00a0\u00bb medias=\u00a0\u00bb173605,173606,173607,173608,173609,173610,173611,173612&Prime; carousel_lg=\u00a0\u00bb3&Prime; carousel_md=\u00a0\u00bb2&Prime; carousel_sm=\u00a0\u00bb1&Prime; thumb_size=\u00a0\u00bbone-one\u00a0\u00bb gutter_size=\u00a0\u00bb3&Prime; media_items=\u00a0\u00bbmedia,icon\u00a0\u00bb carousel_interval=\u00a0\u00bb5000&Prime; carousel_navspeed=\u00a0\u00bb400&Prime; carousel_loop=\u00a0\u00bbyes\u00a0\u00bb carousel_overflow=\u00a0\u00bbyes\u00a0\u00bb carousel_dots=\u00a0\u00bbyes\u00a0\u00bb carousel_dots_mobile=\u00a0\u00bbyes\u00a0\u00bb stage_padding=\u00a0\u00bb0&Prime; single_overlay_opacity=\u00a0\u00bb50&Prime; single_overlay_anim=\u00a0\u00bbno\u00a0\u00bb single_text_anim=\u00a0\u00bbno\u00a0\u00bb single_h_align=\u00a0\u00bbcenter\u00a0\u00bb single_padding=\u00a0\u00bb2&Prime; single_border=\u00a0\u00bbyes\u00a0\u00bb lbox_caption=\u00a0\u00bbyes\u00a0\u00bb no_double_tap=\u00a0\u00bbyes\u00a0\u00bb carousel_rtl=\u00a0\u00bb\u00a0\u00bb single_title_uppercase=\u00a0\u00bb\u00a0\u00bb single_title_bold=\u00a0\u00bb\u00a0\u00bb single_title_serif=\u00a0\u00bb\u00a0\u00bb onclick=\u00a0\u00bblink_image\u00a0\u00bb custom_links_target=\u00a0\u00bb_self\u00a0\u00bb items=\u00a0\u00bbeyI4ODY4X2kiOnsic2luZ2xlX3dpZHRoIjoiNCIsInNpbmdsZV9oZWlnaHQiOiI0In0sIjg4NjJfaSI6eyJzaW5nbGVfd2lkdGgiOiI0Iiwic2luZ2xlX2hlaWdodCI6IjQifSwiODg2MF9pIjp7InNpbmdsZV93aWR0aCI6IjQifX0=\u00a0\u00bb single_half_padding=\u00a0\u00bb\u00a0\u00bb single_no_background=\u00a0\u00bb\u00a0\u00bb uncode_shortcode_id=\u00a0\u00bb194489&Prime;][\/vc_column][\/vc_row][vc_row row_height_percent=\u00a0\u00bb0&Prime; override_padding=\u00a0\u00bbyes\u00a0\u00bb h_padding=\u00a0\u00bb2&Prime; top_padding=\u00a0\u00bb4&Prime; bottom_padding=\u00a0\u00bb0&Prime; overlay_alpha=\u00a0\u00bb50&Prime; gutter_size=\u00a0\u00bb3&Prime; column_width_percent=\u00a0\u00bb100&Prime; shift_y=\u00a0\u00bb0&Prime; z_index=\u00a0\u00bb0&Prime; content_parallax=\u00a0\u00bb0&Prime; uncode_shortcode_id=\u00a0\u00bb173268&Prime;][vc_column column_width_percent=\u00a0\u00bb100&Prime; align_horizontal=\u00a0\u00bbalign_center\u00a0\u00bb gutter_size=\u00a0\u00bb3&Prime; overlay_alpha=\u00a0\u00bb50&Prime; shift_x=\u00a0\u00bb0&Prime; shift_y=\u00a0\u00bb0&Prime; shift_y_down=\u00a0\u00bb0&Prime; z_index=\u00a0\u00bb0&Prime; medium_width=\u00a0\u00bb0&Prime; mobile_width=\u00a0\u00bb0&Prime; width=\u00a0\u00bb1\/1&Prime; uncode_shortcode_id=\u00a0\u00bb159441&Prime;][vc_custom_heading css_animation=\u00a0\u00bbperspective\u00a0\u00bb animation_speed=\u00a0\u00bb1000&Prime; uncode_shortcode_id=\u00a0\u00bb685027&Prime;]Services tout compris[\/vc_custom_heading][uncode_block id=\u00a0\u00bb171806&Prime;][\/vc_column][\/vc_row][vc_row row_height_percent=\u00a0\u00bb0&Prime; override_padding=\u00a0\u00bbyes\u00a0\u00bb h_padding=\u00a0\u00bb2&Prime; top_padding=\u00a0\u00bb4&Prime; bottom_padding=\u00a0\u00bb0&Prime; overlay_alpha=\u00a0\u00bb50&Prime; gutter_size=\u00a0\u00bb3&Prime; column_width_percent=\u00a0\u00bb100&Prime; shift_y=\u00a0\u00bb0&Prime; z_index=\u00a0\u00bb0&Prime; content_parallax=\u00a0\u00bb0&Prime; uncode_shortcode_id=\u00a0\u00bb778058&Prime;][vc_column column_width_percent=\u00a0\u00bb100&Prime; align_horizontal=\u00a0\u00bbalign_center\u00a0\u00bb gutter_size=\u00a0\u00bb3&Prime; overlay_alpha=\u00a0\u00bb50&Prime; shift_x=\u00a0\u00bb0&Prime; shift_y=\u00a0\u00bb0&Prime; shift_y_down=\u00a0\u00bb0&Prime; z_index=\u00a0\u00bb0&Prime; medium_width=\u00a0\u00bb0&Prime; mobile_width=\u00a0\u00bb0&Prime; width=\u00a0\u00bb1\/1&Prime; uncode_shortcode_id=\u00a0\u00bb823993&Prime;][vc_custom_heading separator=\u00a0\u00bbyes\u00a0\u00bb sub_lead=\u00a0\u00bbyes\u00a0\u00bb css_animation=\u00a0\u00bbperspective\u00a0\u00bb animation_speed=\u00a0\u00bb1000&Prime; uncode_shortcode_id=\u00a0\u00bb135160&Prime; subheading=\u00a0\u00bbDans des cas exceptionnels, un composant install\u00e9 peut s&apos;\u00e9carter de la sp\u00e9cification et \u00eatre remplac\u00e9 de mani\u00e8re \u00e9quivalente.\u00a0\u00bb]Sp\u00e9cifications[\/vc_custom_heading][\/vc_column][\/vc_row][vc_row row_height_percent=\u00a0\u00bb0&Prime; override_padding=\u00a0\u00bbyes\u00a0\u00bb h_padding=\u00a0\u00bb2&Prime; top_padding=\u00a0\u00bb3&Prime; bottom_padding=\u00a0\u00bb4&Prime; overlay_alpha=\u00a0\u00bb50&Prime; gutter_size=\u00a0\u00bb4&Prime; column_width_percent=\u00a0\u00bb100&Prime; shift_y=\u00a0\u00bb0&Prime; z_index=\u00a0\u00bb0&Prime; top_divider=\u00a0\u00bbgradient\u00a0\u00bb content_parallax=\u00a0\u00bb0&Prime; uncode_shortcode_id=\u00a0\u00bb188138&Prime;][vc_column column_width_percent=\u00a0\u00bb100&Prime; gutter_size=\u00a0\u00bb2&Prime; overlay_alpha=\u00a0\u00bb50&Prime; shift_x=\u00a0\u00bb0&Prime; shift_y=\u00a0\u00bb0&Prime; shift_y_down=\u00a0\u00bb0&Prime; z_index=\u00a0\u00bb0&Prime; medium_width=\u00a0\u00bb3&Prime; mobile_width=\u00a0\u00bb0&Prime; width=\u00a0\u00bb1\/6&Prime; uncode_shortcode_id=\u00a0\u00bb789106&Prime;][\/vc_column][vc_column column_width_percent=\u00a0\u00bb100&Prime; gutter_size=\u00a0\u00bb3&Prime; overlay_alpha=\u00a0\u00bb50&Prime; shift_x=\u00a0\u00bb0&Prime; shift_y=\u00a0\u00bb0&Prime; shift_y_down=\u00a0\u00bb0&Prime; z_index=\u00a0\u00bb0&Prime; medium_width=\u00a0\u00bb0&Prime; mobile_width=\u00a0\u00bb0&Prime; css_animation=\u00a0\u00bbbottom-t-top\u00a0\u00bb width=\u00a0\u00bb2\/3&Prime; uncode_shortcode_id=\u00a0\u00bb118137&Prime;][vc_accordion sign=\u00a0\u00bbplus\u00a0\u00bb sign_size=\u00a0\u00bbmd\u00a0\u00bb gutter_simple=\u00a0\u00bb0&Prime; uncode_shortcode_id=\u00a0\u00bb169135&Prime; active_tab=\u00a0\u00bb0&Prime;][vc_accordion_tab icon=\u00a0\u00bbfa fa-plug\u00a0\u00bb gutter_size=\u00a0\u00bb2&Prime; column_padding=\u00a0\u00bb2&Prime; title=\u00a0\u00bbEntra\u00eenement\u00a0\u00bb tab_id=\u00a0\u00bb1768974635-1-309&Prime;][vc_column_text uncode_shortcode_id=\u00a0\u00bb186101&Prime;]<\/p>\n<table class=\"table-wide\">\n<thead>\n<tr>\n<th>Moteur<\/th>\n<td>Bosch Performance Line CX 85Nm<\/td>\n<\/tr>\n<\/thead>\n<tbody>\n<tr>\n<th>Batterie<\/th>\n<td>Bosch 800Wh PowerTube<\/td>\n<\/tr>\n<tr>\n<th>\u00c9cran<\/th>\n<td>Unit\u00e9 de commande Bosch System LED Controller mont\u00e9e sur le guidon, avec \u00e9cran Bosch Intuvia 100, compatible avec l&rsquo;application eBike Flow<\/td>\n<\/tr>\n<tr>\n<th>Chargeur<\/th>\n<td>Chargeur rapide Bosch 4 Ah<\/td>\n<\/tr>\n<\/tbody>\n<\/table>\n<p>[\/vc_column_text][\/vc_accordion_tab][vc_accordion_tab icon=\u00a0\u00bbfa fa-bicycle\u00a0\u00bb gutter_size=\u00a0\u00bb2&Prime; column_padding=\u00a0\u00bb2&Prime; title=\u00a0\u00bbCadre\u00a0\u00bb tab_id=\u00a0\u00bb1768976657661-1-10&Prime;][vc_column_text uncode_shortcode_id=\u00a0\u00bb158903&Prime;]<\/p>\n<table class=\"table-wide\">\n<thead>\n<tr>\n<th>Cadre<\/th>\n<td>Aluminium, g\u00e9om\u00e9trie Comfort Ride, tube de t\u00eate conique, Premium Comfort And Safety, porte-bagages semi-int\u00e9gr\u00e9, batterie enti\u00e8rement int\u00e9gr\u00e9e<\/td>\n<\/tr>\n<\/thead>\n<tbody>\n<tr>\n<th>Couleurs<\/th>\n<td>Argent clair semi-mat &amp; RAL 110-1 mat<\/td>\n<\/tr>\n<tr>\n<th>Tailles<\/th>\n<td>S=45cm \/ M=50cm \/ L=55cm<\/td>\n<\/tr>\n<\/tbody>\n<\/table>\n<p>[\/vc_column_text][\/vc_accordion_tab][vc_accordion_tab icon=\u00a0\u00bbfa fa-text-align-center\u00a0\u00bb gutter_size=\u00a0\u00bb2&Prime; column_padding=\u00a0\u00bb2&Prime; title=\u00a0\u00bbCh\u00e2ssis\u00a0\u00bb tab_id=\u00a0\u00bb1769148383577-2-9&Prime;][vc_column_text uncode_shortcode_id=\u00a0\u00bb115628&Prime;]<\/p>\n<table class=\"table-wide\">\n<thead>\n<tr>\n<th>Fourche<\/th>\n<td>Fourche \u00e0 suspension SR Suntour Mobie A32 Tapered, 15x100mm, d\u00e9battement 75mm<\/td>\n<\/tr>\n<\/thead>\n<\/table>\n<p>[\/vc_column_text][\/vc_accordion_tab][vc_accordion_tab icon=\u00a0\u00bbfa fa-sun-o\u00a0\u00bb gutter_size=\u00a0\u00bb2&Prime; column_padding=\u00a0\u00bb2&Prime; title=\u00a0\u00bbCircuit &amp; freins\u00a0\u00bb tab_id=\u00a0\u00bb1769148399192-3-5&Prime;][vc_column_text uncode_shortcode_id=\u00a0\u00bb170885&Prime;]<\/p>\n<table class=\"table-wide\">\n<thead>\n<tr>\n<th>Bo\u00eete \u00e0 vitesses<\/th>\n<td>Vitesse au moyeu Shimano SG-C7000-5D 5 vitesses<\/td>\n<\/tr>\n<\/thead>\n<tbody>\n<tr>\n<th>Levier de vitesse<\/th>\n<td>Shimano SL-C7000 5 vitesses<\/td>\n<\/tr>\n<tr>\n<th>Courroies<\/th>\n<td>Gates en carbone<\/td>\n<\/tr>\n<tr>\n<th>Freins<\/th>\n<td>Shimano MT200 \u00e0 2 pistons<\/td>\n<\/tr>\n<tr>\n<th>Disques de frein<\/th>\n<td>Shimano SM-RT30 180\/160mm<\/td>\n<\/tr>\n<\/tbody>\n<\/table>\n<p>[\/vc_column_text][\/vc_accordion_tab][vc_accordion_tab icon=\u00a0\u00bbfa fa-circle-thin\u00a0\u00bb gutter_size=\u00a0\u00bb2&Prime; column_padding=\u00a0\u00bb2&Prime; title=\u00a0\u00bbRoues\u00a0\u00bb tab_id=\u00a0\u00bb1769148445408-4-0&Prime;][vc_column_text uncode_shortcode_id=\u00a0\u00bb204196&Prime;]<\/p>\n<table class=\"table-wide\">\n<thead>\n<tr>\n<th>Pneus<\/th>\n<td>Schwalbe Energizer Plus 700x50C<\/td>\n<\/tr>\n<\/thead>\n<\/table>\n<p>[\/vc_column_text][\/vc_accordion_tab][vc_accordion_tab icon=\u00a0\u00bbfa fa-lightbulb-o\u00a0\u00bb gutter_size=\u00a0\u00bb2&Prime; column_padding=\u00a0\u00bb2&Prime; title=\u00a0\u00bb\u00c9clairage\u00a0\u00bb tab_id=\u00a0\u00bb1769148461174-5-9&Prime;][vc_column_text uncode_shortcode_id=\u00a0\u00bb831401&Prime;]<\/p>\n<table class=\"table-wide\">\n<thead>\n<tr>\n<th>Lumi\u00e8re frontale<\/th>\n<td>Spanninga Kendo+ 120 lumens<\/td>\n<\/tr>\n<\/thead>\n<tbody>\n<tr>\n<th>Feu arri\u00e8re<\/th>\n<td>Spanninga Glow<\/td>\n<\/tr>\n<\/tbody>\n<\/table>\n<p>[\/vc_column_text][\/vc_accordion_tab][vc_accordion_tab icon=\u00a0\u00bbfa fa-shopping-basket\u00a0\u00bb gutter_size=\u00a0\u00bb2&Prime; column_padding=\u00a0\u00bb2&Prime; title=\u00a0\u00bb\u00c9quipement\u00a0\u00bb tab_id=\u00a0\u00bb1769148461174-5-95&Prime;][vc_column_text uncode_shortcode_id=\u00a0\u00bb176328&Prime;]<\/p>\n<table class=\"table-wide\">\n<thead>\n<tr>\n<th>Guidon<\/th>\n<td>Guidon 680mm 31,8mm Rise 20mm 8\u00b0<\/td>\n<\/tr>\n<\/thead>\n<tbody>\n<tr>\n<th>Potence de guidon<\/th>\n<td>Potence de guidon r\u00e9glable 0-90<\/td>\n<\/tr>\n<tr>\n<th>Poign\u00e9es<\/th>\n<td>Poign\u00e9es Velo VLG-1266 135mm<\/td>\n<\/tr>\n<tr>\n<th>P\u00e9dales<\/th>\n<td>FP-872ZU<\/td>\n<\/tr>\n<\/tbody>\n<\/table>\n<p>[\/vc_column_text][\/vc_accordion_tab][vc_accordion_tab icon=\u00a0\u00bbfa fa-tasks\u00a0\u00bb gutter_size=\u00a0\u00bb2&Prime; column_padding=\u00a0\u00bb2&Prime; title=\u00a0\u00bbMasse\u00a0\u00bb tab_id=\u00a0\u00bb1769148461174-5-93&Prime;][vc_column_text uncode_shortcode_id=\u00a0\u00bb124090&Prime;]<\/p>\n<table class=\"table-wide\">\n<thead>\n<tr>\n<th>Poids e-Bike<\/th>\n<td>29.4kg<\/td>\n<\/tr>\n<\/thead>\n<tbody>\n<tr>\n<th>Poids total autoris\u00e9<\/th>\n<td>120 kg<\/td>\n<\/tr>\n<\/tbody>\n<\/table>\n<p>[\/vc_column_text][\/vc_accordion_tab][vc_accordion_tab icon=\u00a0\u00bbfa fa-file-o\u00a0\u00bb gutter_size=\u00a0\u00bb2&Prime; column_padding=\u00a0\u00bb2&Prime; title=\u00a0\u00bbDocuments\u00a0\u00bb tab_id=\u00a0\u00bb1772124222031-8-6&Prime;][vc_button size=\u00a0\u00bbbtn-link\u00a0\u00bb link=\u00a0\u00bburl:https%3A%2F%2Fe-framer.ch%2Fwp-content%2Fuploads%2F2026%2F02%2FOchsner-Sport-DOC-Belt.pdf|target:_blank|\u00a0\u00bb icon=\u00a0\u00bbfa fa-file-pdf-o\u00a0\u00bb uncode_shortcode_id=\u00a0\u00bb117499&Prime;]D\u00e9claration de conformit\u00e9[\/vc_button][\/vc_accordion_tab][\/vc_accordion][\/vc_column][vc_column width=\u00a0\u00bb1\/6&Prime;][\/vc_column][\/vc_row][vc_row row_height_percent=\u00a0\u00bb0&Prime; override_padding=\u00a0\u00bbyes\u00a0\u00bb h_padding=\u00a0\u00bb2&Prime; top_padding=\u00a0\u00bb4&Prime; bottom_padding=\u00a0\u00bb0&Prime; overlay_alpha=\u00a0\u00bb50&Prime; gutter_size=\u00a0\u00bb3&Prime; column_width_percent=\u00a0\u00bb100&Prime; shift_y=\u00a0\u00bb0&Prime; z_index=\u00a0\u00bb0&Prime; medium_visibility=\u00a0\u00bbyes\u00a0\u00bb mobile_visibility=\u00a0\u00bbyes\u00a0\u00bb content_parallax=\u00a0\u00bb0&Prime; uncode_shortcode_id=\u00a0\u00bb122484&Prime;][vc_column column_width_percent=\u00a0\u00bb100&Prime; align_horizontal=\u00a0\u00bbalign_center\u00a0\u00bb gutter_size=\u00a0\u00bb3&Prime; overlay_alpha=\u00a0\u00bb50&Prime; shift_x=\u00a0\u00bb0&Prime; shift_y=\u00a0\u00bb0&Prime; shift_y_down=\u00a0\u00bb0&Prime; z_index=\u00a0\u00bb0&Prime; medium_width=\u00a0\u00bb0&Prime; mobile_width=\u00a0\u00bb0&Prime; width=\u00a0\u00bb1\/1&Prime; uncode_shortcode_id=\u00a0\u00bb823993&Prime;][vc_custom_heading separator=\u00a0\u00bbyes\u00a0\u00bb sub_lead=\u00a0\u00bbyes\u00a0\u00bb uncode_shortcode_id=\u00a0\u00bb193445&Prime; subheading=\u00a0\u00bbTu choisis tes accessoires directement lors de l&apos;achat. Tout ce que tu commandes est livr\u00e9 mont\u00e9 et pr\u00eat \u00e0 l&apos;emploi. \u00ab\u00a0]Accessoires adapt\u00e9s[\/vc_custom_heading][uncode_index el_id=\u00a0\u00bbindex-794770885&Prime; index_type=\u00a0\u00bbcss_grid\u00a0\u00bb loop=\u00a0\u00bbsize:99|order_by:date|order:ASC|post_type:product|tax_query:208|taxonomy_count:10&Prime; auto_query=\u00a0\u00bbyes\u00a0\u00bb auto_query_type=\u00a0\u00bbrelated\u00a0\u00bb grid_items=\u00a0\u00bb5&Prime; screen_lg_items=\u00a0\u00bb5&Prime; screen_lg_breakpoint=\u00a0\u00bb1000&Prime; screen_md_items=\u00a0\u00bb3&Prime; screen_md_breakpoint=\u00a0\u00bb600&Prime; screen_sm_items=\u00a0\u00bb2&Prime; screen_sm_breakpoint=\u00a0\u00bb480&Prime; gutter_size=\u00a0\u00bb2&Prime; product_items=\u00a0\u00bbtitle|-,media|featured|nolink|original|hide-sale|enhanced-atc|inherit-w-atc|atc-typo-column|hide-atc,text|excerpt,price|default|-\u00a0\u00bb portfolio_items=\u00a0\u00bbtitle,media|featured|onpost|original\u00a0\u00bb single_overlay_opacity=\u00a0\u00bb50&Prime; single_overlay_anim=\u00a0\u00bbno\u00a0\u00bb single_text_anim=\u00a0\u00bbno\u00a0\u00bb single_image_anim=\u00a0\u00bbno\u00a0\u00bb single_secondary=\u00a0\u00bbyes\u00a0\u00bb single_h_align_mobile=\u00a0\u00bbleft\u00a0\u00bb single_padding=\u00a0\u00bb1&Prime; single_title_dimension=\u00a0\u00bbh4&Prime; single_text_lead=\u00a0\u00bbsmall\u00a0\u00bb single_border=\u00a0\u00bbyes\u00a0\u00bb single_css_animation=\u00a0\u00bbbottom-t-top\u00a0\u00bb no_double_tap=\u00a0\u00bbyes\u00a0\u00bb uncode_shortcode_id=\u00a0\u00bb681456&Prime;][\/vc_column][\/vc_row][vc_row row_height_percent=\u00a0\u00bb0&Prime; override_padding=\u00a0\u00bbyes\u00a0\u00bb h_padding=\u00a0\u00bb2&Prime; top_padding=\u00a0\u00bb4&Prime; bottom_padding=\u00a0\u00bb0&Prime; overlay_alpha=\u00a0\u00bb50&Prime; gutter_size=\u00a0\u00bb3&Prime; column_width_percent=\u00a0\u00bb100&Prime; shift_y=\u00a0\u00bb0&Prime; z_index=\u00a0\u00bb0&Prime; desktop_visibility=\u00a0\u00bbyes\u00a0\u00bb content_parallax=\u00a0\u00bb0&Prime; uncode_shortcode_id=\u00a0\u00bb132715&Prime;][vc_column column_width_percent=\u00a0\u00bb100&Prime; align_horizontal=\u00a0\u00bbalign_center\u00a0\u00bb gutter_size=\u00a0\u00bb3&Prime; overlay_alpha=\u00a0\u00bb50&Prime; shift_x=\u00a0\u00bb0&Prime; shift_y=\u00a0\u00bb0&Prime; shift_y_down=\u00a0\u00bb0&Prime; z_index=\u00a0\u00bb0&Prime; medium_width=\u00a0\u00bb0&Prime; mobile_width=\u00a0\u00bb0&Prime; width=\u00a0\u00bb1\/1&Prime; uncode_shortcode_id=\u00a0\u00bb823993&Prime;][vc_custom_heading separator=\u00a0\u00bbyes\u00a0\u00bb sub_lead=\u00a0\u00bbyes\u00a0\u00bb uncode_shortcode_id=\u00a0\u00bb193445&Prime; subheading=\u00a0\u00bbTu choisis tes accessoires directement lors de l&apos;achat. Tout ce que tu commandes est livr\u00e9 mont\u00e9 et pr\u00eat \u00e0 l&apos;emploi. \u00ab\u00a0]Accessoires adapt\u00e9s[\/vc_custom_heading][uncode_index el_id=\u00a0\u00bbindex-7947708855&Prime; index_type=\u00a0\u00bbcarousel\u00a0\u00bb loop=\u00a0\u00bbsize:99|order_by:date|order:ASC|post_type:product|tax_query:208|taxonomy_count:10&Prime; auto_query=\u00a0\u00bbyes\u00a0\u00bb auto_query_type=\u00a0\u00bbrelated\u00a0\u00bb carousel_lg=\u00a0\u00bb6&Prime; carousel_md=\u00a0\u00bb4&Prime; carousel_sm=\u00a0\u00bb2&Prime; thumb_size=\u00a0\u00bbone-one\u00a0\u00bb gutter_size=\u00a0\u00bb2&Prime; product_items=\u00a0\u00bbtitle|-,media|featured|nolink|original|hide-sale|enhanced-atc|inherit-w-atc|atc-typo-column|hide-atc,price|default|-\u00a0\u00bb portfolio_items=\u00a0\u00bbtitle,media|featured|onpost|original\u00a0\u00bb carousel_height=\u00a0\u00bbequal\u00a0\u00bb carousel_autoh=\u00a0\u00bbyes\u00a0\u00bb carousel_interval=\u00a0\u00bb0&Prime; carousel_navspeed=\u00a0\u00bb400&Prime; carousel_nav=\u00a0\u00bbyes\u00a0\u00bb carousel_nav_mobile=\u00a0\u00bbyes\u00a0\u00bb carousel_dots=\u00a0\u00bbyes\u00a0\u00bb carousel_dots_mobile=\u00a0\u00bbyes\u00a0\u00bb stage_padding=\u00a0\u00bb0&Prime; single_overlay_opacity=\u00a0\u00bb50&Prime; single_overlay_anim=\u00a0\u00bbno\u00a0\u00bb single_text_anim=\u00a0\u00bbno\u00a0\u00bb single_image_anim=\u00a0\u00bbno\u00a0\u00bb single_secondary=\u00a0\u00bbyes\u00a0\u00bb single_h_align=\u00a0\u00bbcenter\u00a0\u00bb single_padding=\u00a0\u00bb1&Prime; single_title_dimension=\u00a0\u00bbh6&Prime; single_border=\u00a0\u00bbyes\u00a0\u00bb single_css_animation=\u00a0\u00bbbottom-t-top\u00a0\u00bb no_double_tap=\u00a0\u00bbyes\u00a0\u00bb uncode_shortcode_id=\u00a0\u00bb797524&Prime;][\/vc_column][\/vc_row]<\/p>\n<\/div>","protected":false},"excerpt":{"rendered":"<p>Le meilleur confort et la meilleure s\u00e9curit\u00e9 avec la courroie dent\u00e9e. Un v\u00e9lo de ville \u00e9lectronique pour des excursions et des trajets sans stress et sans entretien pour aller faire des courses ou aller au travail. <\/p>\n","protected":false},"featured_media":173613,"template":"","meta":[],"product_brand":[],"product_cat":[414,413],"product_tag":[],"class_list":{"0":"post-173604","1":"product","2":"type-product","3":"status-publish","4":"has-post-thumbnail","6":"product_cat-accessoires-courroie","7":"product_cat-courroie","9":"first","10":"instock","11":"sale","12":"featured","13":"taxable","14":"shipping-taxable","15":"purchasable","16":"product-type-variable"},"yoast_head":"<!-- This site is optimized with the Yoast SEO Premium plugin v27.4 (Yoast SEO v27.4) - https:\/\/yoast.com\/product\/yoast-seo-premium-wordpress\/ -->\n<title>eUrban Belt - eFRAMER \u2013 Premium Swiss e-Bikes &amp; Services<\/title>\n<meta name=\"robots\" content=\"index, follow, max-snippet:-1, max-image-preview:large, max-video-preview:-1\" \/>\n<link rel=\"canonical\" href=\"https:\/\/e-framer.ch\/fr\/produkt\/eurban-belt\/\" \/>\n<meta property=\"og:locale\" content=\"fr_FR\" \/>\n<meta property=\"og:type\" content=\"article\" \/>\n<meta property=\"og:title\" content=\"eUrban Belt\" \/>\n<meta property=\"og:description\" content=\"Le meilleur confort et la meilleure s\u00e9curit\u00e9 avec la courroie dent\u00e9e. Un v\u00e9lo de ville \u00e9lectronique pour des excursions et des trajets sans stress et sans entretien pour aller faire des courses ou aller au travail.\" \/>\n<meta property=\"og:url\" content=\"https:\/\/e-framer.ch\/fr\/produkt\/eurban-belt\/\" \/>\n<meta property=\"og:site_name\" content=\"eFRAMER \u2013 Premium Swiss e-Bikes &amp; Services\" \/>\n<meta property=\"article:publisher\" content=\"https:\/\/www.facebook.com\/profile.php?id=100063641028577#\" \/>\n<meta property=\"article:modified_time\" content=\"2026-04-25T22:21:45+00:00\" \/>\n<meta property=\"og:image\" content=\"https:\/\/e-framer.ch\/wp-content\/uploads\/2025\/12\/00b-belt-scaled.png\" \/>\n\t<meta property=\"og:image:width\" content=\"2560\" \/>\n\t<meta property=\"og:image:height\" content=\"2126\" \/>\n\t<meta property=\"og:image:type\" content=\"image\/png\" \/>\n<meta name=\"twitter:card\" content=\"summary_large_image\" \/>\n<meta name=\"twitter:label1\" content=\"Disponibilit\u00e9\" \/>\n\t<meta name=\"twitter:data1\" content=\"En stock\" \/>\n<script type=\"application\/ld+json\" class=\"yoast-schema-graph\">{\"@context\":\"https:\\\/\\\/schema.org\",\"@graph\":[{\"@type\":\"WebPage\",\"@id\":\"https:\\\/\\\/e-framer.ch\\\/fr\\\/produkt\\\/eurban-belt\\\/\",\"url\":\"https:\\\/\\\/e-framer.ch\\\/fr\\\/produkt\\\/eurban-belt\\\/\",\"name\":\"eUrban Belt - eFRAMER \u2013 Premium Swiss e-Bikes &amp; Services\",\"isPartOf\":{\"@id\":\"https:\\\/\\\/e-framer.ch\\\/fr\\\/#website\"},\"primaryImageOfPage\":{\"@id\":\"https:\\\/\\\/e-framer.ch\\\/fr\\\/produkt\\\/eurban-belt\\\/#primaryimage\"},\"image\":{\"@id\":\"https:\\\/\\\/e-framer.ch\\\/fr\\\/produkt\\\/eurban-belt\\\/#primaryimage\"},\"thumbnailUrl\":\"https:\\\/\\\/e-framer.ch\\\/wp-content\\\/uploads\\\/2025\\\/12\\\/00b-belt-scaled.png\",\"datePublished\":\"2026-01-28T02:47:03+00:00\",\"dateModified\":\"2026-04-25T22:21:45+00:00\",\"breadcrumb\":{\"@id\":\"https:\\\/\\\/e-framer.ch\\\/fr\\\/produkt\\\/eurban-belt\\\/#breadcrumb\"},\"inLanguage\":\"fr-FR\",\"potentialAction\":[{\"@type\":\"ReadAction\",\"target\":[\"https:\\\/\\\/e-framer.ch\\\/fr\\\/produkt\\\/eurban-belt\\\/\"]}]},{\"@type\":\"ImageObject\",\"inLanguage\":\"fr-FR\",\"@id\":\"https:\\\/\\\/e-framer.ch\\\/fr\\\/produkt\\\/eurban-belt\\\/#primaryimage\",\"url\":\"https:\\\/\\\/e-framer.ch\\\/wp-content\\\/uploads\\\/2025\\\/12\\\/00b-belt-scaled.png\",\"contentUrl\":\"https:\\\/\\\/e-framer.ch\\\/wp-content\\\/uploads\\\/2025\\\/12\\\/00b-belt-scaled.png\",\"width\":2560,\"height\":2126},{\"@type\":\"BreadcrumbList\",\"@id\":\"https:\\\/\\\/e-framer.ch\\\/fr\\\/produkt\\\/eurban-belt\\\/#breadcrumb\",\"itemListElement\":[{\"@type\":\"ListItem\",\"position\":1,\"name\":\"Start\",\"item\":\"https:\\\/\\\/e-framer.ch\\\/fr\\\/\"},{\"@type\":\"ListItem\",\"position\":2,\"name\":\"Nos mod\u00e8les &amp; les accessoires\",\"item\":\"https:\\\/\\\/e-framer.ch\\\/shop\\\/\"},{\"@type\":\"ListItem\",\"position\":3,\"name\":\"eUrban Belt\"}]},{\"@type\":\"WebSite\",\"@id\":\"https:\\\/\\\/e-framer.ch\\\/fr\\\/#website\",\"url\":\"https:\\\/\\\/e-framer.ch\\\/fr\\\/\",\"name\":\"eFRAMER \u2013 Premium Swiss e-Bikes & Services\",\"description\":\"Die Schweizer e-Bike Marke mit hochwertigen e-Bikes und Premium-Services.\",\"publisher\":{\"@id\":\"https:\\\/\\\/e-framer.ch\\\/fr\\\/#organization\"},\"potentialAction\":[{\"@type\":\"SearchAction\",\"target\":{\"@type\":\"EntryPoint\",\"urlTemplate\":\"https:\\\/\\\/e-framer.ch\\\/fr\\\/?s={search_term_string}\"},\"query-input\":{\"@type\":\"PropertyValueSpecification\",\"valueRequired\":true,\"valueName\":\"search_term_string\"}}],\"inLanguage\":\"fr-FR\"},{\"@type\":\"Organization\",\"@id\":\"https:\\\/\\\/e-framer.ch\\\/fr\\\/#organization\",\"name\":\"eFRAMER \u2013 Premium Swiss e-Bikes & Services\",\"url\":\"https:\\\/\\\/e-framer.ch\\\/fr\\\/\",\"logo\":{\"@type\":\"ImageObject\",\"inLanguage\":\"fr-FR\",\"@id\":\"https:\\\/\\\/e-framer.ch\\\/fr\\\/#\\\/schema\\\/logo\\\/image\\\/\",\"url\":\"https:\\\/\\\/e-framer.ch\\\/wp-content\\\/uploads\\\/2026\\\/01\\\/eFRAMER_FIGURATIVE_POS.svg\",\"contentUrl\":\"https:\\\/\\\/e-framer.ch\\\/wp-content\\\/uploads\\\/2026\\\/01\\\/eFRAMER_FIGURATIVE_POS.svg\",\"width\":\"50\",\"height\":\"50\",\"caption\":\"eFRAMER \u2013 Premium Swiss e-Bikes & Services\"},\"image\":{\"@id\":\"https:\\\/\\\/e-framer.ch\\\/fr\\\/#\\\/schema\\\/logo\\\/image\\\/\"},\"sameAs\":[\"https:\\\/\\\/www.facebook.com\\\/profile.php?id=100063641028577#\",\"https:\\\/\\\/www.instagram.com\\\/e_framer.ch\\\/\",\"https:\\\/\\\/www.youtube.com\\\/@eframer\"]}]}<\/script>\n<meta property=\"og:availability\" content=\"instock\" \/>\n<meta property=\"product:availability\" content=\"instock\" \/>\n<meta property=\"product:retailer_item_id\" content=\"57090136\" \/>\n<meta property=\"product:condition\" content=\"new\" \/>\n<!-- \/ Yoast SEO Premium plugin. -->","yoast_head_json":{"title":"eUrban Belt - eFRAMER \u2013 Premium Swiss e-Bikes &amp; Services","robots":{"index":"index","follow":"follow","max-snippet":"max-snippet:-1","max-image-preview":"max-image-preview:large","max-video-preview":"max-video-preview:-1"},"canonical":"https:\/\/e-framer.ch\/fr\/produkt\/eurban-belt\/","og_locale":"fr_FR","og_type":"article","og_title":"eUrban Belt","og_description":"Le meilleur confort et la meilleure s\u00e9curit\u00e9 avec la courroie dent\u00e9e. Un v\u00e9lo de ville \u00e9lectronique pour des excursions et des trajets sans stress et sans entretien pour aller faire des courses ou aller au travail.","og_url":"https:\/\/e-framer.ch\/fr\/produkt\/eurban-belt\/","og_site_name":"eFRAMER \u2013 Premium Swiss e-Bikes &amp; Services","article_publisher":"https:\/\/www.facebook.com\/profile.php?id=100063641028577#","article_modified_time":"2026-04-25T22:21:45+00:00","og_image":[{"width":2560,"height":2126,"url":"https:\/\/e-framer.ch\/wp-content\/uploads\/2025\/12\/00b-belt-scaled.png","type":"image\/png"}],"twitter_card":"summary_large_image","twitter_misc":{"Disponibilit\u00e9":"En stock"},"schema":{"@context":"https:\/\/schema.org","@graph":[{"@type":"WebPage","@id":"https:\/\/e-framer.ch\/fr\/produkt\/eurban-belt\/","url":"https:\/\/e-framer.ch\/fr\/produkt\/eurban-belt\/","name":"eUrban Belt - eFRAMER \u2013 Premium Swiss e-Bikes &amp; Services","isPartOf":{"@id":"https:\/\/e-framer.ch\/fr\/#website"},"primaryImageOfPage":{"@id":"https:\/\/e-framer.ch\/fr\/produkt\/eurban-belt\/#primaryimage"},"image":{"@id":"https:\/\/e-framer.ch\/fr\/produkt\/eurban-belt\/#primaryimage"},"thumbnailUrl":"https:\/\/e-framer.ch\/wp-content\/uploads\/2025\/12\/00b-belt-scaled.png","datePublished":"2026-01-28T02:47:03+00:00","dateModified":"2026-04-25T22:21:45+00:00","breadcrumb":{"@id":"https:\/\/e-framer.ch\/fr\/produkt\/eurban-belt\/#breadcrumb"},"inLanguage":"fr-FR","potentialAction":[{"@type":"ReadAction","target":["https:\/\/e-framer.ch\/fr\/produkt\/eurban-belt\/"]}]},{"@type":"ImageObject","inLanguage":"fr-FR","@id":"https:\/\/e-framer.ch\/fr\/produkt\/eurban-belt\/#primaryimage","url":"https:\/\/e-framer.ch\/wp-content\/uploads\/2025\/12\/00b-belt-scaled.png","contentUrl":"https:\/\/e-framer.ch\/wp-content\/uploads\/2025\/12\/00b-belt-scaled.png","width":2560,"height":2126},{"@type":"BreadcrumbList","@id":"https:\/\/e-framer.ch\/fr\/produkt\/eurban-belt\/#breadcrumb","itemListElement":[{"@type":"ListItem","position":1,"name":"Start","item":"https:\/\/e-framer.ch\/fr\/"},{"@type":"ListItem","position":2,"name":"Nos mod\u00e8les &amp; les accessoires","item":"https:\/\/e-framer.ch\/shop\/"},{"@type":"ListItem","position":3,"name":"eUrban Belt"}]},{"@type":"WebSite","@id":"https:\/\/e-framer.ch\/fr\/#website","url":"https:\/\/e-framer.ch\/fr\/","name":"eFRAMER \u2013 Premium Swiss e-Bikes & Services","description":"Die Schweizer e-Bike Marke mit hochwertigen e-Bikes und Premium-Services.","publisher":{"@id":"https:\/\/e-framer.ch\/fr\/#organization"},"potentialAction":[{"@type":"SearchAction","target":{"@type":"EntryPoint","urlTemplate":"https:\/\/e-framer.ch\/fr\/?s={search_term_string}"},"query-input":{"@type":"PropertyValueSpecification","valueRequired":true,"valueName":"search_term_string"}}],"inLanguage":"fr-FR"},{"@type":"Organization","@id":"https:\/\/e-framer.ch\/fr\/#organization","name":"eFRAMER \u2013 Premium Swiss e-Bikes & Services","url":"https:\/\/e-framer.ch\/fr\/","logo":{"@type":"ImageObject","inLanguage":"fr-FR","@id":"https:\/\/e-framer.ch\/fr\/#\/schema\/logo\/image\/","url":"https:\/\/e-framer.ch\/wp-content\/uploads\/2026\/01\/eFRAMER_FIGURATIVE_POS.svg","contentUrl":"https:\/\/e-framer.ch\/wp-content\/uploads\/2026\/01\/eFRAMER_FIGURATIVE_POS.svg","width":"50","height":"50","caption":"eFRAMER \u2013 Premium Swiss e-Bikes & Services"},"image":{"@id":"https:\/\/e-framer.ch\/fr\/#\/schema\/logo\/image\/"},"sameAs":["https:\/\/www.facebook.com\/profile.php?id=100063641028577#","https:\/\/www.instagram.com\/e_framer.ch\/","https:\/\/www.youtube.com\/@eframer"]}]},"og_availability":"instock","product_availability":"instock","product_retailer_item_id":"57090136","product_condition":"new"},"_links":{"self":[{"href":"https:\/\/e-framer.ch\/fr\/wp-json\/wp\/v2\/product\/173604","targetHints":{"allow":["GET"]}}],"collection":[{"href":"https:\/\/e-framer.ch\/fr\/wp-json\/wp\/v2\/product"}],"about":[{"href":"https:\/\/e-framer.ch\/fr\/wp-json\/wp\/v2\/types\/product"}],"wp:featuredmedia":[{"embeddable":true,"href":"https:\/\/e-framer.ch\/fr\/wp-json\/wp\/v2\/media\/173613"}],"wp:attachment":[{"href":"https:\/\/e-framer.ch\/fr\/wp-json\/wp\/v2\/media?parent=173604"}],"wp:term":[{"taxonomy":"product_brand","embeddable":true,"href":"https:\/\/e-framer.ch\/fr\/wp-json\/wp\/v2\/product_brand?post=173604"},{"taxonomy":"product_cat","embeddable":true,"href":"https:\/\/e-framer.ch\/fr\/wp-json\/wp\/v2\/product_cat?post=173604"},{"taxonomy":"product_tag","embeddable":true,"href":"https:\/\/e-framer.ch\/fr\/wp-json\/wp\/v2\/product_tag?post=173604"}],"curies":[{"name":"wp","href":"https:\/\/api.w.org\/{rel}","templated":true}]}}