{"id":173472,"date":"2026-01-28T01:44:02","date_gmt":"2026-01-28T01:44:02","guid":{"rendered":"https:\/\/e-framer.ch\/produkt\/ealpin-sl\/"},"modified":"2026-05-01T07:33:22","modified_gmt":"2026-05-01T07:33:22","slug":"ealpin-sl","status":"publish","type":"product","link":"https:\/\/e-framer.ch\/fr\/produkt\/ealpin-sl\/","title":{"rendered":"eAlpin SL"},"content":{"rendered":"<div class=\"wpb-content-wrapper\"><p>[vc_row row_height_percent=\u00a0\u00bb0&Prime; override_padding=\u00a0\u00bbyes\u00a0\u00bb h_padding=\u00a0\u00bb2&Prime; top_padding=\u00a0\u00bb4&Prime; bottom_padding=\u00a0\u00bb4&Prime; overlay_alpha=\u00a0\u00bb50&Prime; gutter_size=\u00a0\u00bb3&Prime; column_width_percent=\u00a0\u00bb100&Prime; shift_y=\u00a0\u00bb0&Prime; z_index=\u00a0\u00bb0&Prime; bottom_divider=\u00a0\u00bbstep\u00a0\u00bb content_parallax=\u00a0\u00bb0&Prime; uncode_shortcode_id=\u00a0\u00bb484859&Prime;][vc_column column_width_percent=\u00a0\u00bb100&Prime; gutter_size=\u00a0\u00bb3&Prime; overlay_alpha=\u00a0\u00bb50&Prime; shift_x=\u00a0\u00bb0&Prime; shift_y=\u00a0\u00bb0&Prime; shift_y_down=\u00a0\u00bb0&Prime; z_index=\u00a0\u00bb0&Prime; medium_width=\u00a0\u00bb0&Prime; mobile_width=\u00a0\u00bb0&Prime; width=\u00a0\u00bb1\/1&Prime; uncode_shortcode_id=\u00a0\u00bb707588&Prime;][vc_custom_heading css_animation=\u00a0\u00bbperspective\u00a0\u00bb animation_speed=\u00a0\u00bb1000&Prime; uncode_shortcode_id=\u00a0\u00bb104130&Prime;]Tu cherches les vraies sensations du trail \u2013 l\u00e9ger, agile et aussi proche que possible du VTT classique ?<br \/>\nAlors le SUPERLIGHT est le bon choix. En tant que Light eMTB, il te soutient exactement l\u00e0 o\u00f9 tu en as besoin, sans masquer la sensation naturelle de conduite. Moins de poids, plus de contr\u00f4le \u2013 surtout sur les sentiers techniques et dans les passages \u00e9troits.[\/vc_custom_heading][vc_row_inner row_inner_height_percent=\u00a0\u00bb0&Prime; overlay_alpha=\u00a0\u00bb50&Prime; gutter_size=\u00a0\u00bb4&Prime; shift_y=\u00a0\u00bb0&Prime; z_index=\u00a0\u00bb0&Prime; uncode_shortcode_id=\u00a0\u00bb259047&Prime; limit_content=\u00a0\u00bb\u00a0\u00bb][vc_column_inner column_width_percent=\u00a0\u00bb100&Prime; gutter_size=\u00a0\u00bb3&Prime; overlay_alpha=\u00a0\u00bb50&Prime; shift_x=\u00a0\u00bb0&Prime; shift_y=\u00a0\u00bb0&Prime; shift_y_down=\u00a0\u00bb0&Prime; z_index=\u00a0\u00bb0&Prime; medium_width=\u00a0\u00bb4&Prime; mobile_width=\u00a0\u00bb0&Prime; width=\u00a0\u00bb1\/2&Prime; uncode_shortcode_id=\u00a0\u00bb186179&Prime;][vc_column_text css_animation=\u00a0\u00bbbottom-t-top\u00a0\u00bb uncode_shortcode_id=\u00a0\u00bb743716&Prime;]La g\u00e9om\u00e9trie \u00e9quilibr\u00e9e et la suspension de haute qualit\u00e9 assurent une maniabilit\u00e9 pr\u00e9cise et un contact s\u00fbr avec le sol, m\u00eame en descente. Le moteur compact fournit une assistance finement dos\u00e9e, tandis que la batterie int\u00e9gr\u00e9e offre suffisamment d&rsquo;autonomie pour les longues randonn\u00e9es. Des composants de haute qualit\u00e9 compl\u00e8tent l&rsquo;ensemble.[\/vc_column_text][\/vc_column_inner][vc_column_inner column_width_percent=\u00a0\u00bb100&Prime; gutter_size=\u00a0\u00bb3&Prime; overlay_alpha=\u00a0\u00bb50&Prime; shift_x=\u00a0\u00bb0&Prime; shift_y=\u00a0\u00bb0&Prime; shift_y_down=\u00a0\u00bb0&Prime; z_index=\u00a0\u00bb0&Prime; medium_width=\u00a0\u00bb4&Prime; mobile_width=\u00a0\u00bb0&Prime; width=\u00a0\u00bb1\/2&Prime; uncode_shortcode_id=\u00a0\u00bb190347&Prime;][vc_column_text css_animation=\u00a0\u00bbbottom-t-top\u00a0\u00bb uncode_shortcode_id=\u00a0\u00bb684974&Prime;]Le moteur Bosch, puissant et l\u00e9ger, te soutient activement dans les mont\u00e9es. Et fait en sorte que m\u00eame avec plus de force musculaire, le premier tour ne soit pas termin\u00e9.[\/vc_column_text][\/vc_column_inner][\/vc_row_inner][vc_empty_space][vc_row_inner row_inner_height_percent=\u00a0\u00bb0&Prime; overlay_alpha=\u00a0\u00bb50&Prime; gutter_size=\u00a0\u00bb3&Prime; shift_y=\u00a0\u00bb0&Prime; z_index=\u00a0\u00bb0&Prime; limit_content=\u00a0\u00bb\u00a0\u00bb uncode_shortcode_id=\u00a0\u00bb117169&Prime;][vc_column_inner column_width_percent=\u00a0\u00bb100&Prime; align_horizontal=\u00a0\u00bbalign_center\u00a0\u00bb gutter_size=\u00a0\u00bb3&Prime; overlay_alpha=\u00a0\u00bb50&Prime; shift_x=\u00a0\u00bb0&Prime; shift_y=\u00a0\u00bb0&Prime; shift_y_down=\u00a0\u00bb0&Prime; z_index=\u00a0\u00bb0&Prime; medium_width=\u00a0\u00bb0&Prime; mobile_width=\u00a0\u00bb0&Prime; width=\u00a0\u00bb1\/1&Prime; uncode_shortcode_id=\u00a0\u00bb705345&Prime;][vc_custom_heading heading_semantic=\u00a0\u00bbh4&Prime; text_size=\u00a0\u00bbh4&Prime; css_animation=\u00a0\u00bbbottom-t-top\u00a0\u00bb uncode_shortcode_id=\u00a0\u00bb629990&Prime;]Pour tous ceux qui aiment p\u00e9daler eux-m\u00eames, mais qui appr\u00e9cient un peu de vent arri\u00e8re dans les mont\u00e9es. Naturel, sportif \u2013 et \u00e9tonnamment puissant.[\/vc_custom_heading][\/vc_column_inner][\/vc_row_inner][vc_empty_space][vc_row_inner row_inner_height_percent=\u00a0\u00bb0&Prime; overlay_alpha=\u00a0\u00bb50&Prime; gutter_size=\u00a0\u00bb3&Prime; shift_y=\u00a0\u00bb0&Prime; z_index=\u00a0\u00bb0&Prime; limit_content=\u00a0\u00bb\u00a0\u00bb uncode_shortcode_id=\u00a0\u00bb117169&Prime;][vc_column_inner width=\u00a0\u00bb1\/6&Prime;][vc_icon icon_image=\u00a0\u00bb176853&Prime; media_size=\u00a0\u00bb100&Prime; heading_semantic=\u00a0\u00bbh4&Prime; text_size=\u00a0\u00bbh4&Prime; uncode_shortcode_id=\u00a0\u00bb192914&Prime; title=\u00a0\u00bbUn eMTB l\u00e9ger pour le tout-terrain par monts et par vaux\u00a0\u00bb][\/vc_icon][vc_progress_bar values=\u00a0\u00bb%5B%7B%22label%22%3A%22Rue%22%2C%22value%22%3A%2270%22%2C%22bar_color_type%22%3A%22uncode-palette%22%2C%22bar_color%22%3A%22color-jevc%22%2C%22bar_color_solid%22%3A%22%23ff0000%22%2C%22back_color_type%22%3A%22uncode-palette%22%2C%22back_color_solid%22%3A%22%23ff0000%22%7D%2C%7B%22label%22%3A%22Sentiers%20en%20for%5Cu00eat%20%26amp%3B%20en%20gravier%22%2C%22value%22%3A%22100%22%2C%22bar_color_type%22%3A%22uncode-palette%22%2C%22bar_color%22%3A%22color-jevc%22%2C%22bar_color_solid%22%3A%22%23ff0000%22%2C%22back_color_type%22%3A%22uncode-palette%22%2C%22back_color_solid%22%3A%22%23ff0000%22%7D%2C%7B%22label%22%3A%22Pistes%5C%2Fterrain%22%2C%22value%22%3A%22100%22%2C%22bar_color_type%22%3A%22uncode-palette%22%2C%22bar_color%22%3A%22color-jevc%22%2C%22bar_color_solid%22%3A%22%23ff0000%22%2C%22back_color_type%22%3A%22uncode-palette%22%2C%22back_color_solid%22%3A%22%23ff0000%22%7D%5D\u00a0\u00bb][\/vc_column_inner][vc_column_inner column_width_percent=\u00a0\u00bb100&Prime; gutter_size=\u00a0\u00bb3&Prime; overlay_alpha=\u00a0\u00bb50&Prime; shift_x=\u00a0\u00bb0&Prime; shift_y=\u00a0\u00bb0&Prime; shift_y_down=\u00a0\u00bb0&Prime; z_index=\u00a0\u00bb0&Prime; medium_width=\u00a0\u00bb0&Prime; mobile_width=\u00a0\u00bb0&Prime; width=\u00a0\u00bb1\/6&Prime; uncode_shortcode_id=\u00a0\u00bb545052&Prime;][vc_icon icon_image=\u00a0\u00bb176829&Prime; media_size=\u00a0\u00bb100&Prime; heading_semantic=\u00a0\u00bbh4&Prime; text_size=\u00a0\u00bbh4&Prime; uncode_shortcode_id=\u00a0\u00bb207517&Prime; title=\u00a0\u00bbJusqu&#039;\u00e0 plus de 100km de port\u00e9e\u00a0\u00bb]Selon le niveau d&rsquo;assistance, le profil de la route, etc., tu peux parcourir plus de 100 km avec une charge. <a href=\"https:\/\/www.bosch-ebike.com\/ch\/service\/reichweiten-assistent\" target=\"_blank\" rel=\"noopener\">Calcule ici ton autonomie.<\/a>[\/vc_icon][\/vc_column_inner][vc_column_inner width=\u00a0\u00bb1\/6&Prime;][vc_icon icon_image=\u00a0\u00bb176833&Prime; media_size=\u00a0\u00bb100&Prime; heading_semantic=\u00a0\u00bbh4&Prime; text_size=\u00a0\u00bbh4&Prime; uncode_shortcode_id=\u00a0\u00bb190747&Prime; title=\u00a0\u00bbLe moteur le plus l\u00e9ger de Bosch\u00a0\u00bb]L\u00e9ger, compact et pourtant puissant, avec jusqu&rsquo;\u00e0 65Nm. Et avec un soutien jusqu&rsquo;\u00e0 quatre fois sup\u00e9rieur \u00e0 ta force de p\u00e9dalage.[\/vc_icon][\/vc_column_inner][vc_column_inner width=\u00a0\u00bb1\/6&Prime;][vc_icon icon_image=\u00a0\u00bb176825&Prime; media_size=\u00a0\u00bb100&Prime; heading_semantic=\u00a0\u00bbh4&Prime; text_size=\u00a0\u00bbh4&Prime; uncode_shortcode_id=\u00a0\u00bb161415&Prime; title=\u00a0\u00bbDouble la vitesse de chargement\u00a0\u00bb]Chez eFRAMER, le chargeur rapide est fourni en standard. Ainsi, ton temps de chargement est r\u00e9duit de moiti\u00e9.[\/vc_icon][\/vc_column_inner][vc_column_inner width=\u00a0\u00bb1\/6&Prime;][vc_icon icon_image=\u00a0\u00bb176841&Prime; media_size=\u00a0\u00bb100&Prime; heading_semantic=\u00a0\u00bbh4&Prime; text_size=\u00a0\u00bbh4&Prime; uncode_shortcode_id=\u00a0\u00bb471383&Prime; title=\u00a0\u00bbL&#039;application multifonctionnelle\u00a0\u00bb]T\u00e9l\u00e9charge l&rsquo;application gratuite eBike Flow de Bosch et utilise tout le potentiel de ton v\u00e9lo \u00e9lectrique<a href=\"https:\/\/www.bosch-ebike.com\/ch\/produkte\/ebike-flow-app\">(plus d&rsquo;infos<\/a>).[\/vc_icon][\/vc_column_inner][vc_column_inner width=\u00a0\u00bb1\/6&Prime;][vc_icon icon_image=\u00a0\u00bb176865&Prime; media_size=\u00a0\u00bb100&Prime; heading_semantic=\u00a0\u00bbh4&Prime; text_size=\u00a0\u00bbh4&Prime; uncode_shortcode_id=\u00a0\u00bb145357&Prime; title=\u00a0\u00bbPersonnalise ton e-bike\u00a0\u00bb]Commande les accessoires correspondants en m\u00eame temps et transforme ton e-bike en ton eFRAMER.[\/vc_icon][\/vc_column_inner][\/vc_row_inner][\/vc_column][\/vc_row][vc_row unlock_row_content=\u00a0\u00bbyes\u00a0\u00bb row_height_percent=\u00a0\u00bb0&Prime; override_padding=\u00a0\u00bbyes\u00a0\u00bb h_padding=\u00a0\u00bb7&Prime; top_padding=\u00a0\u00bb0&Prime; bottom_padding=\u00a0\u00bb0&Prime; overlay_alpha=\u00a0\u00bb100&Prime; gutter_size=\u00a0\u00bb100&Prime; column_width_percent=\u00a0\u00bb100&Prime; shift_y=\u00a0\u00bb0&Prime; z_index=\u00a0\u00bb0&Prime; top_divider=\u00a0\u00bbgradient\u00a0\u00bb content_parallax=\u00a0\u00bb0&Prime; style=\u00a0\u00bbinherited\u00a0\u00bb uncode_shortcode_id=\u00a0\u00bb559174&Prime;][vc_column column_width_percent=\u00a0\u00bb100&Prime; align_horizontal=\u00a0\u00bbalign_center\u00a0\u00bb gutter_size=\u00a0\u00bb3&Prime; overlay_alpha=\u00a0\u00bb50&Prime; shift_x=\u00a0\u00bb0&Prime; shift_y=\u00a0\u00bb0&Prime; shift_y_down=\u00a0\u00bb0&Prime; z_index=\u00a0\u00bb0&Prime; medium_width=\u00a0\u00bb0&Prime; mobile_width=\u00a0\u00bb0&Prime; css_animation=\u00a0\u00bbzoom-in\u00a0\u00bb zoom_width=\u00a0\u00bb0&Prime; zoom_height=\u00a0\u00bb0&Prime; width=\u00a0\u00bb1\/1&Prime; uncode_shortcode_id=\u00a0\u00bb121177&Prime;][vc_gallery el_id=\u00a0\u00bbgallery-958453445&Prime; type=\u00a0\u00bbcarousel\u00a0\u00bb random=\u00a0\u00bbyes\u00a0\u00bb medias=\u00a0\u00bb173473,173474,173475,173476,173477,173478,173479,173480&Prime; carousel_lg=\u00a0\u00bb3&Prime; carousel_md=\u00a0\u00bb2&Prime; carousel_sm=\u00a0\u00bb1&Prime; thumb_size=\u00a0\u00bbone-one\u00a0\u00bb gutter_size=\u00a0\u00bb3&Prime; media_items=\u00a0\u00bbmedia,icon\u00a0\u00bb carousel_interval=\u00a0\u00bb5000&Prime; carousel_navspeed=\u00a0\u00bb400&Prime; carousel_loop=\u00a0\u00bbyes\u00a0\u00bb carousel_overflow=\u00a0\u00bbyes\u00a0\u00bb carousel_dots=\u00a0\u00bbyes\u00a0\u00bb carousel_dots_mobile=\u00a0\u00bbyes\u00a0\u00bb stage_padding=\u00a0\u00bb0&Prime; single_overlay_opacity=\u00a0\u00bb50&Prime; single_overlay_anim=\u00a0\u00bbno\u00a0\u00bb single_text_anim=\u00a0\u00bbno\u00a0\u00bb single_h_align=\u00a0\u00bbcenter\u00a0\u00bb single_padding=\u00a0\u00bb2&Prime; single_border=\u00a0\u00bbyes\u00a0\u00bb lbox_caption=\u00a0\u00bbyes\u00a0\u00bb no_double_tap=\u00a0\u00bbyes\u00a0\u00bb carousel_rtl=\u00a0\u00bb\u00a0\u00bb single_title_uppercase=\u00a0\u00bb\u00a0\u00bb single_title_bold=\u00a0\u00bb\u00a0\u00bb single_title_serif=\u00a0\u00bb\u00a0\u00bb onclick=\u00a0\u00bblink_image\u00a0\u00bb custom_links_target=\u00a0\u00bb_self\u00a0\u00bb items=\u00a0\u00bbeyI4ODY4X2kiOnsic2luZ2xlX3dpZHRoIjoiNCIsInNpbmdsZV9oZWlnaHQiOiI0In0sIjg4NjJfaSI6eyJzaW5nbGVfd2lkdGgiOiI0Iiwic2luZ2xlX2hlaWdodCI6IjQifSwiODg2MF9pIjp7InNpbmdsZV93aWR0aCI6IjQifX0=\u00a0\u00bb single_half_padding=\u00a0\u00bb\u00a0\u00bb single_no_background=\u00a0\u00bb\u00a0\u00bb uncode_shortcode_id=\u00a0\u00bb959519&Prime;][\/vc_column][\/vc_row][vc_row row_height_percent=\u00a0\u00bb0&Prime; override_padding=\u00a0\u00bbyes\u00a0\u00bb h_padding=\u00a0\u00bb2&Prime; top_padding=\u00a0\u00bb4&Prime; bottom_padding=\u00a0\u00bb0&Prime; overlay_alpha=\u00a0\u00bb50&Prime; gutter_size=\u00a0\u00bb3&Prime; column_width_percent=\u00a0\u00bb100&Prime; shift_y=\u00a0\u00bb0&Prime; z_index=\u00a0\u00bb0&Prime; content_parallax=\u00a0\u00bb0&Prime; uncode_shortcode_id=\u00a0\u00bb173268&Prime;][vc_column column_width_percent=\u00a0\u00bb100&Prime; align_horizontal=\u00a0\u00bbalign_center\u00a0\u00bb gutter_size=\u00a0\u00bb3&Prime; overlay_alpha=\u00a0\u00bb50&Prime; shift_x=\u00a0\u00bb0&Prime; shift_y=\u00a0\u00bb0&Prime; shift_y_down=\u00a0\u00bb0&Prime; z_index=\u00a0\u00bb0&Prime; medium_width=\u00a0\u00bb0&Prime; mobile_width=\u00a0\u00bb0&Prime; width=\u00a0\u00bb1\/1&Prime; uncode_shortcode_id=\u00a0\u00bb159441&Prime;][vc_custom_heading css_animation=\u00a0\u00bbperspective\u00a0\u00bb animation_speed=\u00a0\u00bb1000&Prime; uncode_shortcode_id=\u00a0\u00bb685027&Prime;]Services tout compris[\/vc_custom_heading][uncode_block id=\u00a0\u00bb171806&Prime;][\/vc_column][\/vc_row][vc_row row_height_percent=\u00a0\u00bb0&Prime; override_padding=\u00a0\u00bbyes\u00a0\u00bb h_padding=\u00a0\u00bb2&Prime; top_padding=\u00a0\u00bb4&Prime; bottom_padding=\u00a0\u00bb0&Prime; overlay_alpha=\u00a0\u00bb50&Prime; gutter_size=\u00a0\u00bb3&Prime; column_width_percent=\u00a0\u00bb100&Prime; shift_y=\u00a0\u00bb0&Prime; z_index=\u00a0\u00bb0&Prime; content_parallax=\u00a0\u00bb0&Prime; uncode_shortcode_id=\u00a0\u00bb778058&Prime;][vc_column column_width_percent=\u00a0\u00bb100&Prime; align_horizontal=\u00a0\u00bbalign_center\u00a0\u00bb gutter_size=\u00a0\u00bb3&Prime; overlay_alpha=\u00a0\u00bb50&Prime; shift_x=\u00a0\u00bb0&Prime; shift_y=\u00a0\u00bb0&Prime; shift_y_down=\u00a0\u00bb0&Prime; z_index=\u00a0\u00bb0&Prime; medium_width=\u00a0\u00bb0&Prime; mobile_width=\u00a0\u00bb0&Prime; width=\u00a0\u00bb1\/1&Prime; uncode_shortcode_id=\u00a0\u00bb823993&Prime;][vc_custom_heading separator=\u00a0\u00bbyes\u00a0\u00bb sub_lead=\u00a0\u00bbyes\u00a0\u00bb css_animation=\u00a0\u00bbperspective\u00a0\u00bb animation_speed=\u00a0\u00bb1000&Prime; uncode_shortcode_id=\u00a0\u00bb135160&Prime; subheading=\u00a0\u00bbDans des cas exceptionnels, un composant install\u00e9 peut s&apos;\u00e9carter de la sp\u00e9cification et \u00eatre remplac\u00e9 de mani\u00e8re \u00e9quivalente.\u00a0\u00bb]Sp\u00e9cifications[\/vc_custom_heading][\/vc_column][\/vc_row][vc_row row_height_percent=\u00a0\u00bb0&Prime; override_padding=\u00a0\u00bbyes\u00a0\u00bb h_padding=\u00a0\u00bb2&Prime; top_padding=\u00a0\u00bb3&Prime; bottom_padding=\u00a0\u00bb4&Prime; overlay_alpha=\u00a0\u00bb50&Prime; gutter_size=\u00a0\u00bb4&Prime; column_width_percent=\u00a0\u00bb100&Prime; shift_y=\u00a0\u00bb0&Prime; z_index=\u00a0\u00bb0&Prime; top_divider=\u00a0\u00bbgradient\u00a0\u00bb content_parallax=\u00a0\u00bb0&Prime; uncode_shortcode_id=\u00a0\u00bb188138&Prime;][vc_column column_width_percent=\u00a0\u00bb100&Prime; gutter_size=\u00a0\u00bb2&Prime; overlay_alpha=\u00a0\u00bb50&Prime; shift_x=\u00a0\u00bb0&Prime; shift_y=\u00a0\u00bb0&Prime; shift_y_down=\u00a0\u00bb0&Prime; z_index=\u00a0\u00bb0&Prime; medium_width=\u00a0\u00bb3&Prime; mobile_width=\u00a0\u00bb0&Prime; width=\u00a0\u00bb1\/6&Prime; uncode_shortcode_id=\u00a0\u00bb789106&Prime;][\/vc_column][vc_column column_width_percent=\u00a0\u00bb100&Prime; gutter_size=\u00a0\u00bb3&Prime; overlay_alpha=\u00a0\u00bb50&Prime; shift_x=\u00a0\u00bb0&Prime; shift_y=\u00a0\u00bb0&Prime; shift_y_down=\u00a0\u00bb0&Prime; z_index=\u00a0\u00bb0&Prime; medium_width=\u00a0\u00bb0&Prime; mobile_width=\u00a0\u00bb0&Prime; css_animation=\u00a0\u00bbbottom-t-top\u00a0\u00bb width=\u00a0\u00bb2\/3&Prime; uncode_shortcode_id=\u00a0\u00bb118137&Prime;][vc_accordion sign=\u00a0\u00bbplus\u00a0\u00bb sign_size=\u00a0\u00bbmd\u00a0\u00bb gutter_simple=\u00a0\u00bb0&Prime; uncode_shortcode_id=\u00a0\u00bb169135&Prime; active_tab=\u00a0\u00bb0&Prime;][vc_accordion_tab icon=\u00a0\u00bbfa fa-plug\u00a0\u00bb gutter_size=\u00a0\u00bb2&Prime; column_padding=\u00a0\u00bb2&Prime; title=\u00a0\u00bbEntra\u00eenement\u00a0\u00bb tab_id=\u00a0\u00bb1768974635-1-309&Prime;][vc_column_text uncode_shortcode_id=\u00a0\u00bb713172&Prime;]<\/p>\n<table class=\"table-wide\">\n<thead>\n<tr>\n<th>Moteur<\/th>\n<td>Bosch Performance Line SX jusqu&rsquo;\u00e0 60Nm max. <\/td>\n<\/tr>\n<\/thead>\n<tbody>\n<tr>\n<th>Batterie<\/th>\n<td>Bosch 400Wh Compact Tube<\/td>\n<\/tr>\n<tr>\n<th>\u00c9cran<\/th>\n<td>Contr\u00f4leur du syst\u00e8me Bosch int\u00e9gr\u00e9 dans le tube sup\u00e9rieur, avec mini commande \u00e0 distance sur le guidon, compatible avec l&rsquo;application eBike Flow<\/td>\n<\/tr>\n<tr>\n<th>Chargeur<\/th>\n<td>Chargeur rapide Bosch 4 Ah<\/td>\n<\/tr>\n<\/tbody>\n<\/table>\n<p>[\/vc_column_text][\/vc_accordion_tab][vc_accordion_tab icon=\u00a0\u00bbfa fa-bicycle\u00a0\u00bb gutter_size=\u00a0\u00bb2&Prime; column_padding=\u00a0\u00bb2&Prime; title=\u00a0\u00bbCadre\u00a0\u00bb tab_id=\u00a0\u00bb1768976657661-1-10&Prime;][vc_column_text uncode_shortcode_id=\u00a0\u00bb203273&Prime;]<\/p>\n<table class=\"table-wide\">\n<thead>\n<tr>\n<th>Cadre<\/th>\n<td>Cadre MTB Fully, batterie int\u00e9gr\u00e9e, routage interne avanc\u00e9 des c\u00e2bles, 100% carbone<\/td>\n<\/tr>\n<\/thead>\n<tbody>\n<tr>\n<th>Couleurs<\/th>\n<td>Noir ardoise mat &amp; Jet black gloss<\/td>\n<\/tr>\n<tr>\n<th>Tailles<\/th>\n<td>S=40cm \/ M=46cm \/ L=51cm<\/td>\n<\/tr>\n<\/tbody>\n<\/table>\n<p>[\/vc_column_text][\/vc_accordion_tab][vc_accordion_tab icon=\u00a0\u00bbfa fa-text-align-center\u00a0\u00bb gutter_size=\u00a0\u00bb2&Prime; column_padding=\u00a0\u00bb2&Prime; title=\u00a0\u00bbCh\u00e2ssis\u00a0\u00bb tab_id=\u00a0\u00bb1769148383577-2-9&Prime;][vc_column_text uncode_shortcode_id=\u00a0\u00bb440409&Prime;]<\/p>\n<table class=\"table-wide\">\n<thead>\n<tr>\n<th>Fourche<\/th>\n<td>Fourche \u00e0 suspension Rock Shox Recon RL Tapered, 15x110mm, d\u00e9battement 130mm<\/td>\n<\/tr>\n<\/thead>\n<tbody>\n<tr>\n<th>Amortisseur<\/th>\n<td>Amortisseur Rock Shox Deluxe Select+ 190x45mm<\/td>\n<\/tr>\n<\/tbody>\n<\/table>\n<p>[\/vc_column_text][\/vc_accordion_tab][vc_accordion_tab icon=\u00a0\u00bbfa fa-sun-o\u00a0\u00bb gutter_size=\u00a0\u00bb2&Prime; column_padding=\u00a0\u00bb2&Prime; title=\u00a0\u00bbCircuit &amp; freins\u00a0\u00bb tab_id=\u00a0\u00bb1769148399192-3-5&Prime;][vc_column_text uncode_shortcode_id=\u00a0\u00bb307409&Prime;]<\/p>\n<table class=\"table-wide\">\n<thead>\n<tr>\n<th>Bo\u00eete \u00e0 vitesses<\/th>\n<td>Shimano 12 vitesses RD-M7100<\/td>\n<\/tr>\n<\/thead>\n<tbody>\n<tr>\n<th>Levier de vitesse<\/th>\n<td>Shimano 12 vitesses SL-M7100<\/td>\n<\/tr>\n<tr>\n<th>Cha\u00eene<\/th>\n<td>KMC e12 Turbo<\/td>\n<\/tr>\n<tr>\n<th>Cassette<\/th>\n<td>Shimano 12 vitesses CS-M7100 10-51<\/td>\n<\/tr>\n<tr>\n<th>Freins<\/th>\n<td>Shimano M7120 4 pistons<\/td>\n<\/tr>\n<tr>\n<th>Disques de frein<\/th>\n<td>Shimano SM-RT66 203\/180mm<\/td>\n<\/tr>\n<\/tbody>\n<\/table>\n<p>[\/vc_column_text][\/vc_accordion_tab][vc_accordion_tab icon=\u00a0\u00bbfa fa-circle-thin\u00a0\u00bb gutter_size=\u00a0\u00bb2&Prime; column_padding=\u00a0\u00bb2&Prime; title=\u00a0\u00bbRoues\u00a0\u00bb tab_id=\u00a0\u00bb1769148445408-4-0&Prime;][vc_column_text uncode_shortcode_id=\u00a0\u00bb577826&Prime;]<\/p>\n<table class=\"table-wide\">\n<thead>\n<tr>\n<th>Pneus<\/th>\n<td>Schwalbe 29&#215;2.40 Nobby Nic HS602<\/td>\n<\/tr>\n<\/thead>\n<\/table>\n<p>[\/vc_column_text][\/vc_accordion_tab][vc_accordion_tab icon=\u00a0\u00bbfa fa-lightbulb-o\u00a0\u00bb gutter_size=\u00a0\u00bb2&Prime; column_padding=\u00a0\u00bb2&Prime; title=\u00a0\u00bb\u00c9clairage\u00a0\u00bb tab_id=\u00a0\u00bb1769148461174-5-9&Prime;][vc_column_text uncode_shortcode_id=\u00a0\u00bb931851&Prime;]<\/p>\n<table class=\"table-wide\">\n<thead>\n<tr>\n<th>Lumi\u00e8re avant<\/th>\n<td>Le v\u00e9lo est \u00e9quip\u00e9 par d\u00e9faut sans lumi\u00e8re.<\/td>\n<\/tr>\n<\/thead>\n<tbody>\n<tr>\n<th>Feu arri\u00e8re<\/th>\n<td>Lors de la commande, tu peux commander un \u00e9clairage \u00e0 piles (voir accessoires).<\/td>\n<\/tr>\n<\/tbody>\n<\/table>\n<p>[\/vc_column_text][\/vc_accordion_tab][vc_accordion_tab icon=\u00a0\u00bbfa fa-shopping-basket\u00a0\u00bb gutter_size=\u00a0\u00bb2&Prime; column_padding=\u00a0\u00bb2&Prime; title=\u00a0\u00bb\u00c9quipement\u00a0\u00bb tab_id=\u00a0\u00bb1769148461174-5-95&Prime;][vc_column_text uncode_shortcode_id=\u00a0\u00bb248098&Prime;]<\/p>\n<table class=\"table-wide\">\n<thead>\n<tr>\n<th>Guidon<\/th>\n<td>Guidon carbone 800mm 31,8mm Rise 18mm<\/td>\n<\/tr>\n<\/thead>\n<tbody>\n<tr>\n<th>Potence de guidon<\/th>\n<td>Potence de guidon carbone FSA 60mm -12<\/td>\n<\/tr>\n<tr>\n<th>Poign\u00e9es<\/th>\n<td>Poign\u00e9es Velo VLG-1266 135mm<\/td>\n<\/tr>\n<tr>\n<th>P\u00e9dales<\/th>\n<td>Le SL est \u00e9quip\u00e9 de mani\u00e8re standard sans p\u00e9dales. Lors de la commande, tu peux choisir une p\u00e9dale qui sera livr\u00e9e mont\u00e9e (voir accessoires). <\/td>\n<\/tr>\n<tr>\n<th>Tige de selle<\/th>\n<td>tige de selle abaissable Exa Form KSP900 Travel 125mm<\/td>\n<\/tr>\n<\/tbody>\n<\/table>\n<p>[\/vc_column_text][\/vc_accordion_tab][vc_accordion_tab icon=\u00a0\u00bbfa fa-tasks\u00a0\u00bb gutter_size=\u00a0\u00bb2&Prime; column_padding=\u00a0\u00bb2&Prime; title=\u00a0\u00bbMasse\u00a0\u00bb tab_id=\u00a0\u00bb1769148461174-5-93&Prime;][vc_column_text uncode_shortcode_id=\u00a0\u00bb197341&Prime;]<\/p>\n<table class=\"table-wide\">\n<thead>\n<tr>\n<th>Poids de l&rsquo;e-bike<\/th>\n<td>20kg<\/td>\n<\/tr>\n<\/thead>\n<tbody>\n<tr>\n<th>Poids total autoris\u00e9<\/th>\n<td>120 kg<\/td>\n<\/tr>\n<\/tbody>\n<\/table>\n<p>[\/vc_column_text][\/vc_accordion_tab][vc_accordion_tab icon=\u00a0\u00bbfa fa-file-o\u00a0\u00bb gutter_size=\u00a0\u00bb2&Prime; column_padding=\u00a0\u00bb2&Prime; title=\u00a0\u00bbDocuments\u00a0\u00bb tab_id=\u00a0\u00bb1772123914334-8-3&Prime;][vc_button size=\u00a0\u00bbbtn-link\u00a0\u00bb link=\u00a0\u00bburl:https%3A%2F%2Fe-framer.ch%2Fwp-content%2Fuploads%2F2026%2F02%2FOchsner-Sport-DOC-SL.pdf|target:_blank|\u00a0\u00bb icon=\u00a0\u00bbfa fa-file-pdf-o\u00a0\u00bb uncode_shortcode_id=\u00a0\u00bb206334&Prime;]D\u00e9claration de conformit\u00e9[\/vc_button][\/vc_accordion_tab][\/vc_accordion][\/vc_column][vc_column width=\u00a0\u00bb1\/6&Prime;][\/vc_column][\/vc_row][vc_row row_height_percent=\u00a0\u00bb0&Prime; override_padding=\u00a0\u00bbyes\u00a0\u00bb h_padding=\u00a0\u00bb2&Prime; top_padding=\u00a0\u00bb4&Prime; bottom_padding=\u00a0\u00bb0&Prime; overlay_alpha=\u00a0\u00bb50&Prime; gutter_size=\u00a0\u00bb3&Prime; column_width_percent=\u00a0\u00bb100&Prime; shift_y=\u00a0\u00bb0&Prime; z_index=\u00a0\u00bb0&Prime; medium_visibility=\u00a0\u00bbyes\u00a0\u00bb mobile_visibility=\u00a0\u00bbyes\u00a0\u00bb content_parallax=\u00a0\u00bb0&Prime; uncode_shortcode_id=\u00a0\u00bb324181&Prime;][vc_column column_width_percent=\u00a0\u00bb100&Prime; align_horizontal=\u00a0\u00bbalign_center\u00a0\u00bb gutter_size=\u00a0\u00bb3&Prime; overlay_alpha=\u00a0\u00bb50&Prime; shift_x=\u00a0\u00bb0&Prime; shift_y=\u00a0\u00bb0&Prime; shift_y_down=\u00a0\u00bb0&Prime; z_index=\u00a0\u00bb0&Prime; medium_width=\u00a0\u00bb0&Prime; mobile_width=\u00a0\u00bb0&Prime; width=\u00a0\u00bb1\/1&Prime; uncode_shortcode_id=\u00a0\u00bb823993&Prime;][vc_custom_heading separator=\u00a0\u00bbyes\u00a0\u00bb sub_lead=\u00a0\u00bbyes\u00a0\u00bb uncode_shortcode_id=\u00a0\u00bb193445&Prime; subheading=\u00a0\u00bbTu choisis tes accessoires directement lors de l&apos;achat. Tout ce que tu commandes est livr\u00e9 mont\u00e9 et pr\u00eat \u00e0 l&apos;emploi. \u00ab\u00a0]Accessoires adapt\u00e9s[\/vc_custom_heading][uncode_index el_id=\u00a0\u00bbindex-sl-45342534&Prime; index_type=\u00a0\u00bbcss_grid\u00a0\u00bb loop=\u00a0\u00bbsize:99|order_by:date|order:ASC|post_type:product|tax_query:202|taxonomy_count:10&Prime; auto_query=\u00a0\u00bbyes\u00a0\u00bb auto_query_type=\u00a0\u00bbrelated\u00a0\u00bb grid_items=\u00a0\u00bb5&Prime; screen_lg_items=\u00a0\u00bb6&Prime; screen_lg_breakpoint=\u00a0\u00bb1000&Prime; screen_md_items=\u00a0\u00bb3&Prime; screen_md_breakpoint=\u00a0\u00bb600&Prime; screen_sm_items=\u00a0\u00bb2&Prime; screen_sm_breakpoint=\u00a0\u00bb480&Prime; gutter_size=\u00a0\u00bb2&Prime; product_items=\u00a0\u00bbtitle|-,media|featured|nolink|original|hide-sale|enhanced-atc|inherit-w-atc|atc-typo-column|hide-atc,text|excerpt,price|default|-\u00a0\u00bb portfolio_items=\u00a0\u00bbtitle,media|featured|onpost|original\u00a0\u00bb single_overlay_opacity=\u00a0\u00bb50&Prime; single_overlay_anim=\u00a0\u00bbno\u00a0\u00bb single_text_anim=\u00a0\u00bbno\u00a0\u00bb single_image_anim=\u00a0\u00bbno\u00a0\u00bb single_secondary=\u00a0\u00bbyes\u00a0\u00bb single_h_align_mobile=\u00a0\u00bbleft\u00a0\u00bb single_padding=\u00a0\u00bb1&Prime; single_title_dimension=\u00a0\u00bbh4&Prime; single_text_lead=\u00a0\u00bbsmall\u00a0\u00bb single_border=\u00a0\u00bbyes\u00a0\u00bb single_css_animation=\u00a0\u00bbbottom-t-top\u00a0\u00bb no_double_tap=\u00a0\u00bbyes\u00a0\u00bb uncode_shortcode_id=\u00a0\u00bb731726&Prime;][\/vc_column][\/vc_row][vc_row row_height_percent=\u00a0\u00bb0&Prime; override_padding=\u00a0\u00bbyes\u00a0\u00bb h_padding=\u00a0\u00bb2&Prime; top_padding=\u00a0\u00bb4&Prime; bottom_padding=\u00a0\u00bb0&Prime; overlay_alpha=\u00a0\u00bb50&Prime; gutter_size=\u00a0\u00bb3&Prime; column_width_percent=\u00a0\u00bb100&Prime; shift_y=\u00a0\u00bb0&Prime; z_index=\u00a0\u00bb0&Prime; desktop_visibility=\u00a0\u00bbyes\u00a0\u00bb content_parallax=\u00a0\u00bb0&Prime; uncode_shortcode_id=\u00a0\u00bb876463&Prime;][vc_column column_width_percent=\u00a0\u00bb100&Prime; align_horizontal=\u00a0\u00bbalign_center\u00a0\u00bb gutter_size=\u00a0\u00bb3&Prime; overlay_alpha=\u00a0\u00bb50&Prime; shift_x=\u00a0\u00bb0&Prime; shift_y=\u00a0\u00bb0&Prime; shift_y_down=\u00a0\u00bb0&Prime; z_index=\u00a0\u00bb0&Prime; medium_width=\u00a0\u00bb0&Prime; mobile_width=\u00a0\u00bb0&Prime; width=\u00a0\u00bb1\/1&Prime; uncode_shortcode_id=\u00a0\u00bb823993&Prime;][vc_custom_heading separator=\u00a0\u00bbyes\u00a0\u00bb sub_lead=\u00a0\u00bbyes\u00a0\u00bb uncode_shortcode_id=\u00a0\u00bb193445&Prime; subheading=\u00a0\u00bbTu choisis tes accessoires directement lors de l&apos;achat. Tout ce que tu commandes est livr\u00e9 mont\u00e9 et pr\u00eat \u00e0 l&apos;emploi. \u00ab\u00a0]Accessoires adapt\u00e9s[\/vc_custom_heading][uncode_index el_id=\u00a0\u00bbindex-794770885&Prime; index_type=\u00a0\u00bbcarousel\u00a0\u00bb loop=\u00a0\u00bbsize:99|order_by:date|order:ASC|post_type:product|tax_query:202|taxonomy_count:10&Prime; auto_query=\u00a0\u00bbyes\u00a0\u00bb auto_query_type=\u00a0\u00bbrelated\u00a0\u00bb carousel_lg=\u00a0\u00bb6&Prime; carousel_md=\u00a0\u00bb4&Prime; carousel_sm=\u00a0\u00bb2&Prime; thumb_size=\u00a0\u00bbone-one\u00a0\u00bb gutter_size=\u00a0\u00bb2&Prime; product_items=\u00a0\u00bbtitle|-,media|featured|nolink|original|hide-sale|enhanced-atc|inherit-w-atc|atc-typo-column|hide-atc,price|default|-\u00a0\u00bb portfolio_items=\u00a0\u00bbtitle,media|featured|onpost|original\u00a0\u00bb carousel_height=\u00a0\u00bbequal\u00a0\u00bb carousel_autoh=\u00a0\u00bbyes\u00a0\u00bb carousel_interval=\u00a0\u00bb0&Prime; carousel_navspeed=\u00a0\u00bb400&Prime; carousel_nav=\u00a0\u00bbyes\u00a0\u00bb carousel_nav_mobile=\u00a0\u00bbyes\u00a0\u00bb carousel_dots=\u00a0\u00bbyes\u00a0\u00bb carousel_dots_mobile=\u00a0\u00bbyes\u00a0\u00bb stage_padding=\u00a0\u00bb0&Prime; single_overlay_opacity=\u00a0\u00bb50&Prime; single_overlay_anim=\u00a0\u00bbno\u00a0\u00bb single_text_anim=\u00a0\u00bbno\u00a0\u00bb single_image_anim=\u00a0\u00bbno\u00a0\u00bb single_secondary=\u00a0\u00bbyes\u00a0\u00bb single_h_align=\u00a0\u00bbcenter\u00a0\u00bb single_padding=\u00a0\u00bb1&Prime; single_title_dimension=\u00a0\u00bbh6&Prime; single_border=\u00a0\u00bbyes\u00a0\u00bb single_css_animation=\u00a0\u00bbbottom-t-top\u00a0\u00bb no_double_tap=\u00a0\u00bbyes\u00a0\u00bb uncode_shortcode_id=\u00a0\u00bb118608&Prime;][\/vc_column][\/vc_row]<\/p>\n<\/div>","protected":false},"excerpt":{"rendered":"<p>Pour tous ceux qui aiment p\u00e9daler eux-m\u00eames, mais qui appr\u00e9cient un peu de vent arri\u00e8re dans les mont\u00e9es. Naturel, sportif \u2013 et \u00e9tonnamment puissant. <\/p>\n<p><mark>Taille S en rupture de stock<\/mark><\/p>\n","protected":false},"featured_media":173457,"template":"","meta":[],"product_brand":[],"product_cat":[377,376],"product_tag":[],"class_list":{"0":"post-173472","1":"product","2":"type-product","3":"status-publish","4":"has-post-thumbnail","6":"product_cat-accessoires-sl","7":"product_cat-sl","9":"first","10":"instock","11":"sale","12":"featured","13":"taxable","14":"shipping-taxable","15":"purchasable","16":"product-type-variable"},"yoast_head":"<!-- This site is optimized with the Yoast SEO Premium plugin v27.4 (Yoast SEO v27.4) - https:\/\/yoast.com\/product\/yoast-seo-premium-wordpress\/ -->\n<title>eAlpin SL - eFRAMER \u2013 Premium Swiss e-Bikes &amp; Services<\/title>\n<meta name=\"robots\" content=\"index, follow, max-snippet:-1, max-image-preview:large, max-video-preview:-1\" \/>\n<link rel=\"canonical\" href=\"https:\/\/e-framer.ch\/fr\/produkt\/ealpin-sl\/\" \/>\n<meta property=\"og:locale\" content=\"fr_FR\" \/>\n<meta property=\"og:type\" content=\"article\" \/>\n<meta property=\"og:title\" content=\"eAlpin SL\" \/>\n<meta property=\"og:description\" content=\"Pour tous ceux qui aiment p\u00e9daler eux-m\u00eames, mais qui appr\u00e9cient un peu de vent arri\u00e8re dans les mont\u00e9es. Naturel, sportif - et \u00e9tonnamment puissant.  Taille S en rupture de stock\" \/>\n<meta property=\"og:url\" content=\"https:\/\/e-framer.ch\/fr\/produkt\/ealpin-sl\/\" \/>\n<meta property=\"og:site_name\" content=\"eFRAMER \u2013 Premium Swiss e-Bikes &amp; Services\" \/>\n<meta property=\"article:publisher\" content=\"https:\/\/www.facebook.com\/profile.php?id=100063641028577#\" \/>\n<meta property=\"article:modified_time\" content=\"2026-05-01T07:33:22+00:00\" \/>\n<meta property=\"og:image\" content=\"https:\/\/e-framer.ch\/wp-content\/uploads\/2025\/12\/00b-SL-scaled.png\" \/>\n\t<meta property=\"og:image:width\" content=\"2560\" \/>\n\t<meta property=\"og:image:height\" content=\"1924\" \/>\n\t<meta property=\"og:image:type\" content=\"image\/png\" \/>\n<meta name=\"twitter:card\" content=\"summary_large_image\" \/>\n<meta name=\"twitter:label1\" content=\"Disponibilit\u00e9\" \/>\n\t<meta name=\"twitter:data1\" content=\"En stock\" \/>\n<script type=\"application\/ld+json\" class=\"yoast-schema-graph\">{\"@context\":\"https:\\\/\\\/schema.org\",\"@graph\":[{\"@type\":\"WebPage\",\"@id\":\"https:\\\/\\\/e-framer.ch\\\/fr\\\/produkt\\\/ealpin-sl\\\/\",\"url\":\"https:\\\/\\\/e-framer.ch\\\/fr\\\/produkt\\\/ealpin-sl\\\/\",\"name\":\"eAlpin SL - eFRAMER \u2013 Premium Swiss e-Bikes &amp; Services\",\"isPartOf\":{\"@id\":\"https:\\\/\\\/e-framer.ch\\\/fr\\\/#website\"},\"primaryImageOfPage\":{\"@id\":\"https:\\\/\\\/e-framer.ch\\\/fr\\\/produkt\\\/ealpin-sl\\\/#primaryimage\"},\"image\":{\"@id\":\"https:\\\/\\\/e-framer.ch\\\/fr\\\/produkt\\\/ealpin-sl\\\/#primaryimage\"},\"thumbnailUrl\":\"https:\\\/\\\/e-framer.ch\\\/wp-content\\\/uploads\\\/2025\\\/12\\\/00b-SL-scaled.png\",\"datePublished\":\"2026-01-28T01:44:02+00:00\",\"dateModified\":\"2026-05-01T07:33:22+00:00\",\"breadcrumb\":{\"@id\":\"https:\\\/\\\/e-framer.ch\\\/fr\\\/produkt\\\/ealpin-sl\\\/#breadcrumb\"},\"inLanguage\":\"fr-FR\",\"potentialAction\":[{\"@type\":\"ReadAction\",\"target\":[\"https:\\\/\\\/e-framer.ch\\\/fr\\\/produkt\\\/ealpin-sl\\\/\"]}]},{\"@type\":\"ImageObject\",\"inLanguage\":\"fr-FR\",\"@id\":\"https:\\\/\\\/e-framer.ch\\\/fr\\\/produkt\\\/ealpin-sl\\\/#primaryimage\",\"url\":\"https:\\\/\\\/e-framer.ch\\\/wp-content\\\/uploads\\\/2025\\\/12\\\/00b-SL-scaled.png\",\"contentUrl\":\"https:\\\/\\\/e-framer.ch\\\/wp-content\\\/uploads\\\/2025\\\/12\\\/00b-SL-scaled.png\",\"width\":2560,\"height\":1924},{\"@type\":\"BreadcrumbList\",\"@id\":\"https:\\\/\\\/e-framer.ch\\\/fr\\\/produkt\\\/ealpin-sl\\\/#breadcrumb\",\"itemListElement\":[{\"@type\":\"ListItem\",\"position\":1,\"name\":\"Start\",\"item\":\"https:\\\/\\\/e-framer.ch\\\/fr\\\/\"},{\"@type\":\"ListItem\",\"position\":2,\"name\":\"Nos mod\u00e8les &amp; les accessoires\",\"item\":\"https:\\\/\\\/e-framer.ch\\\/shop\\\/\"},{\"@type\":\"ListItem\",\"position\":3,\"name\":\"eAlpin SL\"}]},{\"@type\":\"WebSite\",\"@id\":\"https:\\\/\\\/e-framer.ch\\\/fr\\\/#website\",\"url\":\"https:\\\/\\\/e-framer.ch\\\/fr\\\/\",\"name\":\"eFRAMER \u2013 Premium Swiss e-Bikes & Services\",\"description\":\"Die Schweizer e-Bike Marke mit hochwertigen e-Bikes und Premium-Services.\",\"publisher\":{\"@id\":\"https:\\\/\\\/e-framer.ch\\\/fr\\\/#organization\"},\"potentialAction\":[{\"@type\":\"SearchAction\",\"target\":{\"@type\":\"EntryPoint\",\"urlTemplate\":\"https:\\\/\\\/e-framer.ch\\\/fr\\\/?s={search_term_string}\"},\"query-input\":{\"@type\":\"PropertyValueSpecification\",\"valueRequired\":true,\"valueName\":\"search_term_string\"}}],\"inLanguage\":\"fr-FR\"},{\"@type\":\"Organization\",\"@id\":\"https:\\\/\\\/e-framer.ch\\\/fr\\\/#organization\",\"name\":\"eFRAMER \u2013 Premium Swiss e-Bikes & Services\",\"url\":\"https:\\\/\\\/e-framer.ch\\\/fr\\\/\",\"logo\":{\"@type\":\"ImageObject\",\"inLanguage\":\"fr-FR\",\"@id\":\"https:\\\/\\\/e-framer.ch\\\/fr\\\/#\\\/schema\\\/logo\\\/image\\\/\",\"url\":\"https:\\\/\\\/e-framer.ch\\\/wp-content\\\/uploads\\\/2026\\\/01\\\/eFRAMER_FIGURATIVE_POS.svg\",\"contentUrl\":\"https:\\\/\\\/e-framer.ch\\\/wp-content\\\/uploads\\\/2026\\\/01\\\/eFRAMER_FIGURATIVE_POS.svg\",\"width\":\"50\",\"height\":\"50\",\"caption\":\"eFRAMER \u2013 Premium Swiss e-Bikes & Services\"},\"image\":{\"@id\":\"https:\\\/\\\/e-framer.ch\\\/fr\\\/#\\\/schema\\\/logo\\\/image\\\/\"},\"sameAs\":[\"https:\\\/\\\/www.facebook.com\\\/profile.php?id=100063641028577#\",\"https:\\\/\\\/www.instagram.com\\\/e_framer.ch\\\/\",\"https:\\\/\\\/www.youtube.com\\\/@eframer\"]}]}<\/script>\n<meta property=\"og:availability\" content=\"instock\" \/>\n<meta property=\"product:availability\" content=\"instock\" \/>\n<meta property=\"product:retailer_item_id\" content=\"57060107\" \/>\n<meta property=\"product:condition\" content=\"new\" \/>\n<!-- \/ Yoast SEO Premium plugin. -->","yoast_head_json":{"title":"eAlpin SL - eFRAMER \u2013 Premium Swiss e-Bikes &amp; Services","robots":{"index":"index","follow":"follow","max-snippet":"max-snippet:-1","max-image-preview":"max-image-preview:large","max-video-preview":"max-video-preview:-1"},"canonical":"https:\/\/e-framer.ch\/fr\/produkt\/ealpin-sl\/","og_locale":"fr_FR","og_type":"article","og_title":"eAlpin SL","og_description":"Pour tous ceux qui aiment p\u00e9daler eux-m\u00eames, mais qui appr\u00e9cient un peu de vent arri\u00e8re dans les mont\u00e9es. Naturel, sportif - et \u00e9tonnamment puissant.  Taille S en rupture de stock","og_url":"https:\/\/e-framer.ch\/fr\/produkt\/ealpin-sl\/","og_site_name":"eFRAMER \u2013 Premium Swiss e-Bikes &amp; Services","article_publisher":"https:\/\/www.facebook.com\/profile.php?id=100063641028577#","article_modified_time":"2026-05-01T07:33:22+00:00","og_image":[{"width":2560,"height":1924,"url":"https:\/\/e-framer.ch\/wp-content\/uploads\/2025\/12\/00b-SL-scaled.png","type":"image\/png"}],"twitter_card":"summary_large_image","twitter_misc":{"Disponibilit\u00e9":"En stock"},"schema":{"@context":"https:\/\/schema.org","@graph":[{"@type":"WebPage","@id":"https:\/\/e-framer.ch\/fr\/produkt\/ealpin-sl\/","url":"https:\/\/e-framer.ch\/fr\/produkt\/ealpin-sl\/","name":"eAlpin SL - eFRAMER \u2013 Premium Swiss e-Bikes &amp; Services","isPartOf":{"@id":"https:\/\/e-framer.ch\/fr\/#website"},"primaryImageOfPage":{"@id":"https:\/\/e-framer.ch\/fr\/produkt\/ealpin-sl\/#primaryimage"},"image":{"@id":"https:\/\/e-framer.ch\/fr\/produkt\/ealpin-sl\/#primaryimage"},"thumbnailUrl":"https:\/\/e-framer.ch\/wp-content\/uploads\/2025\/12\/00b-SL-scaled.png","datePublished":"2026-01-28T01:44:02+00:00","dateModified":"2026-05-01T07:33:22+00:00","breadcrumb":{"@id":"https:\/\/e-framer.ch\/fr\/produkt\/ealpin-sl\/#breadcrumb"},"inLanguage":"fr-FR","potentialAction":[{"@type":"ReadAction","target":["https:\/\/e-framer.ch\/fr\/produkt\/ealpin-sl\/"]}]},{"@type":"ImageObject","inLanguage":"fr-FR","@id":"https:\/\/e-framer.ch\/fr\/produkt\/ealpin-sl\/#primaryimage","url":"https:\/\/e-framer.ch\/wp-content\/uploads\/2025\/12\/00b-SL-scaled.png","contentUrl":"https:\/\/e-framer.ch\/wp-content\/uploads\/2025\/12\/00b-SL-scaled.png","width":2560,"height":1924},{"@type":"BreadcrumbList","@id":"https:\/\/e-framer.ch\/fr\/produkt\/ealpin-sl\/#breadcrumb","itemListElement":[{"@type":"ListItem","position":1,"name":"Start","item":"https:\/\/e-framer.ch\/fr\/"},{"@type":"ListItem","position":2,"name":"Nos mod\u00e8les &amp; les accessoires","item":"https:\/\/e-framer.ch\/shop\/"},{"@type":"ListItem","position":3,"name":"eAlpin SL"}]},{"@type":"WebSite","@id":"https:\/\/e-framer.ch\/fr\/#website","url":"https:\/\/e-framer.ch\/fr\/","name":"eFRAMER \u2013 Premium Swiss e-Bikes & Services","description":"Die Schweizer e-Bike Marke mit hochwertigen e-Bikes und Premium-Services.","publisher":{"@id":"https:\/\/e-framer.ch\/fr\/#organization"},"potentialAction":[{"@type":"SearchAction","target":{"@type":"EntryPoint","urlTemplate":"https:\/\/e-framer.ch\/fr\/?s={search_term_string}"},"query-input":{"@type":"PropertyValueSpecification","valueRequired":true,"valueName":"search_term_string"}}],"inLanguage":"fr-FR"},{"@type":"Organization","@id":"https:\/\/e-framer.ch\/fr\/#organization","name":"eFRAMER \u2013 Premium Swiss e-Bikes & Services","url":"https:\/\/e-framer.ch\/fr\/","logo":{"@type":"ImageObject","inLanguage":"fr-FR","@id":"https:\/\/e-framer.ch\/fr\/#\/schema\/logo\/image\/","url":"https:\/\/e-framer.ch\/wp-content\/uploads\/2026\/01\/eFRAMER_FIGURATIVE_POS.svg","contentUrl":"https:\/\/e-framer.ch\/wp-content\/uploads\/2026\/01\/eFRAMER_FIGURATIVE_POS.svg","width":"50","height":"50","caption":"eFRAMER \u2013 Premium Swiss e-Bikes & Services"},"image":{"@id":"https:\/\/e-framer.ch\/fr\/#\/schema\/logo\/image\/"},"sameAs":["https:\/\/www.facebook.com\/profile.php?id=100063641028577#","https:\/\/www.instagram.com\/e_framer.ch\/","https:\/\/www.youtube.com\/@eframer"]}]},"og_availability":"instock","product_availability":"instock","product_retailer_item_id":"57060107","product_condition":"new"},"_links":{"self":[{"href":"https:\/\/e-framer.ch\/fr\/wp-json\/wp\/v2\/product\/173472","targetHints":{"allow":["GET"]}}],"collection":[{"href":"https:\/\/e-framer.ch\/fr\/wp-json\/wp\/v2\/product"}],"about":[{"href":"https:\/\/e-framer.ch\/fr\/wp-json\/wp\/v2\/types\/product"}],"wp:featuredmedia":[{"embeddable":true,"href":"https:\/\/e-framer.ch\/fr\/wp-json\/wp\/v2\/media\/173457"}],"wp:attachment":[{"href":"https:\/\/e-framer.ch\/fr\/wp-json\/wp\/v2\/media?parent=173472"}],"wp:term":[{"taxonomy":"product_brand","embeddable":true,"href":"https:\/\/e-framer.ch\/fr\/wp-json\/wp\/v2\/product_brand?post=173472"},{"taxonomy":"product_cat","embeddable":true,"href":"https:\/\/e-framer.ch\/fr\/wp-json\/wp\/v2\/product_cat?post=173472"},{"taxonomy":"product_tag","embeddable":true,"href":"https:\/\/e-framer.ch\/fr\/wp-json\/wp\/v2\/product_tag?post=173472"}],"curies":[{"name":"wp","href":"https:\/\/api.w.org\/{rel}","templated":true}]}}