{"id":183092,"date":"2026-05-01T12:43:51","date_gmt":"2026-05-01T12:43:51","guid":{"rendered":"https:\/\/e-framer.ch\/a-propos-de-nous\/"},"modified":"2026-05-01T18:20:28","modified_gmt":"2026-05-01T18:20:28","slug":"a-propos-de-nous","status":"publish","type":"page","link":"https:\/\/e-framer.ch\/fr\/a-propos-de-nous\/","title":{"rendered":"Notre histoire"},"content":{"rendered":"<div class=\"wpb-content-wrapper\"><p>[vc_row unlock_row_content=\u00a0\u00bbyes\u00a0\u00bb row_height_percent=\u00a0\u00bb50&Prime; override_padding=\u00a0\u00bbyes\u00a0\u00bb h_padding=\u00a0\u00bb3&Prime; top_padding=\u00a0\u00bb5&Prime; bottom_padding=\u00a0\u00bb4&Prime; back_image=\u00a0\u00bb171901&Prime; back_position=\u00a0\u00bbcenter center\u00a0\u00bb overlay_alpha=\u00a0\u00bb50&Prime; gutter_size=\u00a0\u00bb3&Prime; column_width_percent=\u00a0\u00bb100&Prime; shift_y=\u00a0\u00bb0&Prime; z_index=\u00a0\u00bb0&Prime; top_divider=\u00a0\u00bbgradient\u00a0\u00bb enable_bottom_divider=\u00a0\u00bbdefault\u00a0\u00bb bottom_divider=\u00a0\u00bbgradient\u00a0\u00bb shape_bottom_h_use_pixel=\u00a0\u00bbtrue\u00a0\u00bb shape_bottom_height_percent=\u00a0\u00bb50&Prime; shape_bottom_opacity=\u00a0\u00bb100&Prime; shape_bottom_index=\u00a0\u00bb0&Prime; css_animation=\u00a0\u00bbscroll-trigger\u00a0\u00bb animate_el=\u00a0\u00bbcontent\u00a0\u00bb animation_state=\u00a0\u00bbend\u00a0\u00bb animation_scale_val=\u00a0\u00bb100&Prime; animation_opacity=\u00a0\u00bb0&Prime; animation_x=\u00a0\u00bb0&Prime; animation_y=\u00a0\u00bb0&Prime; animation_blur=\u00a0\u00bb0&Prime; animation_rotate=\u00a0\u00bb0&Prime; animation_perspective=\u00a0\u00bb0&Prime; animation_offset_top=\u00a0\u00bb0&Prime; animation_offset_bottom=\u00a0\u00bb50&Prime; content_parallax=\u00a0\u00bb5&Prime; uncode_shortcode_id=\u00a0\u00bb109138&Prime;][vc_column column_width_percent=\u00a0\u00bb100&Prime; align_horizontal=\u00a0\u00bbalign_center\u00a0\u00bb gutter_size=\u00a0\u00bb3&Prime; overlay_alpha=\u00a0\u00bb50&Prime; shift_x=\u00a0\u00bb0&Prime; shift_y=\u00a0\u00bb0&Prime; shift_y_down=\u00a0\u00bb0&Prime; z_index=\u00a0\u00bb0&Prime; medium_width=\u00a0\u00bb0&Prime; mobile_width=\u00a0\u00bb0&Prime; css_animation=\u00a0\u00bbalpha-anim\u00a0\u00bb animation_speed=\u00a0\u00bb1000&Prime; animation_delay=\u00a0\u00bb100&Prime; width=\u00a0\u00bb1\/1&Prime; uncode_shortcode_id=\u00a0\u00bb170489&Prime;][vc_row_inner row_inner_height_percent=\u00a0\u00bb0&Prime; overlay_alpha=\u00a0\u00bb50&Prime; gutter_size=\u00a0\u00bb3&Prime; shift_y=\u00a0\u00bb0&Prime; z_index=\u00a0\u00bb0&Prime; limit_content=\u00a0\u00bb\u00a0\u00bb uncode_shortcode_id=\u00a0\u00bb169227&Prime;][vc_column_inner column_width_percent=\u00a0\u00bb100&Prime; align_horizontal=\u00a0\u00bbalign_center\u00a0\u00bb gutter_size=\u00a0\u00bb3&Prime; overlay_alpha=\u00a0\u00bb50&Prime; shift_x=\u00a0\u00bb0&Prime; shift_y=\u00a0\u00bb0&Prime; shift_y_down=\u00a0\u00bb0&Prime; z_index=\u00a0\u00bb0&Prime; medium_width=\u00a0\u00bb0&Prime; mobile_width=\u00a0\u00bb0&Prime; width=\u00a0\u00bb1\/1&Prime; uncode_shortcode_id=\u00a0\u00bb193715&Prime;][vc_custom_heading text_color=\u00a0\u00bbcolor-131212&Prime; heading_semantic=\u00a0\u00bbh1&Prime; text_size=\u00a0\u00bbh1&Prime; text_italic=\u00a0\u00bbyes\u00a0\u00bb inline_media=\u00a0\u00bbyes\u00a0\u00bb media_height=\u00a0\u00bb100&Prime; inline_media_anim=\u00a0\u00bbzoom-in\u00a0\u00bb inline_media_anim_speed=\u00a0\u00bb1000&Prime; inline_media_anim_delay=\u00a0\u00bb200&Prime; uncode_shortcode_id=\u00a0\u00bb948174&Prime; text_color_type=\u00a0\u00bbuncode-palette\u00a0\u00bb]Ce qui est une marque sur papier chez d&rsquo;autres,<br \/>\nest notre quotidien.[\/vc_custom_heading][vc_custom_heading heading_semantic=\u00a0\u00bbh3&Prime; text_size=\u00a0\u00bbh3&Prime; text_weight=\u00a0\u00bb200&Prime; text_italic=\u00a0\u00bbyes\u00a0\u00bb uncode_shortcode_id=\u00a0\u00bb367962&Prime;]A propos de nous[\/vc_custom_heading][\/vc_column_inner][\/vc_row_inner][\/vc_column][\/vc_row][vc_row row_height_percent=\u00a0\u00bb0&Prime; override_padding=\u00a0\u00bbyes\u00a0\u00bb h_padding=\u00a0\u00bb0&Prime; top_padding=\u00a0\u00bb0&Prime; bottom_padding=\u00a0\u00bb0&Prime; back_image=\u00a0\u00bb119407&Prime; back_repeat=\u00a0\u00bbrepeat\u00a0\u00bb overlay_alpha=\u00a0\u00bb50&Prime; gutter_size=\u00a0\u00bb3&Prime; column_width_percent=\u00a0\u00bb100&Prime; shift_y=\u00a0\u00bb0&Prime; z_index=\u00a0\u00bb0&Prime; enable_top_divider=\u00a0\u00bbdefault\u00a0\u00bb top_divider=\u00a0\u00bbstep\u00a0\u00bb shape_top_h_use_pixel=\u00a0\u00bbtrue\u00a0\u00bb shape_top_height_percent=\u00a0\u00bb28&Prime; shape_top_opacity=\u00a0\u00bb100&Prime; shape_top_index=\u00a0\u00bb0&Prime; bottom_divider=\u00a0\u00bbstep\u00a0\u00bb css_animation=\u00a0\u00bbscroll-trigger\u00a0\u00bb animate_el=\u00a0\u00bbcontent\u00a0\u00bb animation_scale_val=\u00a0\u00bb100&Prime; animation_opacity=\u00a0\u00bb100&Prime; animation_x=\u00a0\u00bb0&Prime; animation_y=\u00a0\u00bb0&Prime; animation_blur=\u00a0\u00bb0&Prime; animation_rotate=\u00a0\u00bb0&Prime; animation_perspective=\u00a0\u00bb75&Prime; animation_offset_top=\u00a0\u00bb90&Prime; animation_offset_bottom=\u00a0\u00bb85&Prime; animation_ease_out=\u00a0\u00bbsine\u00a0\u00bb content_parallax=\u00a0\u00bb0&Prime; animation_ease_in=\u00a0\u00bbpower2&Prime; uncode_shortcode_id=\u00a0\u00bb342857&Prime; back_size=\u00a0\u00bb200&Prime;][vc_column column_width_percent=\u00a0\u00bb100&Prime; position_vertical=\u00a0\u00bbbottom\u00a0\u00bb align_horizontal=\u00a0\u00bbalign_center\u00a0\u00bb gutter_size=\u00a0\u00bb4&Prime; override_padding=\u00a0\u00bbyes\u00a0\u00bb column_padding=\u00a0\u00bb2&Prime; overlay_alpha=\u00a0\u00bb25&Prime; radius=\u00a0\u00bbhg\u00a0\u00bb shift_x=\u00a0\u00bb0&Prime; shift_y=\u00a0\u00bb0&Prime; shift_y_down=\u00a0\u00bb0&Prime; z_index=\u00a0\u00bb0&Prime; medium_width=\u00a0\u00bb0&Prime; mobile_width=\u00a0\u00bb0&Prime; css_animation=\u00a0\u00bbalpha-anim\u00a0\u00bb animation_speed=\u00a0\u00bb200&Prime; animation_delay=\u00a0\u00bb400&Prime; width=\u00a0\u00bb1\/1&Prime; uncode_shortcode_id=\u00a0\u00bb136144&Prime; el_class=\u00a0\u00bbbackground-drop\u00a0\u00bb][vc_single_image media=\u00a0\u00bb178286&Prime; media_width_percent=\u00a0\u00bb100&Prime; media_ratio=\u00a0\u00bbthree-two\u00a0\u00bb shadow=\u00a0\u00bbyes\u00a0\u00bb shadow_weight=\u00a0\u00bblg\u00a0\u00bb shadow_darker=\u00a0\u00bbyes\u00a0\u00bb uncode_shortcode_id=\u00a0\u00bb111220&Prime;][\/vc_column][\/vc_row][vc_row row_height_percent=\u00a0\u00bb0&Prime; override_padding=\u00a0\u00bbyes\u00a0\u00bb h_padding=\u00a0\u00bb2&Prime; top_padding=\u00a0\u00bb4&Prime; bottom_padding=\u00a0\u00bb0&Prime; overlay_alpha=\u00a0\u00bb50&Prime; gutter_size=\u00a0\u00bb3&Prime; column_width_percent=\u00a0\u00bb100&Prime; shift_y=\u00a0\u00bb0&Prime; z_index=\u00a0\u00bb0&Prime; content_parallax=\u00a0\u00bb0&Prime; uncode_shortcode_id=\u00a0\u00bb189253&Prime;][vc_column width=\u00a0\u00bb1\/1&Prime;][vc_column_text uncode_shortcode_id=\u00a0\u00bb481045&Prime;]<strong>Des v\u00e9los \u00e9lectriques premium. Sans d\u00e9tour. <\/strong><\/p>\n<p>Ce qui a commenc\u00e9 en 2019 comme une id\u00e9e audacieuse est aujourd&rsquo;hui une marque avec une ambition claire :<br \/>\ne-FRAMER est synonyme de v\u00e9los \u00e9lectriques de haute qualit\u00e9 et d&rsquo;une exp\u00e9rience de service qui fait la diff\u00e9rence.<\/p>\n<p>Depuis 2022, e-FRAMER fait partie d&rsquo;Ochsner Sport \u2013 et profite de cette force pour passer \u00e0 l&rsquo;\u00e9tape suivante : un rebranding complet, une nouvelle gamme et une promesse aff\u00fbt\u00e9e.<\/p>\n<p>Notre objectif est clair :<br \/>\nUne mobilit\u00e9 premium qui fonctionne simplement.<\/p>\n<h3>Ce qui nous caract\u00e9rise<\/h3>\n<p>Nous construisons des v\u00e9los \u00e9lectriques sur lesquels tu peux compter.<br \/>\nEt nous cr\u00e9ons une exp\u00e9rience de service qui te soulage.<\/p>\n<p>e-FRAMER associe des mat\u00e9riaux de qualit\u00e9, un design bien pens\u00e9 et une technologie fiable \u00e0 un service complet et personnalis\u00e9 \u2013 avant, pendant et apr\u00e8s l&rsquo;achat.<\/p>\n<p>Tu n&rsquo;as pas besoin de t&rsquo;occuper des d\u00e9tails.<br \/>\nTu obtiens un v\u00e9lo qui convient. Et un service qui r\u00e9fl\u00e9chit. <\/p>\n<h3>Notre mission<\/h3>\n<p>Rendre la mobilit\u00e9 premium facile \u00e0 vivre.<\/p>\n<p>Avec des v\u00e9los \u00e9lectriques fiables et de haute qualit\u00e9 et un service complet personnalis\u00e9, nous cr\u00e9ons une exp\u00e9rience de conduite qui enthousiasme \u2013 simple, \u00e9l\u00e9gante et fiable.<\/p>\n<h3>Notre vision<\/h3>\n<p>La premi\u00e8re adresse pour les v\u00e9los \u00e9lectriques avec une v\u00e9ritable comp\u00e9tence en mati\u00e8re de service en Suisse.<\/p>\n<p>Nous \u00e9tablissons de nouvelles normes en mati\u00e8re de confort, de service client et de style \u2013 pour une mobilit\u00e9 qui n&rsquo;est pas seulement efficace, mais qui se sent mieux.<\/p>\n<h3>Nos valeurs<\/h3>\n<p><strong>Qualit\u00e9<\/strong><br \/>\nDes mat\u00e9riaux de haute qualit\u00e9, une finition soign\u00e9e et une technologie durable. Sans compromis. <\/p>\n<p><strong>Orientation service<\/strong><br \/>\nNous pensons le service de mani\u00e8re globale \u2013 personnel, proche et fiable.<\/p>\n<p><strong>Confiance<\/strong><br \/>\nL&rsquo;ouverture, l&rsquo;honn\u00eatet\u00e9 et la fiabilit\u00e9 caract\u00e9risent tout ce que nous faisons.<\/p>\n<p><strong>Style &amp; Focus<\/strong><br \/>\nUn design r\u00e9duit, des lignes claires, fonctionnel jusque dans les moindres d\u00e9tails.<\/p>\n<p><strong>Facilit\u00e9<\/strong><br \/>\nFaire du v\u00e9lo \u00e9lectrique doit \u00eatre facile. Notre exigence : aussi peu d&rsquo;efforts que possible pour toi. <\/p>\n<h3>Notre promesse<\/h3>\n<p>Ce qui co\u00fbte un suppl\u00e9ment chez les autres est standard chez nous.<\/p>\n<p>Chez e-FRAMER, tu n&rsquo;obtiens pas seulement un v\u00e9lo \u00e9lectrique de haute qualit\u00e9, mais un paquet global qui convainc :<br \/>\nincluant des services qui sont factur\u00e9s en plus ailleurs.<\/p>\n<p>Livraison personnelle \u00e0 domicile.<br \/>\nGarantie.<br \/>\nService.<br \/>\nPi\u00e8ces d&rsquo;usure.<\/p>\n<p>Tout y est.<\/p>\n<p>Tu montes et tu pars.<br \/>\nNous nous occupons du reste.[\/vc_column_text][\/vc_column][\/vc_row]<\/p>\n<\/div>","protected":false},"excerpt":{"rendered":"<p>[vc_row unlock_row_content=\u00a0\u00bbyes\u00a0\u00bb row_height_percent=\u00a0\u00bb50&Prime; override_padding=\u00a0\u00bbyes\u00a0\u00bb h_padding=\u00a0\u00bb3&Prime; top_padding=\u00a0\u00bb5&Prime; bottom_padding=\u00a0\u00bb4&Prime; back_image=\u00a0\u00bb171901&Prime; back_position=\u00a0\u00bbcenter center\u00a0\u00bb overlay_alpha=\u00a0\u00bb50&Prime; gutter_size=\u00a0\u00bb3&Prime; column_width_percent=\u00a0\u00bb100&Prime; shift_y=\u00a0\u00bb0&Prime; z_index=\u00a0\u00bb0&Prime; top_divider=\u00a0\u00bbgradient\u00a0\u00bb enable_bottom_divider=\u00a0\u00bbdefault\u00a0\u00bb bottom_divider=\u00a0\u00bbgradient\u00a0\u00bb shape_bottom_h_use_pixel=\u00a0\u00bbtrue\u00a0\u00bb shape_bottom_height_percent=\u00a0\u00bb50&Prime; [&hellip;]<\/p>\n","protected":false},"author":1,"featured_media":173466,"parent":0,"menu_order":0,"comment_status":"closed","ping_status":"closed","template":"","meta":{"footnotes":""},"class_list":["post-183092","page","type-page","status-publish","has-post-thumbnail","hentry"],"yoast_head":"<!-- This site is optimized with the Yoast SEO Premium plugin v27.4 (Yoast SEO v27.4) - https:\/\/yoast.com\/product\/yoast-seo-premium-wordpress\/ -->\n<title>Notre histoire - eFRAMER \u2013 Premium Swiss e-Bikes &amp; Services<\/title>\n<meta name=\"robots\" content=\"index, follow, max-snippet:-1, max-image-preview:large, max-video-preview:-1\" \/>\n<link rel=\"canonical\" href=\"https:\/\/e-framer.ch\/fr\/a-propos-de-nous\/\" \/>\n<meta property=\"og:locale\" content=\"fr_FR\" \/>\n<meta property=\"og:type\" content=\"article\" \/>\n<meta property=\"og:title\" content=\"Notre histoire\" \/>\n<meta property=\"og:description\" content=\"[vc_row unlock_row_content=\u00a0\u00bbyes\u00a0\u00bb row_height_percent=\u00a0\u00bb50&Prime; override_padding=\u00a0\u00bbyes\u00a0\u00bb h_padding=\u00a0\u00bb3&Prime; top_padding=\u00a0\u00bb5&Prime; bottom_padding=\u00a0\u00bb4&Prime; back_image=\u00a0\u00bb171901&Prime; back_position=\u00a0\u00bbcenter center\u00a0\u00bb overlay_alpha=\u00a0\u00bb50&Prime; gutter_size=\u00a0\u00bb3&Prime; column_width_percent=\u00a0\u00bb100&Prime; shift_y=\u00a0\u00bb0&Prime; z_index=\u00a0\u00bb0&Prime; top_divider=\u00a0\u00bbgradient\u00a0\u00bb enable_bottom_divider=\u00a0\u00bbdefault\u00a0\u00bb bottom_divider=\u00a0\u00bbgradient\u00a0\u00bb shape_bottom_h_use_pixel=\u00a0\u00bbtrue\u00a0\u00bb shape_bottom_height_percent=\u00a0\u00bb50&Prime; [&hellip;]\" \/>\n<meta property=\"og:url\" content=\"https:\/\/e-framer.ch\/fr\/a-propos-de-nous\/\" \/>\n<meta property=\"og:site_name\" content=\"eFRAMER \u2013 Premium Swiss e-Bikes &amp; Services\" \/>\n<meta property=\"article:publisher\" content=\"https:\/\/www.facebook.com\/profile.php?id=100063641028577#\" \/>\n<meta property=\"article:modified_time\" content=\"2026-05-01T18:20:28+00:00\" \/>\n<meta property=\"og:image\" content=\"https:\/\/e-framer.ch\/wp-content\/uploads\/2026\/02\/gmyjVBgb7_vyHVVSf_WVv_3f264e5a84094a2abe05b80701c0306b.jpg\" \/>\n\t<meta property=\"og:image:width\" content=\"2500\" \/>\n\t<meta property=\"og:image:height\" content=\"1677\" \/>\n\t<meta property=\"og:image:type\" content=\"image\/jpeg\" \/>\n<meta name=\"twitter:card\" content=\"summary_large_image\" \/>\n<meta name=\"twitter:label1\" content=\"Dur\u00e9e de lecture estim\u00e9e\" \/>\n\t<meta name=\"twitter:data1\" content=\"4 minutes\" \/>\n<script type=\"application\/ld+json\" class=\"yoast-schema-graph\">{\"@context\":\"https:\\\/\\\/schema.org\",\"@graph\":[{\"@type\":\"WebPage\",\"@id\":\"https:\\\/\\\/e-framer.ch\\\/fr\\\/a-propos-de-nous\\\/\",\"url\":\"https:\\\/\\\/e-framer.ch\\\/fr\\\/a-propos-de-nous\\\/\",\"name\":\"Notre histoire - eFRAMER \u2013 Premium Swiss e-Bikes &amp; Services\",\"isPartOf\":{\"@id\":\"https:\\\/\\\/e-framer.ch\\\/fr\\\/#website\"},\"primaryImageOfPage\":{\"@id\":\"https:\\\/\\\/e-framer.ch\\\/fr\\\/a-propos-de-nous\\\/#primaryimage\"},\"image\":{\"@id\":\"https:\\\/\\\/e-framer.ch\\\/fr\\\/a-propos-de-nous\\\/#primaryimage\"},\"thumbnailUrl\":\"https:\\\/\\\/e-framer.ch\\\/wp-content\\\/uploads\\\/2026\\\/02\\\/gmyjVBgb7_vyHVVSf_WVv_3f264e5a84094a2abe05b80701c0306b.jpg\",\"datePublished\":\"2026-05-01T12:43:51+00:00\",\"dateModified\":\"2026-05-01T18:20:28+00:00\",\"breadcrumb\":{\"@id\":\"https:\\\/\\\/e-framer.ch\\\/fr\\\/a-propos-de-nous\\\/#breadcrumb\"},\"inLanguage\":\"fr-FR\",\"potentialAction\":[{\"@type\":\"ReadAction\",\"target\":[\"https:\\\/\\\/e-framer.ch\\\/fr\\\/a-propos-de-nous\\\/\"]}]},{\"@type\":\"ImageObject\",\"inLanguage\":\"fr-FR\",\"@id\":\"https:\\\/\\\/e-framer.ch\\\/fr\\\/a-propos-de-nous\\\/#primaryimage\",\"url\":\"https:\\\/\\\/e-framer.ch\\\/wp-content\\\/uploads\\\/2026\\\/02\\\/gmyjVBgb7_vyHVVSf_WVv_3f264e5a84094a2abe05b80701c0306b.jpg\",\"contentUrl\":\"https:\\\/\\\/e-framer.ch\\\/wp-content\\\/uploads\\\/2026\\\/02\\\/gmyjVBgb7_vyHVVSf_WVv_3f264e5a84094a2abe05b80701c0306b.jpg\",\"width\":2500,\"height\":1677},{\"@type\":\"BreadcrumbList\",\"@id\":\"https:\\\/\\\/e-framer.ch\\\/fr\\\/a-propos-de-nous\\\/#breadcrumb\",\"itemListElement\":[{\"@type\":\"ListItem\",\"position\":1,\"name\":\"Start\",\"item\":\"https:\\\/\\\/e-framer.ch\\\/fr\\\/\"},{\"@type\":\"ListItem\",\"position\":2,\"name\":\"Notre histoire\"}]},{\"@type\":\"WebSite\",\"@id\":\"https:\\\/\\\/e-framer.ch\\\/fr\\\/#website\",\"url\":\"https:\\\/\\\/e-framer.ch\\\/fr\\\/\",\"name\":\"eFRAMER \u2013 Premium Swiss e-Bikes & Services\",\"description\":\"Die Schweizer e-Bike Marke mit hochwertigen e-Bikes und Premium-Services.\",\"publisher\":{\"@id\":\"https:\\\/\\\/e-framer.ch\\\/fr\\\/#organization\"},\"potentialAction\":[{\"@type\":\"SearchAction\",\"target\":{\"@type\":\"EntryPoint\",\"urlTemplate\":\"https:\\\/\\\/e-framer.ch\\\/fr\\\/?s={search_term_string}\"},\"query-input\":{\"@type\":\"PropertyValueSpecification\",\"valueRequired\":true,\"valueName\":\"search_term_string\"}}],\"inLanguage\":\"fr-FR\"},{\"@type\":\"Organization\",\"@id\":\"https:\\\/\\\/e-framer.ch\\\/fr\\\/#organization\",\"name\":\"eFRAMER \u2013 Premium Swiss e-Bikes & Services\",\"url\":\"https:\\\/\\\/e-framer.ch\\\/fr\\\/\",\"logo\":{\"@type\":\"ImageObject\",\"inLanguage\":\"fr-FR\",\"@id\":\"https:\\\/\\\/e-framer.ch\\\/fr\\\/#\\\/schema\\\/logo\\\/image\\\/\",\"url\":\"https:\\\/\\\/e-framer.ch\\\/wp-content\\\/uploads\\\/2026\\\/01\\\/eFRAMER_FIGURATIVE_POS.svg\",\"contentUrl\":\"https:\\\/\\\/e-framer.ch\\\/wp-content\\\/uploads\\\/2026\\\/01\\\/eFRAMER_FIGURATIVE_POS.svg\",\"width\":\"50\",\"height\":\"50\",\"caption\":\"eFRAMER \u2013 Premium Swiss e-Bikes & Services\"},\"image\":{\"@id\":\"https:\\\/\\\/e-framer.ch\\\/fr\\\/#\\\/schema\\\/logo\\\/image\\\/\"},\"sameAs\":[\"https:\\\/\\\/www.facebook.com\\\/profile.php?id=100063641028577#\",\"https:\\\/\\\/www.instagram.com\\\/e_framer.ch\\\/\",\"https:\\\/\\\/www.youtube.com\\\/@eframer\"]}]}<\/script>\n<!-- \/ Yoast SEO Premium plugin. -->","yoast_head_json":{"title":"Notre histoire - eFRAMER \u2013 Premium Swiss e-Bikes &amp; Services","robots":{"index":"index","follow":"follow","max-snippet":"max-snippet:-1","max-image-preview":"max-image-preview:large","max-video-preview":"max-video-preview:-1"},"canonical":"https:\/\/e-framer.ch\/fr\/a-propos-de-nous\/","og_locale":"fr_FR","og_type":"article","og_title":"Notre histoire","og_description":"[vc_row unlock_row_content=\u00a0\u00bbyes\u00a0\u00bb row_height_percent=\u00a0\u00bb50&Prime; override_padding=\u00a0\u00bbyes\u00a0\u00bb h_padding=\u00a0\u00bb3&Prime; top_padding=\u00a0\u00bb5&Prime; bottom_padding=\u00a0\u00bb4&Prime; back_image=\u00a0\u00bb171901&Prime; back_position=\u00a0\u00bbcenter center\u00a0\u00bb overlay_alpha=\u00a0\u00bb50&Prime; gutter_size=\u00a0\u00bb3&Prime; column_width_percent=\u00a0\u00bb100&Prime; shift_y=\u00a0\u00bb0&Prime; z_index=\u00a0\u00bb0&Prime; top_divider=\u00a0\u00bbgradient\u00a0\u00bb enable_bottom_divider=\u00a0\u00bbdefault\u00a0\u00bb bottom_divider=\u00a0\u00bbgradient\u00a0\u00bb shape_bottom_h_use_pixel=\u00a0\u00bbtrue\u00a0\u00bb shape_bottom_height_percent=\u00a0\u00bb50&Prime; [&hellip;]","og_url":"https:\/\/e-framer.ch\/fr\/a-propos-de-nous\/","og_site_name":"eFRAMER \u2013 Premium Swiss e-Bikes &amp; Services","article_publisher":"https:\/\/www.facebook.com\/profile.php?id=100063641028577#","article_modified_time":"2026-05-01T18:20:28+00:00","og_image":[{"width":2500,"height":1677,"url":"https:\/\/e-framer.ch\/wp-content\/uploads\/2026\/02\/gmyjVBgb7_vyHVVSf_WVv_3f264e5a84094a2abe05b80701c0306b.jpg","type":"image\/jpeg"}],"twitter_card":"summary_large_image","twitter_misc":{"Dur\u00e9e de lecture estim\u00e9e":"4 minutes"},"schema":{"@context":"https:\/\/schema.org","@graph":[{"@type":"WebPage","@id":"https:\/\/e-framer.ch\/fr\/a-propos-de-nous\/","url":"https:\/\/e-framer.ch\/fr\/a-propos-de-nous\/","name":"Notre histoire - eFRAMER \u2013 Premium Swiss e-Bikes &amp; Services","isPartOf":{"@id":"https:\/\/e-framer.ch\/fr\/#website"},"primaryImageOfPage":{"@id":"https:\/\/e-framer.ch\/fr\/a-propos-de-nous\/#primaryimage"},"image":{"@id":"https:\/\/e-framer.ch\/fr\/a-propos-de-nous\/#primaryimage"},"thumbnailUrl":"https:\/\/e-framer.ch\/wp-content\/uploads\/2026\/02\/gmyjVBgb7_vyHVVSf_WVv_3f264e5a84094a2abe05b80701c0306b.jpg","datePublished":"2026-05-01T12:43:51+00:00","dateModified":"2026-05-01T18:20:28+00:00","breadcrumb":{"@id":"https:\/\/e-framer.ch\/fr\/a-propos-de-nous\/#breadcrumb"},"inLanguage":"fr-FR","potentialAction":[{"@type":"ReadAction","target":["https:\/\/e-framer.ch\/fr\/a-propos-de-nous\/"]}]},{"@type":"ImageObject","inLanguage":"fr-FR","@id":"https:\/\/e-framer.ch\/fr\/a-propos-de-nous\/#primaryimage","url":"https:\/\/e-framer.ch\/wp-content\/uploads\/2026\/02\/gmyjVBgb7_vyHVVSf_WVv_3f264e5a84094a2abe05b80701c0306b.jpg","contentUrl":"https:\/\/e-framer.ch\/wp-content\/uploads\/2026\/02\/gmyjVBgb7_vyHVVSf_WVv_3f264e5a84094a2abe05b80701c0306b.jpg","width":2500,"height":1677},{"@type":"BreadcrumbList","@id":"https:\/\/e-framer.ch\/fr\/a-propos-de-nous\/#breadcrumb","itemListElement":[{"@type":"ListItem","position":1,"name":"Start","item":"https:\/\/e-framer.ch\/fr\/"},{"@type":"ListItem","position":2,"name":"Notre histoire"}]},{"@type":"WebSite","@id":"https:\/\/e-framer.ch\/fr\/#website","url":"https:\/\/e-framer.ch\/fr\/","name":"eFRAMER \u2013 Premium Swiss e-Bikes & Services","description":"Die Schweizer e-Bike Marke mit hochwertigen e-Bikes und Premium-Services.","publisher":{"@id":"https:\/\/e-framer.ch\/fr\/#organization"},"potentialAction":[{"@type":"SearchAction","target":{"@type":"EntryPoint","urlTemplate":"https:\/\/e-framer.ch\/fr\/?s={search_term_string}"},"query-input":{"@type":"PropertyValueSpecification","valueRequired":true,"valueName":"search_term_string"}}],"inLanguage":"fr-FR"},{"@type":"Organization","@id":"https:\/\/e-framer.ch\/fr\/#organization","name":"eFRAMER \u2013 Premium Swiss e-Bikes & Services","url":"https:\/\/e-framer.ch\/fr\/","logo":{"@type":"ImageObject","inLanguage":"fr-FR","@id":"https:\/\/e-framer.ch\/fr\/#\/schema\/logo\/image\/","url":"https:\/\/e-framer.ch\/wp-content\/uploads\/2026\/01\/eFRAMER_FIGURATIVE_POS.svg","contentUrl":"https:\/\/e-framer.ch\/wp-content\/uploads\/2026\/01\/eFRAMER_FIGURATIVE_POS.svg","width":"50","height":"50","caption":"eFRAMER \u2013 Premium Swiss e-Bikes & Services"},"image":{"@id":"https:\/\/e-framer.ch\/fr\/#\/schema\/logo\/image\/"},"sameAs":["https:\/\/www.facebook.com\/profile.php?id=100063641028577#","https:\/\/www.instagram.com\/e_framer.ch\/","https:\/\/www.youtube.com\/@eframer"]}]}},"_links":{"self":[{"href":"https:\/\/e-framer.ch\/fr\/wp-json\/wp\/v2\/pages\/183092","targetHints":{"allow":["GET"]}}],"collection":[{"href":"https:\/\/e-framer.ch\/fr\/wp-json\/wp\/v2\/pages"}],"about":[{"href":"https:\/\/e-framer.ch\/fr\/wp-json\/wp\/v2\/types\/page"}],"author":[{"embeddable":true,"href":"https:\/\/e-framer.ch\/fr\/wp-json\/wp\/v2\/users\/1"}],"replies":[{"embeddable":true,"href":"https:\/\/e-framer.ch\/fr\/wp-json\/wp\/v2\/comments?post=183092"}],"version-history":[{"count":13,"href":"https:\/\/e-framer.ch\/fr\/wp-json\/wp\/v2\/pages\/183092\/revisions"}],"predecessor-version":[{"id":183346,"href":"https:\/\/e-framer.ch\/fr\/wp-json\/wp\/v2\/pages\/183092\/revisions\/183346"}],"wp:featuredmedia":[{"embeddable":true,"href":"https:\/\/e-framer.ch\/fr\/wp-json\/wp\/v2\/media\/173466"}],"wp:attachment":[{"href":"https:\/\/e-framer.ch\/fr\/wp-json\/wp\/v2\/media?parent=183092"}],"curies":[{"name":"wp","href":"https:\/\/api.w.org\/{rel}","templated":true}]}}