{"id":173462,"date":"2026-01-28T12:51:02","date_gmt":"2026-01-28T12:51:02","guid":{"rendered":"https:\/\/e-framer.ch\/cgv-et-garantie\/"},"modified":"2026-02-13T13:30:15","modified_gmt":"2026-02-13T13:30:15","slug":"cgv-et-garantie","status":"publish","type":"page","link":"https:\/\/e-framer.ch\/fr\/cgv-et-garantie\/","title":{"rendered":"Conditions g\u00e9n\u00e9rales &amp; garantie"},"content":{"rendered":"<div class=\"wpb-content-wrapper\"><p>[vc_row row_height_percent=\u00a0\u00bb50&Prime; override_padding=\u00a0\u00bbyes\u00a0\u00bb h_padding=\u00a0\u00bb3&Prime; top_padding=\u00a0\u00bb5&Prime; bottom_padding=\u00a0\u00bb4&Prime; back_image=\u00a0\u00bb171904&Prime; overlay_alpha=\u00a0\u00bb50&Prime; gutter_size=\u00a0\u00bb3&Prime; column_width_percent=\u00a0\u00bb100&Prime; shift_y=\u00a0\u00bb0&Prime; z_index=\u00a0\u00bb0&Prime; enable_bottom_divider=\u00a0\u00bbdefault\u00a0\u00bb bottom_divider=\u00a0\u00bbgradient\u00a0\u00bb shape_bottom_h_use_pixel=\u00a0\u00bb\u00a0\u00bb shape_bottom_height=\u00a0\u00bb150&Prime; shape_bottom_opacity=\u00a0\u00bb100&Prime; shape_bottom_index=\u00a0\u00bb0&Prime; content_parallax=\u00a0\u00bb0&Prime; uncode_shortcode_id=\u00a0\u00bb188364&Prime;][vc_column column_width_percent=\u00a0\u00bb100&Prime; align_horizontal=\u00a0\u00bbalign_center\u00a0\u00bb gutter_size=\u00a0\u00bb3&Prime; overlay_alpha=\u00a0\u00bb50&Prime; shift_x=\u00a0\u00bb0&Prime; shift_y=\u00a0\u00bb0&Prime; shift_y_down=\u00a0\u00bb0&Prime; z_index=\u00a0\u00bb0&Prime; medium_width=\u00a0\u00bb0&Prime; mobile_width=\u00a0\u00bb0&Prime; width=\u00a0\u00bb1\/1&Prime; uncode_shortcode_id=\u00a0\u00bb804914&Prime;][vc_row_inner row_inner_height_percent=\u00a0\u00bb0&Prime; overlay_alpha=\u00a0\u00bb50&Prime; gutter_size=\u00a0\u00bb3&Prime; shift_y=\u00a0\u00bb0&Prime; z_index=\u00a0\u00bb0&Prime; limit_content=\u00a0\u00bb\u00a0\u00bb uncode_shortcode_id=\u00a0\u00bb169227&Prime;][vc_column_inner column_width_percent=\u00a0\u00bb100&Prime; align_horizontal=\u00a0\u00bbalign_center\u00a0\u00bb gutter_size=\u00a0\u00bb3&Prime; overlay_alpha=\u00a0\u00bb50&Prime; shift_x=\u00a0\u00bb0&Prime; shift_y=\u00a0\u00bb0&Prime; shift_y_down=\u00a0\u00bb0&Prime; z_index=\u00a0\u00bb0&Prime; medium_width=\u00a0\u00bb0&Prime; mobile_width=\u00a0\u00bb0&Prime; width=\u00a0\u00bb1\/1&Prime; uncode_shortcode_id=\u00a0\u00bb193715&Prime;][vc_custom_heading text_color=\u00a0\u00bbcolor-131212&Prime; heading_semantic=\u00a0\u00bbh1&Prime; text_size=\u00a0\u00bbh1&Prime; text_italic=\u00a0\u00bbyes\u00a0\u00bb inline_media=\u00a0\u00bbyes\u00a0\u00bb media_height=\u00a0\u00bb100&Prime; inline_media_anim=\u00a0\u00bbzoom-in\u00a0\u00bb inline_media_anim_speed=\u00a0\u00bb1000&Prime; inline_media_anim_delay=\u00a0\u00bb200&Prime; uncode_shortcode_id=\u00a0\u00bb404583&Prime; text_color_type=\u00a0\u00bbuncode-palette\u00a0\u00bb]Ce que d&rsquo;autres appellent des donn\u00e9es,<br \/>\nsignifie pour nous la confiance.[\/vc_custom_heading][vc_custom_heading heading_semantic=\u00a0\u00bbh3&Prime; text_size=\u00a0\u00bbh3&Prime; text_weight=\u00a0\u00bb200&Prime; text_italic=\u00a0\u00bbyes\u00a0\u00bb uncode_shortcode_id=\u00a0\u00bb244952&Prime;]Conditions g\u00e9n\u00e9rales &amp; garantie[\/vc_custom_heading][\/vc_column_inner][\/vc_row_inner][\/vc_column][\/vc_row][vc_row row_height_percent=\u00a0\u00bb0&Prime; override_padding=\u00a0\u00bbyes\u00a0\u00bb h_padding=\u00a0\u00bb4&Prime; top_padding=\u00a0\u00bb0&Prime; bottom_padding=\u00a0\u00bb0&Prime; overlay_alpha=\u00a0\u00bb50&Prime; gutter_size=\u00a0\u00bb3&Prime; column_width_percent=\u00a0\u00bb100&Prime; shift_y=\u00a0\u00bb0&Prime; z_index=\u00a0\u00bb0&Prime; content_parallax=\u00a0\u00bb0&Prime; uncode_shortcode_id=\u00a0\u00bb790869&Prime;][vc_column width=\u00a0\u00bb1\/1&Prime;][vc_column_text uncode_shortcode_id=\u00a0\u00bb885558&Prime;]<\/p>\n<h3>1. champ d&rsquo;application et exceptions<\/h3>\n<p>Les conditions g\u00e9n\u00e9rales de vente (ci-apr\u00e8s d\u00e9nomm\u00e9es CGV) s&rsquo;appliquent \u00e0 tous les contrats de vente conclus sur notre site Internet ou dans la boutique en ligne www.e-framer.ch (ci-apr\u00e8s d\u00e9nomm\u00e9s conjointement \u00ab\u00a0site Internet\u00a0\u00bb) entre Ochsner Sport AG (ci-apr\u00e8s d\u00e9nomm\u00e9 \u00ab\u00a0e-FRAMER\u00a0\u00bb ou \u00ab\u00a0nous\u00a0\u00bb) et des clients ou des tiers ayant leur domicile ou leur si\u00e8ge social en Suisse et dans la Principaut\u00e9 du Liechtenstein (ci-apr\u00e8s d\u00e9nomm\u00e9s conjointement \u00ab\u00a0clients\u00a0\u00bb ou \u00ab\u00a0tu\u00a0\u00bb).<br \/>\nLes pr\u00e9sentes conditions g\u00e9n\u00e9rales s&rsquo;appliquent dans leur version actuelle au moment de la conclusion du contrat. e-FRAMER se r\u00e9serve le droit de modifier les pr\u00e9sentes conditions g\u00e9n\u00e9rales \u00e0 tout moment. Les dispositions ou conditions g\u00e9n\u00e9rales du client contraires aux pr\u00e9sentes CGV ne sont pas valables.  <\/p>\n<h3>2. le contenu du site<\/h3>\n<p>e-FRAMER ne garantit pas l&rsquo;actualit\u00e9, l&rsquo;exactitude, l&rsquo;exhaustivit\u00e9 ou la qualit\u00e9 des informations fournies sur notre site. La responsabilit\u00e9 d&rsquo;e-FRAMER pour des dommages mat\u00e9riels ou immat\u00e9riels caus\u00e9s par l&rsquo;utilisation ou la non-utilisation des informations propos\u00e9es ou par l&rsquo;utilisation d&rsquo;informations erron\u00e9es ou incompl\u00e8tes est exclue, sauf en cas de faute intentionnelle ou de n\u00e9gligence grave av\u00e9r\u00e9e de la part d&rsquo;e-FRAMER. Toutes les offres sont sans engagement et non contractuelles.  <\/p>\n<h3>3. conclusion du contrat<\/h3>\n<p>Ta commande sur le site Internet ou toute autre commande \u00e9crite ou orale constitue \u2013 sous r\u00e9serve du paragraphe suivant \u2013 une offre ferme pour la conclusion d&rsquo;un contrat d&rsquo;achat correspondant avec e-FRAMER. Nous nous r\u00e9servons le droit de refuser des commandes dans un d\u00e9lai de sept jours ouvrables \u00e0 compter de leur r\u00e9ception en t&rsquo;envoyant une d\u00e9claration correspondante par e-mail ou par courrier. <\/p>\n<p>La r\u00e9servation d&rsquo;un produit ne constitue pas un engagement contraignant pour e-FRAMER tant que ta commande n&rsquo;a pas \u00e9t\u00e9 confirm\u00e9e par e-FRAMER par une d\u00e9claration correspondante.<\/p>\n<p>Seules les conditions mentionn\u00e9es par e-FRAMER dans la confirmation de commande (caract\u00e9ristiques du produit, prix) sont contraignantes. En concluant le contrat, tu acceptes express\u00e9ment le traitement de tes donn\u00e9es personnelles conform\u00e9ment \u00e0 la politique de confidentialit\u00e9 de e-FRAMER, disponible sur ce site. Sans ce consentement, il n&rsquo;est pas possible de conclure un contrat.<br \/>\nLe contrat est conclu avec e-FRAMER, sauf indication contraire explicite. L&rsquo;adresse est la suivante :   <\/p>\n<p>Ochsner Sport AG :<br \/>\nAllmendstrasse 25<br \/>\n8953 Dietikon<br \/>\nE-mail : info@e-framer.ch<\/p>\n<h3>3.1 Abonnement et leasing e-Bike<\/h3>\n<p>Notre partenaire MAARK Business AG est responsable de l&rsquo;ensemble du traitement des offres d&rsquo;abonnement v\u00e9lo. Ta demande sur notre site Internet ou toute autre demande \u00e9crite ou orale ne constitue pas une demande ferme. Notre partenaire se r\u00e9serve le droit de refuser des demandes en raison d&rsquo;un manque de solvabilit\u00e9. Les \u00e9ventuelles mentions de prestations ou de prix sur le site Internet ou dans les supports de communication (par ex. \u00e0 partir de 250 CHF\/mois) ne constituent pas une offre ferme.   <\/p>\n<p>Apr\u00e8s ta demande, tu recevras une offre sans engagement de la part de notre partenaire. En acceptant, tu acceptes les dispositions contractuelles et de protection des donn\u00e9es sp\u00e9cifiques aux offres d&rsquo;abonnement. <\/p>\n<p>Le contrat est conclu avec MAARK Business AG, sauf indication contraire explicite. L&rsquo;adresse est la suivante : <\/p>\n<p>MAARK Business AG<br \/>\nCH-9052 Teufen, AR<br \/>\nE-mail : info@maark.biz<\/p>\n<h3>4. \u00e9tendue de la livraison et prix<\/h3>\n<p>Les prix indiqu\u00e9s sur le site Internet sont des prix indicatifs, TVA comprise. Nous nous r\u00e9servons le droit de modifier les prix et l&rsquo;assortiment ainsi que les modifications techniques. Toutes les donn\u00e9es figurant sur le site Internet, ainsi que dans les points de vente \u00e9ventuels et les communications de e-FRAMER (descriptions de produits, illustrations, films, dimensions, poids, sp\u00e9cifications techniques, relations avec les accessoires et autres donn\u00e9es), doivent \u00eatre consid\u00e9r\u00e9es comme des donn\u00e9es informatives uniquement et ne constituent notamment pas des caract\u00e9ristiques garanties.  <\/p>\n<h3>5. frais d&rsquo;exp\u00e9dition<\/h3>\n<p>Les produits e-FRAMER (ci-apr\u00e8s d\u00e9nomm\u00e9s \u00ab\u00a0produits\u00a0\u00bb) sont livr\u00e9s par nos soins, pr\u00eats \u00e0 l&#8217;emploi et test\u00e9s par un sp\u00e9cialiste, \u00e0 l&rsquo;adresse souhait\u00e9e en Suisse et au Liechtenstein. La livraison de la commande est gratuite. <\/p>\n<p>En cas de recours en garantie, tu es tenu de contacter e-FRAMER au pr\u00e9alable afin que l&rsquo;existence d&rsquo;un cas de garantie puisse \u00eatre v\u00e9rifi\u00e9e conform\u00e9ment \u00e0 nos dispositions de garantie.<\/p>\n<p><strong>6. conditions de paiement<\/strong><\/p>\n<p>Outre le paiement \u00e0 la remise, le virement direct, le paiement en plusieurs fois, diverses cartes de cr\u00e9dit, cartes de d\u00e9bit, Twint et la facturation sont accept\u00e9s comme moyens de paiement.<br \/>\nPour chaque commande, nous nous r\u00e9servons le droit de ne pas proposer certaines possibilit\u00e9s de paiement et de renvoyer \u00e0 nos autres possibilit\u00e9s de paiement. Toute compensation de ta demande avec la demande de paiement d&rsquo;e-FRAMER est exclue. Note que nous ne pouvons accepter les paiements qu&rsquo;en CHF (francs suisses) et \u00e0 partir de comptes situ\u00e9s dans l&rsquo;Union europ\u00e9enne (UE), au Liechtenstein et en Suisse. Les \u00e9ventuels frais de transaction sont \u00e0 la charge du client.   <\/p>\n<p>Achat sur facture, paiement en 3 fois<\/p>\n<p>Pour certaines offres, le client peut se voir proposer l&rsquo;achat sur facture ou le paiement en plusieurs fois. Ces modes de paiement requi\u00e8rent, entre autres, une v\u00e9rification de la solvabilit\u00e9 du client et ne sont disponibles que si l&rsquo;adresse de facturation et l&rsquo;adresse de livraison du client indiqu\u00e9es au cours du processus de commande sont identiques. <\/p>\n<p>Dans ce cas, le traitement des paiements se fait en collaboration avec un partenaire externe qui effectue une v\u00e9rification de l&rsquo;identit\u00e9 et de la solvabilit\u00e9 du client et qui, apr\u00e8s la conclusion du contrat entre e-FRAMER et le client, prend en charge la cr\u00e9ance de la facture et est responsable du traitement des paiements ainsi que d&rsquo;une \u00e9ventuelle proc\u00e9dure de recouvrement. e-FRAMER reste responsable, \u00e0 l&rsquo;exception du traitement des paiements ainsi que d&rsquo;une \u00e9ventuelle proc\u00e9dure de rappel et de recouvrement, de toutes les affaires en rapport avec le contrat vis-\u00e0-vis du client. A l&rsquo;expiration du d\u00e9lai de paiement, le client est en retard sans autre rappel (art. 102 al. 2 CO). Des frais de rappel et les co\u00fbts d&rsquo;une \u00e9ventuelle proc\u00e9dure de recouvrement peuvent \u00eatre factur\u00e9s au client. Un manquement \u00e0 l&rsquo;obligation de paiement peut avoir pour cons\u00e9quence que le mode de paiement achat sur facture ne soit plus propos\u00e9 pour les futures commandes de marchandises en ligne, m\u00eame par d&rsquo;autres commer\u00e7ants que e-FRAMER.    <\/p>\n<h3>7e livraison<\/h3>\n<p>La livraison du produit est effectu\u00e9e par notre sp\u00e9cialiste en personne \u00e0 l&rsquo;adresse de destination. L&rsquo;introduction du produit est \u00e9galement effectu\u00e9e par le professionnel. La condition pr\u00e9alable est un acc\u00e8s public pour les camions. En cas de retard de livraison, le client sera inform\u00e9 par e-FRAMER dans les plus brefs d\u00e9lais.   <\/p>\n<p>Les frais de suivi li\u00e9s aux situations suivantes te seront factur\u00e9s. De plus, e-FRAMER est en droit de r\u00e9silier le contrat si : <\/p>\n<p>La remise \u00e0 toi ne peut pas avoir lieu pour des raisons qui te sont imputables (par exemple en cas d&rsquo;adressage incorrect ou incomplet, de refus de r\u00e9ception sans raison valable, etc.)<br \/>\nUn produit command\u00e9 dans le point de vente n&rsquo;est pas retir\u00e9 dans les 14 jours calendaires suivant la disponibilit\u00e9 pour le retrait.<\/p>\n<h3>8. r\u00e9serve de propri\u00e9t\u00e9<\/h3>\n<p>Jusqu&rsquo;au paiement complet du prix d&rsquo;achat et des frais associ\u00e9s, la marchandise livr\u00e9e reste notre propri\u00e9t\u00e9. Si les conditions l\u00e9gales sont remplies, nous nous r\u00e9servons le droit de proc\u00e9der \u00e0 une inscription correspondante dans le registre de r\u00e9serve de propri\u00e9t\u00e9. <\/p>\n<h3>9. les retours<\/h3>\n<p>Le client dispose d&rsquo;un droit de retour de 30 jours et de moins de 150 kilom\u00e8tres parcourus. Dans ce d\u00e9lai, le client a le droit de tester le produit et de se retirer du contrat. En cas de produits volontairement endommag\u00e9s, e-FRAMER se r\u00e9serve le droit de refuser la r\u00e9ception et de se retirer du droit de retour. Cela ne s&rsquo;applique pas aux traces d&rsquo;utilisation habituelles du produit dans le cadre du droit de retour de 30 jours. Si le droit de retour est accord\u00e9, e-FRAMER organise ensuite l&rsquo;enl\u00e8vement du produit au lieu de remise. Si le produit s&rsquo;av\u00e8re \u00eatre d\u00e9lib\u00e9r\u00e9ment endommag\u00e9 ou sale lors de la collecte, e-FRAMER se r\u00e9serve le droit de refuser la r\u00e9ception et donc la collecte du produit. Dans ce cas, le droit de retour de 30 jours expire imm\u00e9diatement et sans r\u00e9tractation.      <\/p>\n<p>Sous r\u00e9serve d&rsquo;un droit de garantie, tout droit de retour est exclu apr\u00e8s l&rsquo;expiration du d\u00e9lai de retour de 30 jours \u00e0 compter de la livraison du produit.<\/p>\n<h3>10. responsabilit\u00e9<\/h3>\n<p>Les demandes d&rsquo;indemnisation du client sont exclues dans la mesure autoris\u00e9e par la loi. Cette exclusion de responsabilit\u00e9 s&rsquo;applique \u00e0 tout type de manquement aux obligations d&rsquo;e-FRAMER, de ses employ\u00e9s ou de ses distributeurs, ou d&rsquo;un tiers impliqu\u00e9 par ces derniers dans le cadre du contrat conclu, qu&rsquo;ils soient bas\u00e9s sur le contrat conclu ou sur un autre fondement juridique. <\/p>\n<h3>11. garantie<\/h3>\n<p>Les conditions de garantie s\u00e9par\u00e9es s&rsquo;appliquent.<\/p>\n<h3>12. protection et traitement des donn\u00e9es<\/h3>\n<p>Les dispositions s\u00e9par\u00e9es de la d\u00e9claration de protection des donn\u00e9es s&rsquo;appliquent<\/p>\n<h3>13. droit d&rsquo;auteur &amp; droit des marques<\/h3>\n<p>e-FRAMER s&rsquo;efforce de respecter les droits d&rsquo;auteur des images, graphiques, documents sonores, s\u00e9quences vid\u00e9o et textes utilis\u00e9s dans toutes les publications, d&rsquo;utiliser des images, graphiques, documents sonores, s\u00e9quences vid\u00e9o et textes qu&rsquo;il a lui-m\u00eame cr\u00e9\u00e9s ou d&rsquo;avoir recours \u00e0 des graphiques, documents sonores, s\u00e9quences vid\u00e9o et textes libres de droits. Toutes les marques et marques d\u00e9pos\u00e9es mentionn\u00e9es sur le site web et \u00e9ventuellement prot\u00e9g\u00e9es par des tiers sont soumises sans restriction aux dispositions du droit des marques en vigueur et aux droits de propri\u00e9t\u00e9 des propri\u00e9taires enregistr\u00e9s respectifs. La simple mention d&rsquo;une marque ne permet pas de conclure qu&rsquo;elle n&rsquo;est pas prot\u00e9g\u00e9e par les droits d&rsquo;un tiers. Le copyright des objets publi\u00e9s et cr\u00e9\u00e9s par e-FRAMER lui-m\u00eame reste la propri\u00e9t\u00e9 exclusive de e-FRAMER. La reproduction ou l&rsquo;utilisation de tels graphiques, documents sonores, s\u00e9quences vid\u00e9o et textes dans d&rsquo;autres publications \u00e9lectroniques ou imprim\u00e9es n&rsquo;est pas autoris\u00e9e sans l&rsquo;accord explicite de e-FRAMER.    <\/p>\n<h3>14. droit applicable<\/h3>\n<p>La relation contractuelle entre le client et e-FRAMER est exclusivement r\u00e9gie par le droit suisse, \u00e0 l&rsquo;exclusion de la Convention des Nations Unies sur les contrats de vente internationale de marchandises (CISG).<\/p>\n<h3>15. lieu de juridiction<\/h3>\n<p>Les litiges et les d\u00e9saccords d\u00e9coulant de l&rsquo;accord conclu entre les parties ou en rapport avec celui-ci, y compris sa validit\u00e9, sa nullit\u00e9, sa violation ou sa r\u00e9siliation, seront exclusivement jug\u00e9s par les tribunaux ordinaires du si\u00e8ge d&rsquo;Ochsner Sport AG.<\/p>\n<p>Dietikon, 1er mai 2025[\/vc_column_text][\/vc_column][\/vc_row][vc_row row_height_percent=\u00a0\u00bb0&Prime; override_padding=\u00a0\u00bbyes\u00a0\u00bb h_padding=\u00a0\u00bb4&Prime; top_padding=\u00a0\u00bb4&Prime; bottom_padding=\u00a0\u00bb2&Prime; overlay_alpha=\u00a0\u00bb50&Prime; gutter_size=\u00a0\u00bb3&Prime; column_width_percent=\u00a0\u00bb100&Prime; shift_y=\u00a0\u00bb0&Prime; z_index=\u00a0\u00bb0&Prime; content_parallax=\u00a0\u00bb0&Prime; uncode_shortcode_id=\u00a0\u00bb456103&Prime;][vc_column column_width_percent=\u00a0\u00bb100&Prime; align_horizontal=\u00a0\u00bbalign_center\u00a0\u00bb gutter_size=\u00a0\u00bb3&Prime; overlay_alpha=\u00a0\u00bb50&Prime; shift_x=\u00a0\u00bb0&Prime; shift_y=\u00a0\u00bb0&Prime; shift_y_down=\u00a0\u00bb0&Prime; z_index=\u00a0\u00bb0&Prime; medium_width=\u00a0\u00bb0&Prime; mobile_width=\u00a0\u00bb0&Prime; width=\u00a0\u00bb1\/1&Prime; uncode_shortcode_id=\u00a0\u00bb105546&Prime;][vc_custom_heading separator=\u00a0\u00bbyes\u00a0\u00bb uncode_shortcode_id=\u00a0\u00bb137877&Prime;]Garantie[\/vc_custom_heading][\/vc_column][\/vc_row][vc_row row_height_percent=\u00a0\u00bb0&Prime; override_padding=\u00a0\u00bbyes\u00a0\u00bb h_padding=\u00a0\u00bb4&Prime; top_padding=\u00a0\u00bb0&Prime; bottom_padding=\u00a0\u00bb4&Prime; overlay_alpha=\u00a0\u00bb50&Prime; gutter_size=\u00a0\u00bb3&Prime; column_width_percent=\u00a0\u00bb100&Prime; shift_y=\u00a0\u00bb0&Prime; z_index=\u00a0\u00bb0&Prime; content_parallax=\u00a0\u00bb0&Prime; uncode_shortcode_id=\u00a0\u00bb177809&Prime;][vc_column width=\u00a0\u00bb1\/1&Prime;][vc_column_text uncode_shortcode_id=\u00a0\u00bb442056&Prime;]<\/p>\n<h3>1\u00e8re dur\u00e9e<\/h3>\n<p>Ochsner Sport AG (ci-apr\u00e8s e-FRAMER ou nous) assume, sauf mention contraire sur le produit ou la facture, la garantie dans le domaine d&rsquo;application pendant au moins 4 ans \u00e0 compter de la conclusion de l&rsquo;achat ou de l&rsquo;enl\u00e8vement ou de la livraison \u00e0 domicile \u00e0 partir du 01.01.2023, pour l&rsquo;absence de d\u00e9fauts et le bon fonctionnement de l&rsquo;objet achet\u00e9, le respect des prescriptions l\u00e9gales et\/ou les produits remplac\u00e9s sous garantie. Pour les e-bikes jusqu&rsquo;au 31.12.2022, la dur\u00e9e de garantie conclue lors de l&rsquo;achat est de 2 ans. <\/p>\n<h3>2. performance<\/h3>\n<p>e-FRAMER est en droit de fournir le service de garantie soit par une r\u00e9paration gratuite, soit par un remplacement \u00e9quivalent, soit par une r\u00e9duction de prix, soit par un remboursement du prix du produit \u00e0 sa valeur actuelle de march\u00e9\/temps.<\/p>\n<h3>3\u00e8me clause de responsabilit\u00e9<\/h3>\n<p>La garantie ne concerne pas le remplacement de pi\u00e8ces soumises \u00e0 une usure naturelle (par ex. pneus, chambres \u00e0 air, cha\u00eenes, pignons, plaquettes de frein, peinture, inscriptions). Il est de la responsabilit\u00e9 du client final d&rsquo;entretenir r\u00e9guli\u00e8rement son e-Bike e-FRAMER (y compris effectuer toutes les inspections conform\u00e9ment au mode d&#8217;emploi). <\/p>\n<p>e-FRAMER n&rsquo;est pas non plus responsable des dommages dus \u00e0 des actions de tiers, \u00e0 des d\u00e9charges atmosph\u00e9riques, \u00e0 des surtensions, \u00e0 des influences ext\u00e9rieures et \u00e0 des influences chimiques.<\/p>\n<p>Sont \u00e9galement exclus de la garantie les d\u00e9fauts r\u00e9sultant d&rsquo;une disposition et d&rsquo;un montage non effectu\u00e9s par e-FRAMER, d&rsquo;un \u00e9quipement insuffisant, du non-respect des exigences d&rsquo;installation et des conditions d&rsquo;utilisation, d&rsquo;une utilisation excessive des pi\u00e8ces, d&rsquo;une utilisation non conforme, d&rsquo;une manipulation n\u00e9gligente ou incorrecte et de l&rsquo;utilisation de mat\u00e9riaux inappropri\u00e9s ; ceci s&rsquo;applique \u00e9galement aux d\u00e9fauts dus aux mat\u00e9riaux fournis par l&rsquo;acheteur.<\/p>\n<h3>4. suppression de la garantie<\/h3>\n<p>La garantie expire imm\u00e9diatement si, sans l&rsquo;accord \u00e9crit d&rsquo;e-FRAMER, le client lui-m\u00eame ou un tiers non express\u00e9ment autoris\u00e9 par e-FRAMER proc\u00e8de \u00e0 des modifications ou \u00e0 des r\u00e9parations sur les objets livr\u00e9s, notamment si le produit a \u00e9t\u00e9 modifi\u00e9 ou r\u00e9par\u00e9 ou s&rsquo;il a \u00e9t\u00e9 utilis\u00e9 de mani\u00e8re non conforme \u00e0 sa destination (comme par exemple : utilisation en course ou en comp\u00e9tition, utilisation commerciale, surcharge et autre utilisation non pr\u00e9vue).<\/p>\n<h3>5. prise en charge des co\u00fbts<\/h3>\n<p>Pendant la p\u00e9riode de garantie, e-FRAMER prend en charge les frais de r\u00e9paration ou de remplacement suite \u00e0 des d\u00e9fauts, \u00e0 condition qu&rsquo;ils soient effectu\u00e9s par un revendeur agr\u00e9\u00e9 par e-FRAMER apr\u00e8s une identification claire du produit (preuve d&rsquo;achat, E-Bike-Pass rempli ou en cas d&rsquo;enregistrement correspondant). La garantie reste valable en cas de vente \u00e0 un tiers, \u00e0 condition que l&rsquo;acheteur soit \u00e9galement domicili\u00e9 en Suisse. e-FRAMER se r\u00e9serve le droit de fournir ou d&rsquo;installer des marchandises fonctionnellement \u00e9quivalentes en cas de remplacement d&rsquo;un produit ou de composants dans le cadre de la garantie.  <\/p>\n<p>La batterie est remplac\u00e9e \u00e0 100% pendant les deux premi\u00e8res ann\u00e9es suivant l&rsquo;achat. La troisi\u00e8me ann\u00e9e, encore 50% du co\u00fbt d&rsquo;achat d&rsquo;une batterie de m\u00eame type et qualit\u00e9 et la quatri\u00e8me ann\u00e9e, encore 25% du co\u00fbt d&rsquo;achat d&rsquo;une batterie de m\u00eame type et qualit\u00e9.   <\/p>\n<h3>6\u00e8me \u00e9valuation<\/h3>\n<p>Le personnel sp\u00e9cialis\u00e9 d&rsquo;e-FRAMER \u00e9value de mani\u00e8re d\u00e9finitive si le dommage invoqu\u00e9 constitue un d\u00e9faut soumis \u00e0 la garantie ou si le d\u00e9faut est apparu en raison de l&rsquo;usure ou d&rsquo;autres causes exclues de la garantie. Cette \u00e9valuation d\u00e9finit l&rsquo;obligation de garantie d&rsquo;e-FRAMER. <\/p>\n<h3>7. l&rsquo;utilisation<\/h3>\n<p>La garantie ne s&rsquo;applique que si le v\u00e9lo assur\u00e9 a \u00e9t\u00e9 achet\u00e9 en Suisse ou dans la Principaut\u00e9 du Liechtenstein et que l&rsquo;acheteur est domicili\u00e9 en Suisse.<\/p>\n<p>Le recours \u00e0 la garantie n&rsquo;entra\u00eene pas une prolongation de la p\u00e9riode de garantie initiale. Celle-ci continue de durer pour la p\u00e9riode initiale. <\/p>\n<p>Dietikon, 1er f\u00e9vrier 2026[\/vc_column_text][\/vc_column][\/vc_row]<\/p>\n<\/div>","protected":false},"excerpt":{"rendered":"<p>[vc_row row_height_percent=\u00a0\u00bb50&Prime; override_padding=\u00a0\u00bbyes\u00a0\u00bb h_padding=\u00a0\u00bb3&Prime; top_padding=\u00a0\u00bb5&Prime; bottom_padding=\u00a0\u00bb4&Prime; back_image=\u00a0\u00bb171904&Prime; overlay_alpha=\u00a0\u00bb50&Prime; gutter_size=\u00a0\u00bb3&Prime; column_width_percent=\u00a0\u00bb100&Prime; shift_y=\u00a0\u00bb0&Prime; z_index=\u00a0\u00bb0&Prime; enable_bottom_divider=\u00a0\u00bbdefault\u00a0\u00bb bottom_divider=\u00a0\u00bbgradient\u00a0\u00bb shape_bottom_h_use_pixel=\u00a0\u00bb\u00a0\u00bb shape_bottom_height=\u00a0\u00bb150&Prime; shape_bottom_opacity=\u00a0\u00bb100&Prime; shape_bottom_index=\u00a0\u00bb0&Prime; content_parallax=\u00a0\u00bb0&Prime; uncode_shortcode_id=\u00a0\u00bb188364&Prime;][vc_column [&hellip;]<\/p>\n","protected":false},"author":1,"featured_media":0,"parent":0,"menu_order":0,"comment_status":"closed","ping_status":"open","template":"","meta":{"footnotes":""},"class_list":["post-173462","page","type-page","status-publish","hentry"],"yoast_head":"<!-- This site is optimized with the Yoast SEO Premium plugin v27.4 (Yoast SEO v27.4) - https:\/\/yoast.com\/product\/yoast-seo-premium-wordpress\/ -->\n<title>Conditions g\u00e9n\u00e9rales &amp; garantie - eFRAMER \u2013 Premium Swiss e-Bikes &amp; Services<\/title>\n<meta name=\"robots\" content=\"index, follow, max-snippet:-1, max-image-preview:large, max-video-preview:-1\" \/>\n<link rel=\"canonical\" href=\"https:\/\/e-framer.ch\/fr\/cgv-et-garantie\/\" \/>\n<meta property=\"og:locale\" content=\"fr_FR\" \/>\n<meta property=\"og:type\" content=\"article\" \/>\n<meta property=\"og:title\" content=\"Conditions g\u00e9n\u00e9rales &amp; garantie\" \/>\n<meta property=\"og:description\" content=\"[vc_row row_height_percent=\u00a0\u00bb50&Prime; override_padding=\u00a0\u00bbyes\u00a0\u00bb h_padding=\u00a0\u00bb3&Prime; top_padding=\u00a0\u00bb5&Prime; bottom_padding=\u00a0\u00bb4&Prime; back_image=\u00a0\u00bb171904&Prime; overlay_alpha=\u00a0\u00bb50&Prime; gutter_size=\u00a0\u00bb3&Prime; column_width_percent=\u00a0\u00bb100&Prime; shift_y=\u00a0\u00bb0&Prime; z_index=\u00a0\u00bb0&Prime; enable_bottom_divider=\u00a0\u00bbdefault\u00a0\u00bb bottom_divider=\u00a0\u00bbgradient\u00a0\u00bb shape_bottom_h_use_pixel=\u00a0\u00bb\u00a0\u00bb shape_bottom_height=\u00a0\u00bb150&Prime; shape_bottom_opacity=\u00a0\u00bb100&Prime; shape_bottom_index=\u00a0\u00bb0&Prime; content_parallax=\u00a0\u00bb0&Prime; uncode_shortcode_id=\u00a0\u00bb188364&Prime;][vc_column [&hellip;]\" \/>\n<meta property=\"og:url\" content=\"https:\/\/e-framer.ch\/fr\/cgv-et-garantie\/\" \/>\n<meta property=\"og:site_name\" content=\"eFRAMER \u2013 Premium Swiss e-Bikes &amp; Services\" \/>\n<meta property=\"article:publisher\" content=\"https:\/\/www.facebook.com\/profile.php?id=100063641028577#\" \/>\n<meta property=\"article:modified_time\" content=\"2026-02-13T13:30:15+00:00\" \/>\n<meta name=\"twitter:card\" content=\"summary_large_image\" \/>\n<meta name=\"twitter:label1\" content=\"Dur\u00e9e de lecture estim\u00e9e\" \/>\n\t<meta name=\"twitter:data1\" content=\"14 minutes\" \/>\n<script type=\"application\/ld+json\" class=\"yoast-schema-graph\">{\"@context\":\"https:\\\/\\\/schema.org\",\"@graph\":[{\"@type\":\"WebPage\",\"@id\":\"https:\\\/\\\/e-framer.ch\\\/fr\\\/cgv-et-garantie\\\/\",\"url\":\"https:\\\/\\\/e-framer.ch\\\/fr\\\/cgv-et-garantie\\\/\",\"name\":\"Conditions g\u00e9n\u00e9rales &amp; garantie - eFRAMER \u2013 Premium Swiss e-Bikes &amp; Services\",\"isPartOf\":{\"@id\":\"https:\\\/\\\/e-framer.ch\\\/fr\\\/#website\"},\"datePublished\":\"2026-01-28T12:51:02+00:00\",\"dateModified\":\"2026-02-13T13:30:15+00:00\",\"breadcrumb\":{\"@id\":\"https:\\\/\\\/e-framer.ch\\\/fr\\\/cgv-et-garantie\\\/#breadcrumb\"},\"inLanguage\":\"fr-FR\",\"potentialAction\":[{\"@type\":\"ReadAction\",\"target\":[\"https:\\\/\\\/e-framer.ch\\\/fr\\\/cgv-et-garantie\\\/\"]}]},{\"@type\":\"BreadcrumbList\",\"@id\":\"https:\\\/\\\/e-framer.ch\\\/fr\\\/cgv-et-garantie\\\/#breadcrumb\",\"itemListElement\":[{\"@type\":\"ListItem\",\"position\":1,\"name\":\"Start\",\"item\":\"https:\\\/\\\/e-framer.ch\\\/fr\\\/\"},{\"@type\":\"ListItem\",\"position\":2,\"name\":\"Conditions g\u00e9n\u00e9rales &amp; garantie\"}]},{\"@type\":\"WebSite\",\"@id\":\"https:\\\/\\\/e-framer.ch\\\/fr\\\/#website\",\"url\":\"https:\\\/\\\/e-framer.ch\\\/fr\\\/\",\"name\":\"eFRAMER \u2013 Premium Swiss e-Bikes & Services\",\"description\":\"Die Schweizer e-Bike Marke mit hochwertigen e-Bikes und Premium-Services.\",\"publisher\":{\"@id\":\"https:\\\/\\\/e-framer.ch\\\/fr\\\/#organization\"},\"potentialAction\":[{\"@type\":\"SearchAction\",\"target\":{\"@type\":\"EntryPoint\",\"urlTemplate\":\"https:\\\/\\\/e-framer.ch\\\/fr\\\/?s={search_term_string}\"},\"query-input\":{\"@type\":\"PropertyValueSpecification\",\"valueRequired\":true,\"valueName\":\"search_term_string\"}}],\"inLanguage\":\"fr-FR\"},{\"@type\":\"Organization\",\"@id\":\"https:\\\/\\\/e-framer.ch\\\/fr\\\/#organization\",\"name\":\"eFRAMER \u2013 Premium Swiss e-Bikes & Services\",\"url\":\"https:\\\/\\\/e-framer.ch\\\/fr\\\/\",\"logo\":{\"@type\":\"ImageObject\",\"inLanguage\":\"fr-FR\",\"@id\":\"https:\\\/\\\/e-framer.ch\\\/fr\\\/#\\\/schema\\\/logo\\\/image\\\/\",\"url\":\"https:\\\/\\\/e-framer.ch\\\/wp-content\\\/uploads\\\/2026\\\/01\\\/eFRAMER_FIGURATIVE_POS.svg\",\"contentUrl\":\"https:\\\/\\\/e-framer.ch\\\/wp-content\\\/uploads\\\/2026\\\/01\\\/eFRAMER_FIGURATIVE_POS.svg\",\"width\":\"50\",\"height\":\"50\",\"caption\":\"eFRAMER \u2013 Premium Swiss e-Bikes & Services\"},\"image\":{\"@id\":\"https:\\\/\\\/e-framer.ch\\\/fr\\\/#\\\/schema\\\/logo\\\/image\\\/\"},\"sameAs\":[\"https:\\\/\\\/www.facebook.com\\\/profile.php?id=100063641028577#\",\"https:\\\/\\\/www.instagram.com\\\/e_framer.ch\\\/\",\"https:\\\/\\\/www.youtube.com\\\/@eframer\"]}]}<\/script>\n<!-- \/ Yoast SEO Premium plugin. -->","yoast_head_json":{"title":"Conditions g\u00e9n\u00e9rales &amp; garantie - eFRAMER \u2013 Premium Swiss e-Bikes &amp; Services","robots":{"index":"index","follow":"follow","max-snippet":"max-snippet:-1","max-image-preview":"max-image-preview:large","max-video-preview":"max-video-preview:-1"},"canonical":"https:\/\/e-framer.ch\/fr\/cgv-et-garantie\/","og_locale":"fr_FR","og_type":"article","og_title":"Conditions g\u00e9n\u00e9rales &amp; garantie","og_description":"[vc_row row_height_percent=\u00a0\u00bb50&Prime; override_padding=\u00a0\u00bbyes\u00a0\u00bb h_padding=\u00a0\u00bb3&Prime; top_padding=\u00a0\u00bb5&Prime; bottom_padding=\u00a0\u00bb4&Prime; back_image=\u00a0\u00bb171904&Prime; overlay_alpha=\u00a0\u00bb50&Prime; gutter_size=\u00a0\u00bb3&Prime; column_width_percent=\u00a0\u00bb100&Prime; shift_y=\u00a0\u00bb0&Prime; z_index=\u00a0\u00bb0&Prime; enable_bottom_divider=\u00a0\u00bbdefault\u00a0\u00bb bottom_divider=\u00a0\u00bbgradient\u00a0\u00bb shape_bottom_h_use_pixel=\u00a0\u00bb\u00a0\u00bb shape_bottom_height=\u00a0\u00bb150&Prime; shape_bottom_opacity=\u00a0\u00bb100&Prime; shape_bottom_index=\u00a0\u00bb0&Prime; content_parallax=\u00a0\u00bb0&Prime; uncode_shortcode_id=\u00a0\u00bb188364&Prime;][vc_column [&hellip;]","og_url":"https:\/\/e-framer.ch\/fr\/cgv-et-garantie\/","og_site_name":"eFRAMER \u2013 Premium Swiss e-Bikes &amp; Services","article_publisher":"https:\/\/www.facebook.com\/profile.php?id=100063641028577#","article_modified_time":"2026-02-13T13:30:15+00:00","twitter_card":"summary_large_image","twitter_misc":{"Dur\u00e9e de lecture estim\u00e9e":"14 minutes"},"schema":{"@context":"https:\/\/schema.org","@graph":[{"@type":"WebPage","@id":"https:\/\/e-framer.ch\/fr\/cgv-et-garantie\/","url":"https:\/\/e-framer.ch\/fr\/cgv-et-garantie\/","name":"Conditions g\u00e9n\u00e9rales &amp; garantie - eFRAMER \u2013 Premium Swiss e-Bikes &amp; Services","isPartOf":{"@id":"https:\/\/e-framer.ch\/fr\/#website"},"datePublished":"2026-01-28T12:51:02+00:00","dateModified":"2026-02-13T13:30:15+00:00","breadcrumb":{"@id":"https:\/\/e-framer.ch\/fr\/cgv-et-garantie\/#breadcrumb"},"inLanguage":"fr-FR","potentialAction":[{"@type":"ReadAction","target":["https:\/\/e-framer.ch\/fr\/cgv-et-garantie\/"]}]},{"@type":"BreadcrumbList","@id":"https:\/\/e-framer.ch\/fr\/cgv-et-garantie\/#breadcrumb","itemListElement":[{"@type":"ListItem","position":1,"name":"Start","item":"https:\/\/e-framer.ch\/fr\/"},{"@type":"ListItem","position":2,"name":"Conditions g\u00e9n\u00e9rales &amp; garantie"}]},{"@type":"WebSite","@id":"https:\/\/e-framer.ch\/fr\/#website","url":"https:\/\/e-framer.ch\/fr\/","name":"eFRAMER \u2013 Premium Swiss e-Bikes & Services","description":"Die Schweizer e-Bike Marke mit hochwertigen e-Bikes und Premium-Services.","publisher":{"@id":"https:\/\/e-framer.ch\/fr\/#organization"},"potentialAction":[{"@type":"SearchAction","target":{"@type":"EntryPoint","urlTemplate":"https:\/\/e-framer.ch\/fr\/?s={search_term_string}"},"query-input":{"@type":"PropertyValueSpecification","valueRequired":true,"valueName":"search_term_string"}}],"inLanguage":"fr-FR"},{"@type":"Organization","@id":"https:\/\/e-framer.ch\/fr\/#organization","name":"eFRAMER \u2013 Premium Swiss e-Bikes & Services","url":"https:\/\/e-framer.ch\/fr\/","logo":{"@type":"ImageObject","inLanguage":"fr-FR","@id":"https:\/\/e-framer.ch\/fr\/#\/schema\/logo\/image\/","url":"https:\/\/e-framer.ch\/wp-content\/uploads\/2026\/01\/eFRAMER_FIGURATIVE_POS.svg","contentUrl":"https:\/\/e-framer.ch\/wp-content\/uploads\/2026\/01\/eFRAMER_FIGURATIVE_POS.svg","width":"50","height":"50","caption":"eFRAMER \u2013 Premium Swiss e-Bikes & Services"},"image":{"@id":"https:\/\/e-framer.ch\/fr\/#\/schema\/logo\/image\/"},"sameAs":["https:\/\/www.facebook.com\/profile.php?id=100063641028577#","https:\/\/www.instagram.com\/e_framer.ch\/","https:\/\/www.youtube.com\/@eframer"]}]}},"_links":{"self":[{"href":"https:\/\/e-framer.ch\/fr\/wp-json\/wp\/v2\/pages\/173462","targetHints":{"allow":["GET"]}}],"collection":[{"href":"https:\/\/e-framer.ch\/fr\/wp-json\/wp\/v2\/pages"}],"about":[{"href":"https:\/\/e-framer.ch\/fr\/wp-json\/wp\/v2\/types\/page"}],"author":[{"embeddable":true,"href":"https:\/\/e-framer.ch\/fr\/wp-json\/wp\/v2\/users\/1"}],"replies":[{"embeddable":true,"href":"https:\/\/e-framer.ch\/fr\/wp-json\/wp\/v2\/comments?post=173462"}],"version-history":[{"count":5,"href":"https:\/\/e-framer.ch\/fr\/wp-json\/wp\/v2\/pages\/173462\/revisions"}],"predecessor-version":[{"id":177861,"href":"https:\/\/e-framer.ch\/fr\/wp-json\/wp\/v2\/pages\/173462\/revisions\/177861"}],"wp:attachment":[{"href":"https:\/\/e-framer.ch\/fr\/wp-json\/wp\/v2\/media?parent=173462"}],"curies":[{"name":"wp","href":"https:\/\/api.w.org\/{rel}","templated":true}]}}